{"id":9683,"date":"2018-04-20T12:35:10","date_gmt":"2018-04-20T15:35:10","guid":{"rendered":"http:\/\/www.acusticauach.cl\/?page_id=9683"},"modified":"2023-10-30T03:25:47","modified_gmt":"2023-10-30T06:25:47","slug":"ingeacus-2014-2","status":"publish","type":"page","link":"https:\/\/www.acusticauach.cl\/?page_id=9683","title":{"rendered":"INGEACUS 2017"},"content":{"rendered":"<h2><img decoding=\"async\" class=\"aligncenter wp-image-9710 size-large\" src=\"https:\/\/www.acusticauach.cl\/wp-content\/uploads\/2018\/04\/AFICHE_INGEACUS_2017ch-698x1024.jpg\" alt=\"\" width=\"640\" height=\"939\" srcset=\"https:\/\/www.acusticauach.cl\/wp-content\/uploads\/2018\/04\/AFICHE_INGEACUS_2017ch-698x1024.jpg 698w, https:\/\/www.acusticauach.cl\/wp-content\/uploads\/2018\/04\/AFICHE_INGEACUS_2017ch-204x300.jpg 204w, https:\/\/www.acusticauach.cl\/wp-content\/uploads\/2018\/04\/AFICHE_INGEACUS_2017ch-768x1127.jpg 768w, https:\/\/www.acusticauach.cl\/wp-content\/uploads\/2018\/04\/AFICHE_INGEACUS_2017ch-700x1028.jpg 700w, https:\/\/www.acusticauach.cl\/wp-content\/uploads\/2018\/04\/AFICHE_INGEACUS_2017ch-500x734.jpg 500w, https:\/\/www.acusticauach.cl\/wp-content\/uploads\/2018\/04\/AFICHE_INGEACUS_2017ch.jpg 1090w\" sizes=\"(max-width: 640px) 100vw, 640px\" \/><\/h2>\n<h5>INGEACUS 2017- IX Edici\u00f3n del Congreso Internacional de Ac\u00fastica y Audio Profesional, INGEACUS 2017<\/h5>\n<p>Se llev\u00f3 a cabo los d\u00edas 22, 23, 24 y 25 de noviembre de 2017 en la Universidad Austral de Chile, en Valdivia.<\/p>\n<p>INGEACUS 2017, Congreso Internacional de Ac\u00fastica y Audio Profesional, es el esfuerzo materializado de estudiantes y acad\u00e9micos de la carrera de Ingenier\u00eda Civil Ac\u00fastica, para generar un espacio \u00fanico en donde se divulguen y compartan experiencias profesionales, siempre con la aspiraci\u00f3n de generar lazos de colaboraci\u00f3n entre nuestra disciplina e investigadores; empresarios y especialistas de m\u00faltiples \u00e1reas y ciencias, para as\u00ed demostrar la transversalidad, inter y transdisciplinariedad que posee la ac\u00fastica y sus innovaciones.<\/p>\n<p>Dentro de las actividades que se realizaron durante el INGEACUS 2017, se pueden nombrar Sesiones T\u00e9cnicas, Charlas, Plenarias, Concurso de P\u00f3ster y Cursos Tutoriales. Adem\u00e1s, se realizar\u00f3 un Concierto de Apertura (22 de noviembre), el Festival Yankeelandia (25 de noviembre) y Relincha Festival (23, 24 y 25 de noviembre)<\/p>\n<p><img decoding=\"async\" class=\"aligncenter size-full wp-image-9695\" src=\"https:\/\/www.acusticauach.cl\/wp-content\/uploads\/2018\/04\/INGEACUS2017_Grupal.jpg\" alt=\"\" width=\"1000\" height=\"562\" srcset=\"https:\/\/www.acusticauach.cl\/wp-content\/uploads\/2018\/04\/INGEACUS2017_Grupal.jpg 1000w, https:\/\/www.acusticauach.cl\/wp-content\/uploads\/2018\/04\/INGEACUS2017_Grupal-300x169.jpg 300w, https:\/\/www.acusticauach.cl\/wp-content\/uploads\/2018\/04\/INGEACUS2017_Grupal-768x432.jpg 768w, https:\/\/www.acusticauach.cl\/wp-content\/uploads\/2018\/04\/INGEACUS2017_Grupal-700x393.jpg 700w, https:\/\/www.acusticauach.cl\/wp-content\/uploads\/2018\/04\/INGEACUS2017_Grupal-500x281.jpg 500w\" sizes=\"(max-width: 1000px) 100vw, 1000px\" \/><\/p>\n<h5 style=\"text-align: left;\"><strong>P\u00e1gina oficial del Congreso <a href=\"https:\/\/www.ingeacus.cl\/\" target=\"_blank\" rel=\"noopener noreferrer\">https:\/\/www.ingeacus.cl\/<\/a><\/strong><\/h5>\n<p><a href=\"https:\/\/www.acusticauach.cl\/?p=9306\">Ver noticia<\/a>.<\/p>\n<h5>Comisi\u00f3n Organizadora<\/h5>\n<p><img decoding=\"async\" class=\"aligncenter size-full wp-image-9691\" src=\"https:\/\/www.acusticauach.cl\/wp-content\/uploads\/2018\/04\/Comision_Organizadora_INGEACUS2017.jpg\" alt=\"\" width=\"800\" height=\"450\" srcset=\"https:\/\/www.acusticauach.cl\/wp-content\/uploads\/2018\/04\/Comision_Organizadora_INGEACUS2017.jpg 800w, https:\/\/www.acusticauach.cl\/wp-content\/uploads\/2018\/04\/Comision_Organizadora_INGEACUS2017-300x169.jpg 300w, https:\/\/www.acusticauach.cl\/wp-content\/uploads\/2018\/04\/Comision_Organizadora_INGEACUS2017-768x432.jpg 768w, https:\/\/www.acusticauach.cl\/wp-content\/uploads\/2018\/04\/Comision_Organizadora_INGEACUS2017-700x394.jpg 700w, https:\/\/www.acusticauach.cl\/wp-content\/uploads\/2018\/04\/Comision_Organizadora_INGEACUS2017-500x281.jpg 500w\" sizes=\"(max-width: 800px) 100vw, 800px\" \/><\/p>\n<p>La organizaci\u00f3n, como es tradici\u00f3n, estuvo a cargo de los propios estudiantes de Ingenier\u00eda Civil Ac\u00fastica de la Universidad Austral de Chile, con apoyo del Instituto de Ac\u00fastica, Escuela de Ac\u00fastica y de la Universidad Austral de Chile. En esta ocasi\u00f3n, la comisi\u00f3n organizadora est\u00e1 conformada por:<\/p>\n<ul>\n<li>Esteban Alarc\u00f3n Mercado<\/li>\n<li>Alexandra Astudillo Montenegro (Coordinadora General)<\/li>\n<li>Sebasti\u00e1n Escribano Ruiz<\/li>\n<li>Felipe Orellana Ramos<\/li>\n<li>Ximena Alarc\u00f3n Echaveguren<\/li>\n<li>Tatiana Pereira Vergara<\/li>\n<li>Iv\u00e1n Cea Rojas<\/li>\n<\/ul>\n<h5>Comisi\u00f3n Colaboradora<\/h5>\n<p>Profesores del Instituto de Ac\u00fastica, Escuela de Ac\u00fastica y de la Universidad Austral de Chile:<\/p>\n<ul>\n<li>Dr. Jorge P. Arenas<\/li>\n<li>Dr. Felipe Otondo Ru\u00edz<\/li>\n<li>Dr. V\u00edctor Poblete Ram\u00edrez<\/li>\n<li>Dr. Enrique Su\u00e1rez Silva<\/li>\n<li>Ing. Rodrigo Torres Alarc\u00f3n<\/li>\n<\/ul>\n<h2><img decoding=\"async\" class=\"aligncenter wp-image-9706 size-full\" src=\"https:\/\/www.acusticauach.cl\/wp-content\/uploads\/2018\/04\/banner_ingeacus_20173ch.jpg\" alt=\"\" width=\"1000\" height=\"381\" srcset=\"https:\/\/www.acusticauach.cl\/wp-content\/uploads\/2018\/04\/banner_ingeacus_20173ch.jpg 1000w, https:\/\/www.acusticauach.cl\/wp-content\/uploads\/2018\/04\/banner_ingeacus_20173ch-300x114.jpg 300w, https:\/\/www.acusticauach.cl\/wp-content\/uploads\/2018\/04\/banner_ingeacus_20173ch-768x293.jpg 768w, https:\/\/www.acusticauach.cl\/wp-content\/uploads\/2018\/04\/banner_ingeacus_20173ch-700x267.jpg 700w, https:\/\/www.acusticauach.cl\/wp-content\/uploads\/2018\/04\/banner_ingeacus_20173ch-500x191.jpg 500w\" sizes=\"(max-width: 1000px) 100vw, 1000px\" \/><\/h2>\n<h5>Patrocinadores:<\/h5>\n<ul>\n<li>International Institute of Acoustics and Vibration, IIAV<\/li>\n<li>Federaci\u00f3n Iberoamericana de Ac\u00fastica, FIA<\/li>\n<li>Sociedad Espa\u00f1ola de Ac\u00fastica, SEA<\/li>\n<li>Audio Engineering Society \u2013 Chile, AES Chile<\/li>\n<li>Sociedad Chilena de Ac\u00fastica, SOCHA<\/li>\n<li>Colegio de Ingenieros en Ac\u00fastica, A.G., CIAC<\/li>\n<li>Facultad de Ciencias de la Ingenier\u00eda, UACh<\/li>\n<li>Universidad Austral de Chile<\/li>\n<li>Ministerio del Medio Ambiente, MMA<\/li>\n<li>Ministerio de Vivienda y Urbanismo, MINVU<\/li>\n<li>Direcci\u00f3n de Investigaci\u00f3n y Desarrollo UACh, DID<\/li>\n<li>Direcci\u00f3n de Asuntos Estudiantiles UACh, DAE<\/li>\n<li>Vicerrector\u00eda de Gesti\u00f3n Econ\u00f3mica y Administrativa UACh<\/li>\n<li>Relaciones P\u00fablicas UACh, Rector\u00eda<\/li>\n<li>Vicerrector\u00eda Acad\u00e9mica UACh<\/li>\n<li>Direcci\u00f3n de Estudios de Pregrado UACh<\/li>\n<\/ul>\n<p><img decoding=\"async\" class=\"aligncenter size-full wp-image-9688\" src=\"https:\/\/www.acusticauach.cl\/wp-content\/uploads\/2018\/04\/INGEACUS2017.jpg\" alt=\"\" width=\"1002\" height=\"339\" srcset=\"https:\/\/www.acusticauach.cl\/wp-content\/uploads\/2018\/04\/INGEACUS2017.jpg 1002w, https:\/\/www.acusticauach.cl\/wp-content\/uploads\/2018\/04\/INGEACUS2017-300x101.jpg 300w, https:\/\/www.acusticauach.cl\/wp-content\/uploads\/2018\/04\/INGEACUS2017-768x260.jpg 768w, https:\/\/www.acusticauach.cl\/wp-content\/uploads\/2018\/04\/INGEACUS2017-700x237.jpg 700w, https:\/\/www.acusticauach.cl\/wp-content\/uploads\/2018\/04\/INGEACUS2017-500x169.jpg 500w\" sizes=\"(max-width: 1002px) 100vw, 1002px\" \/><\/p>\n<h5>Auspiciadores<\/h5>\n<ul>\n<li>Gfai-tech<\/li>\n<li>Nicolaides<\/li>\n<li>Silentium<\/li>\n<li>Sonofex<\/li>\n<li>Spevi<\/li>\n<li>Volcan<\/li>\n<li>PROACUS<\/li>\n<li>Knauf<\/li>\n<li>Control Ac\u00fastico<\/li>\n<\/ul>\n<p><img decoding=\"async\" class=\"aligncenter size-full wp-image-9703\" src=\"https:\/\/www.acusticauach.cl\/wp-content\/uploads\/2018\/04\/banner_ingeacus_2017.jpg\" alt=\"\" width=\"1002\" height=\"339\" srcset=\"https:\/\/www.acusticauach.cl\/wp-content\/uploads\/2018\/04\/banner_ingeacus_2017.jpg 1002w, https:\/\/www.acusticauach.cl\/wp-content\/uploads\/2018\/04\/banner_ingeacus_2017-300x101.jpg 300w, https:\/\/www.acusticauach.cl\/wp-content\/uploads\/2018\/04\/banner_ingeacus_2017-768x260.jpg 768w, https:\/\/www.acusticauach.cl\/wp-content\/uploads\/2018\/04\/banner_ingeacus_2017-700x237.jpg 700w, https:\/\/www.acusticauach.cl\/wp-content\/uploads\/2018\/04\/banner_ingeacus_2017-500x169.jpg 500w\" sizes=\"(max-width: 1002px) 100vw, 1002px\" \/><\/p>\n<h2><strong>Video de Ceremonia de Inauguraci\u00f3n INGEACUS 2017<\/strong><\/h2>\n<p><a href=\"https:\/\/youtu.be\/Wm_vVorards\" target=\"_blank\" rel=\"noopener\"><img decoding=\"async\" class=\"aligncenter size-full wp-image-16144\" src=\"https:\/\/www.acusticauach.cl\/wp-content\/uploads\/2017\/11\/Ceremonia-de-Inauguracion-INGEACUS-2017.jpg\" alt=\"\" width=\"1024\" height=\"683\" srcset=\"https:\/\/www.acusticauach.cl\/wp-content\/uploads\/2017\/11\/Ceremonia-de-Inauguracion-INGEACUS-2017.jpg 1024w, https:\/\/www.acusticauach.cl\/wp-content\/uploads\/2017\/11\/Ceremonia-de-Inauguracion-INGEACUS-2017-300x200.jpg 300w, https:\/\/www.acusticauach.cl\/wp-content\/uploads\/2017\/11\/Ceremonia-de-Inauguracion-INGEACUS-2017-768x512.jpg 768w, https:\/\/www.acusticauach.cl\/wp-content\/uploads\/2017\/11\/Ceremonia-de-Inauguracion-INGEACUS-2017-125x83.jpg 125w, https:\/\/www.acusticauach.cl\/wp-content\/uploads\/2017\/11\/Ceremonia-de-Inauguracion-INGEACUS-2017-75x50.jpg 75w\" sizes=\"(max-width: 1024px) 100vw, 1024px\" \/><\/a><\/p>\n<p><strong>El video se encuentra canal de\u00a0<a href=\"https:\/\/www.youtube.com\/user\/acusticauach\" target=\"_blank\" rel=\"noopener\">Youtube\/acusticauach<\/a>\u00a0en el siguiente enlace<\/strong>:\u00a0<a href=\"https:\/\/youtu.be\/Wm_vVorards\" target=\"_blank\" rel=\"noopener\">https:\/\/youtu.be\/Wm_vVorards<\/a><\/p>\n<h2>\u00a0\u00c1lbum de Fotograf\u00edas en nuestro Flickr<\/h2>\n<p><a title=\"INGEACUS 2017\" href=\"https:\/\/www.flickr.com\/photos\/acusticauach\/albums\/72157690878066445\" data-flickr-embed=\"true\"><img decoding=\"async\" src=\"https:\/\/live.staticflickr.com\/4543\/38956199902_53579ca3b5_z.jpg\" alt=\"INGEACUS 2017\" width=\"640\" height=\"217\" \/><\/a><script async=\"\" src=\"\/\/embedr.flickr.com\/assets\/client-code.js\" charset=\"utf-8\"><\/script><\/p>\n<h5><a href=\"https:\/\/www.flickr.com\/photos\/acusticauach\/albums\/72157666971692359\" target=\"_blank\" rel=\"noopener noreferrer\">Album 1<\/a> , <a href=\"https:\/\/www.flickr.com\/photos\/acusticauach\/albums\/72157690878066445\" target=\"_blank\" rel=\"noopener noreferrer\">Album 2<\/a><\/h5>\n<h5 style=\"text-align: center;\"><a href=\"https:\/\/www.ingeacus.cl\/\" target=\"_blank\" rel=\"noopener noreferrer\"><img decoding=\"async\" class=\"aligncenter wp-image-9690 size-medium\" src=\"https:\/\/www.acusticauach.cl\/wp-content\/uploads\/2018\/04\/logo-leyenda-230x300.png\" alt=\"\" width=\"230\" height=\"300\" srcset=\"https:\/\/www.acusticauach.cl\/wp-content\/uploads\/2018\/04\/logo-leyenda-230x300.png 230w, https:\/\/www.acusticauach.cl\/wp-content\/uploads\/2018\/04\/logo-leyenda-768x1002.png 768w, https:\/\/www.acusticauach.cl\/wp-content\/uploads\/2018\/04\/logo-leyenda-785x1024.png 785w, https:\/\/www.acusticauach.cl\/wp-content\/uploads\/2018\/04\/logo-leyenda-700x913.png 700w, https:\/\/www.acusticauach.cl\/wp-content\/uploads\/2018\/04\/logo-leyenda-500x652.png 500w, https:\/\/www.acusticauach.cl\/wp-content\/uploads\/2018\/04\/logo-leyenda.png 1920w\" sizes=\"(max-width: 230px) 100vw, 230px\" \/><\/a><strong><a href=\"https:\/\/www.ingeacus.cl\/\" target=\"_blank\" rel=\"noopener noreferrer\">https:\/\/www.ingeacus.cl\/<\/a><\/strong><\/h5>\n<p><center><iframe src=\"https:\/\/www.youtube.com\/embed\/blGqhZC4gjE\" width=\"560\" height=\"315\" frameborder=\"0\" allowfullscreen=\"allowfullscreen\"><\/iframe><\/center><strong>LIBRO DE ACTAS DE INGEACUS 2017 EN ISSU <\/strong><\/p>\n<div class=\"issuuembed\" style=\"width: 100%; height: 700px;\" data-configid=\"2439625\/61004261\">\u00a0<script type=\"text\/javascript\" src=\"\/\/e.issuu.com\/embed.js\" async=\"true\"><\/script><\/div>\n","protected":false},"excerpt":{"rendered":"<p>INGEACUS 2017- IX Edici\u00f3n del Congreso Internacional de Ac\u00fastica y Audio Profesional, INGEACUS 2017 Se llev\u00f3 a cabo los d\u00edas 22, 23, 24 y 25 de noviembre de 2017 en la Universidad Austral de Chile, en Valdivia. INGEACUS 2017, Congreso Internacional de Ac\u00fastica y Audio Profesional, es el esfuerzo materializado de estudiantes y acad\u00e9micos de [&hellip;]<\/p>\n","protected":false},"author":2,"featured_media":9704,"parent":4506,"menu_order":0,"comment_status":"closed","ping_status":"closed","template":"","meta":{"footnotes":""},"class_list":["post-9683","page","type-page","status-publish","has-post-thumbnail","hentry"],"_links":{"self":[{"href":"https:\/\/www.acusticauach.cl\/index.php?rest_route=\/wp\/v2\/pages\/9683","targetHints":{"allow":["GET"]}}],"collection":[{"href":"https:\/\/www.acusticauach.cl\/index.php?rest_route=\/wp\/v2\/pages"}],"about":[{"href":"https:\/\/www.acusticauach.cl\/index.php?rest_route=\/wp\/v2\/types\/page"}],"author":[{"embeddable":true,"href":"https:\/\/www.acusticauach.cl\/index.php?rest_route=\/wp\/v2\/users\/2"}],"replies":[{"embeddable":true,"href":"https:\/\/www.acusticauach.cl\/index.php?rest_route=%2Fwp%2Fv2%2Fcomments&post=9683"}],"version-history":[{"count":0,"href":"https:\/\/www.acusticauach.cl\/index.php?rest_route=\/wp\/v2\/pages\/9683\/revisions"}],"up":[{"embeddable":true,"href":"https:\/\/www.acusticauach.cl\/index.php?rest_route=\/wp\/v2\/pages\/4506"}],"wp:featuredmedia":[{"embeddable":true,"href":"https:\/\/www.acusticauach.cl\/index.php?rest_route=\/wp\/v2\/media\/9704"}],"wp:attachment":[{"href":"https:\/\/www.acusticauach.cl\/index.php?rest_route=%2Fwp%2Fv2%2Fmedia&parent=9683"}],"curies":[{"name":"wp","href":"https:\/\/api.w.org\/{rel}","templated":true}]}}