{"id":7582,"date":"2016-06-01T16:32:23","date_gmt":"2016-06-01T20:32:23","guid":{"rendered":"http:\/\/www.acusticauach.cl\/?page_id=7582"},"modified":"2019-11-06T15:26:46","modified_gmt":"2019-11-06T18:26:46","slug":"videos-simposio","status":"publish","type":"page","link":"https:\/\/www.acusticauach.cl\/?page_id=7582","title":{"rendered":"Simposio sobre Creatividad 2015 &#8211; Videos (Simposio)"},"content":{"rendered":"<h5><iframe style=\"border: 0px; padding: 0px; margin: 0px;\" src=\"http:\/\/videoteca.uach.cl\/videos\/video\/1785\/embed\/?access_token=shr00000017858147086124030401651127030319709\" width=\"562\" height=\"343\" frameborder=\"0\" scrolling=\"no\" allowfullscreen=\"allowfullscreen\"><\/iframe><br \/>\nTodos los videos:<\/h5>\n<ol>\n<li><a href=\"https:\/\/videoteca.uach.cl\/videos\/video\/1772\/\" target=\"_blank\" rel=\"noopener noreferrer\"><strong>Javier Jaimovich<\/strong>.\u00a0https:\/\/videoteca.uach.cl\/videos\/video\/1772\/<\/a><\/li>\n<li><a href=\"https:\/\/videoteca.uach.cl\/videos\/video\/1782\/\" target=\"_blank\" rel=\"noopener noreferrer\"><strong>Felipe Otondo y Rodrigo Torres\u00a0<\/strong>https:\/\/videoteca.uach.cl\/videos\/video\/1782\/<\/a><\/li>\n<li><a href=\"https:\/\/videoteca.uach.cl\/videos\/video\/1783\/\" target=\"_blank\" rel=\"noopener noreferrer\"><strong>Federico Schumacher &amp; Claudio Fuentes<\/strong>\u00a0https:\/\/videoteca.uach.cl\/videos\/video\/1783\/<\/a><\/li>\n<li><a href=\"https:\/\/videoteca.uach.cl\/videos\/video\/1784\/\" target=\"_blank\" rel=\"noopener noreferrer\"><strong>Sergio N\u00fa\u00f1ez<\/strong>\u00a0https:\/\/videoteca.uach.cl\/videos\/video\/1784\/<\/a><\/li>\n<li><a href=\"https:\/\/videoteca.uach.cl\/videos\/video\/1785\/\" target=\"_blank\" rel=\"noopener noreferrer\"><strong>Nicolas Collins<\/strong>\u00a0https:\/\/videoteca.uach.cl\/videos\/video\/1785\/<\/a><\/li>\n<li><a href=\"https:\/\/videoteca.uach.cl\/videos\/video\/1786\/\" target=\"_blank\" rel=\"noopener noreferrer\"><strong>Mesa redonda1<\/strong>\u00a0https:\/\/videoteca.uach.cl\/videos\/video\/1786\/<\/a><\/li>\n<li><a href=\"https:\/\/videoteca.uach.cl\/videos\/video\/1787\/\" target=\"_blank\" rel=\"noopener noreferrer\"><strong>Mesa redonda2<\/strong>\u00a0https:\/\/videoteca.uach.cl\/videos\/video\/1787\/<\/a><\/li>\n<\/ol>\n<h5>Men\u00fa:<\/h5>\n<ul>\n<li><strong><a href=\"https:\/\/www.acusticauach.cl\/?page_id=6882\">Inicio Simposio sobre Creatividad, Sonido y Tecnolog\u00eda<\/a><\/strong><\/li>\n<li><strong><a href=\"https:\/\/www.acusticauach.cl\/?page_id=6856\">Programa del Simposio sobre Creatividad, Sonido y Tecnolog\u00eda<\/a><\/strong><\/li>\n<li><strong><a href=\"https:\/\/www.acusticauach.cl\/?page_id=6907\">Ponencias del Simposio sobre Creatividad, Sonido y Tecnolog\u00eda<\/a><\/strong><\/li>\n<li><strong><a href=\"https:\/\/www.acusticauach.cl\/?page_id=7146\">Descargar Presentaciones del Simposio sobre Creatividad, Sonido y Tecnolog\u00eda<\/a><\/strong><\/li>\n<li><strong><a href=\"https:\/\/www.acusticauach.cl\/?page_id=7167\">Fotos del Simposio sobre Creatividad, Sonido y Tecnolog\u00eda<\/a><\/strong><\/li>\n<li><strong><a href=\"https:\/\/www.acusticauach.cl\/?page_id=7582\">Videos del Simposio sobre Creatividad, Sonido y Tecnolog\u00eda<\/a><\/strong><\/li>\n<\/ul>\n","protected":false},"excerpt":{"rendered":"<p>Todos los videos: Javier Jaimovich.\u00a0https:\/\/videoteca.uach.cl\/videos\/video\/1772\/ Felipe Otondo y Rodrigo Torres\u00a0https:\/\/videoteca.uach.cl\/videos\/video\/1782\/ Federico Schumacher &amp; Claudio Fuentes\u00a0https:\/\/videoteca.uach.cl\/videos\/video\/1783\/ Sergio N\u00fa\u00f1ez\u00a0https:\/\/videoteca.uach.cl\/videos\/video\/1784\/ Nicolas Collins\u00a0https:\/\/videoteca.uach.cl\/videos\/video\/1785\/ Mesa redonda1\u00a0https:\/\/videoteca.uach.cl\/videos\/video\/1786\/ Mesa redonda2\u00a0https:\/\/videoteca.uach.cl\/videos\/video\/1787\/ Men\u00fa: Inicio Simposio sobre Creatividad, Sonido y Tecnolog\u00eda Programa del Simposio sobre Creatividad, Sonido y Tecnolog\u00eda Ponencias del Simposio sobre Creatividad, Sonido y Tecnolog\u00eda Descargar Presentaciones del Simposio sobre Creatividad, Sonido y [&hellip;]<\/p>\n","protected":false},"author":2,"featured_media":6854,"parent":0,"menu_order":0,"comment_status":"closed","ping_status":"closed","template":"","meta":{"footnotes":""},"class_list":["post-7582","page","type-page","status-publish","has-post-thumbnail","hentry"],"_links":{"self":[{"href":"https:\/\/www.acusticauach.cl\/index.php?rest_route=\/wp\/v2\/pages\/7582","targetHints":{"allow":["GET"]}}],"collection":[{"href":"https:\/\/www.acusticauach.cl\/index.php?rest_route=\/wp\/v2\/pages"}],"about":[{"href":"https:\/\/www.acusticauach.cl\/index.php?rest_route=\/wp\/v2\/types\/page"}],"author":[{"embeddable":true,"href":"https:\/\/www.acusticauach.cl\/index.php?rest_route=\/wp\/v2\/users\/2"}],"replies":[{"embeddable":true,"href":"https:\/\/www.acusticauach.cl\/index.php?rest_route=%2Fwp%2Fv2%2Fcomments&post=7582"}],"version-history":[{"count":0,"href":"https:\/\/www.acusticauach.cl\/index.php?rest_route=\/wp\/v2\/pages\/7582\/revisions"}],"wp:featuredmedia":[{"embeddable":true,"href":"https:\/\/www.acusticauach.cl\/index.php?rest_route=\/wp\/v2\/media\/6854"}],"wp:attachment":[{"href":"https:\/\/www.acusticauach.cl\/index.php?rest_route=%2Fwp%2Fv2%2Fmedia&parent=7582"}],"curies":[{"name":"wp","href":"https:\/\/api.w.org\/{rel}","templated":true}]}}