{"id":6758,"date":"2015-09-14T19:34:07","date_gmt":"2015-09-14T22:34:07","guid":{"rendered":"http:\/\/www.acusticauach.cl\/?page_id=6758"},"modified":"2025-04-14T09:28:36","modified_gmt":"2025-04-14T13:28:36","slug":"vinculacion-pre-posgrado","status":"publish","type":"page","link":"https:\/\/www.acusticauach.cl\/?page_id=6758","title":{"rendered":"Vinculaci\u00f3n Pre-Postgrado"},"content":{"rendered":"<h5><strong>Acuerdo de Vinculaci\u00f3n de Pre y Postgrado<\/strong><\/h5>\r\n<p><img decoding=\"async\" class=\"alignleft wp-image-16926 size-medium\" src=\"https:\/\/www.acusticauach.cl\/wp-content\/uploads\/2025\/04\/MAV_ACREDITACION_5_AGNOS_2025-1-227x300.jpg\" alt=\"\" width=\"227\" height=\"300\" srcset=\"https:\/\/www.acusticauach.cl\/wp-content\/uploads\/2025\/04\/MAV_ACREDITACION_5_AGNOS_2025-1-227x300.jpg 227w, https:\/\/www.acusticauach.cl\/wp-content\/uploads\/2025\/04\/MAV_ACREDITACION_5_AGNOS_2025-1-95x125.jpg 95w, https:\/\/www.acusticauach.cl\/wp-content\/uploads\/2025\/04\/MAV_ACREDITACION_5_AGNOS_2025-1-57x75.jpg 57w, https:\/\/www.acusticauach.cl\/wp-content\/uploads\/2025\/04\/MAV_ACREDITACION_5_AGNOS_2025-1.jpg 400w\" sizes=\"(max-width: 227px) 100vw, 227px\" \/>Los estudiantes de la carrera de Ingenier\u00eda Civil Ac\u00fastica podr\u00e1n iniciar en forma temprana el Programa de Mag\u00edster en Ac\u00fastica y Vibraciones de la Facultad de Ciencias de la Ingenier\u00eda, a trav\u00e9s de un Programa de Vinculaci\u00f3n.<\/p>\r\n<p>Una vez completado el ciclo de Licenciatura de la carrera (cuarto a\u00f1o del plan curricular de Ing. Civil Ac\u00fastica), el estudiante podr\u00e1 postular a un programa de v\u00ednculo con el Mag\u00edster de Ac\u00fastica y Vibraciones. Para acceder a dicho programa, el estudiante deber\u00e1 cumplir con los requisitos especificados en el Acuerdo de Vinculaci\u00f3n correspondiente (ver <a href=\"https:\/\/www.acusticauach.cl\/wp-content\/uploads\/2021\/04\/ResAV-017CP1730-2078-Acuerdo_Vinculacion_ICA-MAV-2021.pdf\" target=\"_blank\" rel=\"noopener noreferrer\">Acuerdo de Vinculaci\u00f3n ICA-MAV 2021<\/a>).<\/p>\r\n<p>Durante\u00a0la vinculaci\u00f3n el estudiante seguir\u00e1 matriculado como estudiante de pregrado, y luego podr\u00e1 continuar como alumno del programa de postgrado, debiendo completar lo que le corresponda para graduarse.<\/p>\r\n<p>Desde el a\u00f1o 2009 existe un Procedimiento de Vinculaci\u00f3n entre la Carreras de Ingenier\u00eda Civil Ac\u00fastica y el Programa de Mag\u00edster en Ac\u00fastica y Vibraciones, y ya se ha actualizado dos veces, el segundo semestre del a\u00f1o 2014, el a\u00f1o 2019 y el primer semestre de 2021. Este programa de vinculaci\u00f3n se actualiz\u00f3 el a\u00f1o 2021 indica:<\/p>\r\n<ol>\r\n<li>Duraci\u00f3n del programa de vinculaci\u00f3n: tres semestres como m\u00e1ximo, a partir del semestre IX del pregrado.<\/li>\r\n<li>Cupos anuales disponibles:\u00a0diez cupos anuales.<\/li>\r\n<li>Los requisitos de ingreso:\r\n<ol>\r\n<li>Estar en posesi\u00f3n del grado acad\u00e9mico de Licenciado (a) en Ciencias de la Ingenier\u00eda (8 Semestres aprobados en Pregrado).<\/li>\r\n<li>Exhibir un Promedio General Acumulado (PGA) superior a la media de su respectiva carrera al momento de postular.<\/li>\r\n<li>Acreditar el dominio adecuado del idioma castellano (en el caso de estudiantes extranjeros).<\/li>\r\n<li>Adjuntar una Carta de motivaci\u00f3n.<\/li>\r\n<li>Adjuntar un Curr\u00edculum vitae y certificado de notas de pregrado.<\/li>\r\n<li>Adjuntar una carta de recomendaci\u00f3n que avale su postulaci\u00f3n a un programa de este tipo.<\/li>\r\n<li>Realizar una entrevista con miembros del Comit\u00e9 de Programa, en caso de requerirse.<\/li>\r\n<li>Completar y firmar el formulario de vinculaci\u00f3n de la Facultad de Ciencias de la Ingenier\u00eda, donde se indican las asignaturas convalidables y dem\u00e1s condiciones que se establece para estos efectos.<\/li>\r\n<\/ol>\r\n<\/li>\r\n<li>Plan de estudios de ejemplo (dependiendo del plan de estudios de la carrera, es decir 2015, 2016, 2017 o 2020), es:<a href=\"https:\/\/www.acusticauach.cl\/wp-content\/uploads\/2015\/09\/Tabla-Acuerdo_ICA-MAV.jpg\"><img decoding=\"async\" class=\"aligncenter size-full wp-image-11040\" src=\"https:\/\/www.acusticauach.cl\/wp-content\/uploads\/2015\/09\/Tabla-Acuerdo_ICA-MAV.jpg\" alt=\"\" width=\"1000\" height=\"513\" srcset=\"https:\/\/www.acusticauach.cl\/wp-content\/uploads\/2015\/09\/Tabla-Acuerdo_ICA-MAV.jpg 1000w, https:\/\/www.acusticauach.cl\/wp-content\/uploads\/2015\/09\/Tabla-Acuerdo_ICA-MAV-300x154.jpg 300w, https:\/\/www.acusticauach.cl\/wp-content\/uploads\/2015\/09\/Tabla-Acuerdo_ICA-MAV-768x394.jpg 768w, https:\/\/www.acusticauach.cl\/wp-content\/uploads\/2015\/09\/Tabla-Acuerdo_ICA-MAV-700x359.jpg 700w, https:\/\/www.acusticauach.cl\/wp-content\/uploads\/2015\/09\/Tabla-Acuerdo_ICA-MAV-500x257.jpg 500w\" sizes=\"(max-width: 1000px) 100vw, 1000px\" \/><\/a><\/li>\r\n<li>En el caso de los estudiantes del plan antiguo (antes del 2017), convalidan el curso Seminario de Tesis del programa de Mag\u00edster en Ac\u00fastica y Vibraciones (ACUS397) por los cursos Anteproyecto de fin de Carrera (ACUS297) y Proyecto de T\u00edtulo (ACUS 298). Para la obtenci\u00f3n del t\u00edtulo de pregrado deber\u00e1n realizar el equivalente a un examen de titulaci\u00f3n, de acuerdo a lo desarrollado en el curso Seminario de Tesis del programa de Mag\u00edster en Ac\u00fastica y Vibraciones (ACUS397), y seg\u00fan lo definido en el programa de este curso.<br \/>En el caso de los estudiantes del plan innovado (desde 2017), obtienen el t\u00edtulo de grado una vez cumplidos los 11 semestres del plan de estudios y convalidan la Tesina por el curso Seminario de Tesis del programa de Mag\u00edster en Ac\u00fastica y Vibraciones (ACUS397)<\/li>\r\n<li>Los estudiantes que ingresen a los programas de vinculaci\u00f3n se considerar\u00e1n de pregrado para todos los efectos. Solo se entender\u00e1n como estudiantes regulares del Mag\u00edster, una vez obtengan su t\u00edtulo profesional terminal del programa de pregrado, y se matriculen en el programa de mag\u00edster.<\/li>\r\n<\/ol>\r\n<p><a href=\"https:\/\/www.acusticauach.cl\/wp-content\/uploads\/2021\/04\/ResAV-017CP1730-2078-Acuerdo_Vinculacion_ICA-MAV-2021.pdf\" target=\"_blank\" rel=\"noopener noreferrer\"><strong>Ver Nuevo Acuerdo de Vinculaci\u00f3n ICA-MAV 2021<\/strong><\/a><\/p>\r\n\r\n<figure class=\"wp-block-embed is-type-video is-provider-youtube wp-block-embed-youtube wp-embed-aspect-16-9 wp-has-aspect-ratio\">\r\n<div class=\"wp-block-embed__wrapper\">https:\/\/youtu.be\/XGrUex2WG0Q<\/div>\r\n<\/figure>\r\n","protected":false},"excerpt":{"rendered":"<p>Acuerdo de Vinculaci\u00f3n de Pre y Postgrado Los estudiantes de la carrera de Ingenier\u00eda Civil Ac\u00fastica podr\u00e1n iniciar en forma temprana el Programa de Mag\u00edster en Ac\u00fastica y Vibraciones de la Facultad de Ciencias de la Ingenier\u00eda, a trav\u00e9s de un Programa de Vinculaci\u00f3n. Una vez completado el ciclo de Licenciatura de la carrera (cuarto [&hellip;]<\/p>\n","protected":false},"author":2,"featured_media":6762,"parent":5913,"menu_order":0,"comment_status":"closed","ping_status":"closed","template":"","meta":{"footnotes":""},"class_list":["post-6758","page","type-page","status-publish","has-post-thumbnail","hentry"],"_links":{"self":[{"href":"https:\/\/www.acusticauach.cl\/index.php?rest_route=\/wp\/v2\/pages\/6758","targetHints":{"allow":["GET"]}}],"collection":[{"href":"https:\/\/www.acusticauach.cl\/index.php?rest_route=\/wp\/v2\/pages"}],"about":[{"href":"https:\/\/www.acusticauach.cl\/index.php?rest_route=\/wp\/v2\/types\/page"}],"author":[{"embeddable":true,"href":"https:\/\/www.acusticauach.cl\/index.php?rest_route=\/wp\/v2\/users\/2"}],"replies":[{"embeddable":true,"href":"https:\/\/www.acusticauach.cl\/index.php?rest_route=%2Fwp%2Fv2%2Fcomments&post=6758"}],"version-history":[{"count":2,"href":"https:\/\/www.acusticauach.cl\/index.php?rest_route=\/wp\/v2\/pages\/6758\/revisions"}],"predecessor-version":[{"id":16970,"href":"https:\/\/www.acusticauach.cl\/index.php?rest_route=\/wp\/v2\/pages\/6758\/revisions\/16970"}],"up":[{"embeddable":true,"href":"https:\/\/www.acusticauach.cl\/index.php?rest_route=\/wp\/v2\/pages\/5913"}],"wp:featuredmedia":[{"embeddable":true,"href":"https:\/\/www.acusticauach.cl\/index.php?rest_route=\/wp\/v2\/media\/6762"}],"wp:attachment":[{"href":"https:\/\/www.acusticauach.cl\/index.php?rest_route=%2Fwp%2Fv2%2Fmedia&parent=6758"}],"curies":[{"name":"wp","href":"https:\/\/api.w.org\/{rel}","templated":true}]}}