{"id":564,"date":"2012-09-15T18:11:43","date_gmt":"2012-09-15T21:11:43","guid":{"rendered":"http:\/\/190.114.255.83\/~acustic1\/?page_id=564"},"modified":"2019-11-08T20:10:14","modified_gmt":"2019-11-08T23:10:14","slug":"rodrigo-torres-alarcon","status":"publish","type":"page","link":"https:\/\/www.acusticauach.cl\/?page_id=564","title":{"rendered":"Rodrigo Torres Alarc\u00f3n"},"content":{"rendered":"<h2>T\u00edtulos y Grados<img decoding=\"async\" class=\"alignright wp-image-5744 size-medium\" title=\"Prof Torres\" src=\"https:\/\/www.acusticauach.cl\/wp-content\/uploads\/2012\/09\/ACUS-4-200x300.jpg\" alt=\"\" width=\"200\" height=\"300\" srcset=\"https:\/\/www.acusticauach.cl\/wp-content\/uploads\/2012\/09\/ACUS-4-200x300.jpg 200w, https:\/\/www.acusticauach.cl\/wp-content\/uploads\/2012\/09\/ACUS-4-500x750.jpg 500w, https:\/\/www.acusticauach.cl\/wp-content\/uploads\/2012\/09\/ACUS-4.jpg 667w\" sizes=\"(max-width: 200px) 100vw, 200px\" \/><\/h2>\n<p>Ingeniero Ac\u00fastico, Universidad Austral de Chile.<\/p>\n<p>Licenciado en Ac\u00fastica, Universidad Austral de Chile.<\/p>\n<p style=\"text-align: justify;\">Rodrigo Torres Alarc\u00f3n naci\u00f3 en la ciudad de Santiago en el a\u00f1o 1981. Realiz\u00f3 sus estudios de ense\u00f1anza media en el Liceo Cristo Rey de la comuna de Teodoro Schmidt. En el a\u00f1o 2000 se traslada a la ciudad de Valdivia para estudiar Ingenier\u00eda Ac\u00fastica en la Universidad Austral de Chile. Durante sus a\u00f1os de estudio se desempe\u00f1a como ayudante de las asignaturas: Pr\u00e1ctica de Sonorizaci\u00f3n, T\u00e9cnicas de Grabaci\u00f3n I y II. Obtiene el grado de Licenciado en Ac\u00fastica y el T\u00edtulo de Ingeniero Ac\u00fastico en el a\u00f1o 2008. Desde entonces, su trabajo se ha concentrado principalmente en grabaci\u00f3n y refuerzo sonoro.<\/p>\n<p style=\"text-align: justify;\">En su actividad profesional se ha destacado en la grabaci\u00f3n de numerosos proyectos musicales. Adem\u00e1s ha realizado el refuerzo sonoro de diversos eventos de car\u00e1cter musical y empresarial. Desde Marzo del 2010 se desempe\u00f1a como profesor adjunto del Instituto de Ac\u00fastca, dictando asignaturas como \u00abProyecto de post-producci\u00f3n de audio\u00bb y \u00abT\u00e9cnicas de grabaci\u00f3n\u00bb.<\/p>\n<p style=\"text-align: justify;\"><strong>Actualizado el 30.12.2015.<\/strong><\/p>\n<h2><strong><span style=\"font-size: inherit;\">Contacto<\/span><\/strong><\/h2>\n<ul>\n<li>Facultad de Ciencias de la Ingenier\u00eda<\/li>\n<li>Universidad Austral de Chile<\/li>\n<li>Edificio 6000, Campus Miraflores, Casilla 567, Valdivia, Chile<\/li>\n<li>Fax: (56 63) 2221013<\/li>\n<li>Fono: (56 63) 2221339<\/li>\n<li>Email:&nbsp;rodrigo.torres@uach.cl<\/li>\n<\/ul>\n<p><a href=\"https:\/\/www.acusticauach.cl\/?page_id=139\">Profesores de Ac\u00fastica<\/a><\/p>\n","protected":false},"excerpt":{"rendered":"<p>T\u00edtulos y Grados Ingeniero Ac\u00fastico, Universidad Austral de Chile. Licenciado en Ac\u00fastica, Universidad Austral de Chile. Rodrigo Torres Alarc\u00f3n naci\u00f3 en la ciudad de Santiago en el a\u00f1o 1981. Realiz\u00f3 sus estudios de ense\u00f1anza media en el Liceo Cristo Rey de la comuna de Teodoro Schmidt. En el a\u00f1o 2000 se traslada a la ciudad [&hellip;]<\/p>\n","protected":false},"author":2,"featured_media":0,"parent":139,"menu_order":0,"comment_status":"closed","ping_status":"closed","template":"","meta":{"footnotes":""},"class_list":["post-564","page","type-page","status-publish","hentry"],"_links":{"self":[{"href":"https:\/\/www.acusticauach.cl\/index.php?rest_route=\/wp\/v2\/pages\/564","targetHints":{"allow":["GET"]}}],"collection":[{"href":"https:\/\/www.acusticauach.cl\/index.php?rest_route=\/wp\/v2\/pages"}],"about":[{"href":"https:\/\/www.acusticauach.cl\/index.php?rest_route=\/wp\/v2\/types\/page"}],"author":[{"embeddable":true,"href":"https:\/\/www.acusticauach.cl\/index.php?rest_route=\/wp\/v2\/users\/2"}],"replies":[{"embeddable":true,"href":"https:\/\/www.acusticauach.cl\/index.php?rest_route=%2Fwp%2Fv2%2Fcomments&post=564"}],"version-history":[{"count":0,"href":"https:\/\/www.acusticauach.cl\/index.php?rest_route=\/wp\/v2\/pages\/564\/revisions"}],"up":[{"embeddable":true,"href":"https:\/\/www.acusticauach.cl\/index.php?rest_route=\/wp\/v2\/pages\/139"}],"wp:attachment":[{"href":"https:\/\/www.acusticauach.cl\/index.php?rest_route=%2Fwp%2Fv2%2Fmedia&parent=564"}],"curies":[{"name":"wp","href":"https:\/\/api.w.org\/{rel}","templated":true}]}}