{"id":543,"date":"2012-09-15T15:07:12","date_gmt":"2012-09-15T18:07:12","guid":{"rendered":"http:\/\/190.114.255.83\/~acustic1\/?page_id=543"},"modified":"2021-08-30T01:25:06","modified_gmt":"2021-08-30T05:25:06","slug":"alfio-yori-fernandez","status":"publish","type":"page","link":"https:\/\/www.acusticauach.cl\/?page_id=543","title":{"rendered":"Alfio Yori Fern\u00e1ndez"},"content":{"rendered":"<h2><strong>T\u00edtulos y Grados<\/strong><img decoding=\"async\" class=\"size-full wp-image-9076 alignright\" src=\"https:\/\/www.acusticauach.cl\/wp-content\/uploads\/2012\/09\/ALFIO_YORI_200x300b.jpg\" alt=\"\" width=\"200\" height=\"300\" \/><\/h2>\n<p>Ingeniero Ac\u00fastico, Universidad Austral de Chile.<\/p>\n<p>Licenciado en Ac\u00fastica, Universidad Austral de Chile.<\/p>\n<p>Experto Profesional en Prevenci\u00f3n de Riesgos, Universidad Austral de Chile.<\/p>\n<p>Mag\u00edster en Teor\u00eda de la Se\u00f1al y Comunicaciones (*)<\/p>\n<p>Doctor en Ciencias de la Ingenier\u00eda (Ac\u00fastica),\u00a0Technische Universit\u00e4t Berlin, Alemania.<\/p>\n<p>Alfio Yori Fern\u00e1ndez nace en Santiago el a\u00f1o 1967. El a\u00f1o 1992 egresa de la carrera de Ingenier\u00eda Ac\u00fastica en la Universidad Austral de Chile y entra a trabajar en Televisi\u00f3n Nacional de Chile. En 1995 recibe el T\u00edtulo de Ingeniero Ac\u00fastico de la Universidad Austral de Chile, siendo contratado ese mismo a\u00f1o como profesor del Instituto de Ac\u00fastica de esta misma universidad. En el a\u00f1o 1996 recibe una beca otorgada por la Mutual de Seguridad C.CH.C para cursar el Diplomado en Prevenci\u00f3n de Riesgos Profesionales que esta mutualidad dicta en conjunto con la Universidad Austral de Chile, obteniendo el t\u00edtulo de Experto Profesional en el a\u00f1o 1998. Posteriormente dicta los m\u00f3dulos de ruido y vibraciones en el mismo diplomado.<\/p>\n<p>En el a\u00f1o 2004 obtiene el diploma de estudios avanzados entregado por la Universidad Polit\u00e9cnica de Madrid, y en enero de 2013 recibe el t\u00edtulo de Doctor en Ciencias de la Ingenier\u00eda en la Universidad T\u00e9cnica de Berl\u00edn, Alemania. Durante su carrera acad\u00e9mica ha patrocinado cerca de 20 tesis de pregrado. Como Ingeniero Ac\u00fastico ha logrado acumular una amplia experiencia en el \u00e1rea de control de ruido y ac\u00fastica ambiental, dise\u00f1ando encierros y silenciadores industriales en plantas pesqueras y metal\u00fargicas del norte y sur de Chile. De igual manera, ha participado en numerosos proyectos audiovisuales, realizando el sonido directo de pel\u00edculas, documentales y publicidad.<\/p>\n<p>El a\u00f1o 2015, como profesor del Instituto de ac\u00fastica de la Universidad Austral de Chile, comienza una nueva l\u00ednea de investigaci\u00f3n dentro del Instituto, la Universidad y el pa\u00eds, llamada \u201cEvaluaci\u00f3n de ruido subacu\u00e1tico de origen antropog\u00e9nico\u201d, con el fin de aplicar la experiencia adquirida a partir del a\u00f1o 2001 en la evaluaci\u00f3n del impacto ac\u00fastico a\u00e9reo de m\u00faltiples proyectos, a los problemas de contaminaci\u00f3n ac\u00fastica submarina emergentes en el pa\u00eds.<\/p>\n<p>El 2018 es invitado por el Ministerio del Medio Ambiente Chileno (MMA), para conformar una mesa de expertos y abordar el tema de la contaminaci\u00f3n subacu\u00e1tica en el sistema de evaluaci\u00f3n del impacto ambiental SEIA Chileno.<\/p>\n<p>El a\u00f1o 2020, el MMA formaliza la Mesa T\u00e9cnica formada el a\u00f1o 2018, creando el \u201cComit\u00e9 operativo para el Fortalecimiento de la gesti\u00f3n del control de ruido submarino y la prevenci\u00f3n de sus impactos en la biodiversidad\u201d. El profesor Yori es escogido como representante de la Universidad Austral de Chile en el Comit\u00e9.<\/p>\n<p>Desde el a\u00f1o 2015 a la fecha ha realizado varias asesor\u00edas y estudios de impacto ac\u00fastico subacu\u00e1tico a los largo del pa\u00eds.<\/p>\n<p><em>(*) Grado reconocido por la Universidad Austral de Chile<\/em>.<\/p>\n<p style=\"text-align: justify;\"><strong>Actualizado el 23.08.2021.<\/strong><\/p>\n<h2><strong>Contacto<\/strong><\/h2>\n<ul>\n<li>Instituto de Ac\u00fastica<\/li>\n<li>Facultad de Ciencias de la Ingenier\u00eda<\/li>\n<li>Universidad Austral de Chile<\/li>\n<li>Edificio 6000, Campus Miraflores, Casilla 567, Valdivia, Chile<\/li>\n<li>Fax: (56 63) 2221013<\/li>\n<li>Fono: (56 63) 2221010<\/li>\n<li>Email: ayori@uach.cl<\/li>\n<\/ul>\n<p><a href=\"https:\/\/www.acusticauach.cl\/?page_id=139\">Profesores de Ac\u00fastica<\/a><\/p>\n","protected":false},"excerpt":{"rendered":"<p>T\u00edtulos y Grados Ingeniero Ac\u00fastico, Universidad Austral de Chile. Licenciado en Ac\u00fastica, Universidad Austral de Chile. Experto Profesional en Prevenci\u00f3n de Riesgos, Universidad Austral de Chile. Mag\u00edster en Teor\u00eda de la Se\u00f1al y Comunicaciones (*) Doctor en Ciencias de la Ingenier\u00eda (Ac\u00fastica),\u00a0Technische Universit\u00e4t Berlin, Alemania. Alfio Yori Fern\u00e1ndez nace en Santiago el a\u00f1o 1967. El [&hellip;]<\/p>\n","protected":false},"author":2,"featured_media":0,"parent":139,"menu_order":0,"comment_status":"closed","ping_status":"closed","template":"","meta":{"footnotes":""},"class_list":["post-543","page","type-page","status-publish","hentry"],"_links":{"self":[{"href":"https:\/\/www.acusticauach.cl\/index.php?rest_route=\/wp\/v2\/pages\/543","targetHints":{"allow":["GET"]}}],"collection":[{"href":"https:\/\/www.acusticauach.cl\/index.php?rest_route=\/wp\/v2\/pages"}],"about":[{"href":"https:\/\/www.acusticauach.cl\/index.php?rest_route=\/wp\/v2\/types\/page"}],"author":[{"embeddable":true,"href":"https:\/\/www.acusticauach.cl\/index.php?rest_route=\/wp\/v2\/users\/2"}],"replies":[{"embeddable":true,"href":"https:\/\/www.acusticauach.cl\/index.php?rest_route=%2Fwp%2Fv2%2Fcomments&post=543"}],"version-history":[{"count":0,"href":"https:\/\/www.acusticauach.cl\/index.php?rest_route=\/wp\/v2\/pages\/543\/revisions"}],"up":[{"embeddable":true,"href":"https:\/\/www.acusticauach.cl\/index.php?rest_route=\/wp\/v2\/pages\/139"}],"wp:attachment":[{"href":"https:\/\/www.acusticauach.cl\/index.php?rest_route=%2Fwp%2Fv2%2Fmedia&parent=543"}],"curies":[{"name":"wp","href":"https:\/\/api.w.org\/{rel}","templated":true}]}}