{"id":528,"date":"2012-09-15T14:46:23","date_gmt":"2012-09-15T17:46:23","guid":{"rendered":"http:\/\/190.114.255.83\/~acustic1\/?page_id=528"},"modified":"2019-11-08T20:07:15","modified_gmt":"2019-11-08T23:07:15","slug":"jorge-cardenas-mansilla","status":"publish","type":"page","link":"https:\/\/www.acusticauach.cl\/?page_id=528","title":{"rendered":"Jorge C\u00e1rdenas Mansilla"},"content":{"rendered":"<h2>T\u00edtulos y Grados<img decoding=\"async\" class=\"alignright wp-image-5731 size-medium\" title=\"Prof Cardenas\" src=\"https:\/\/www.acusticauach.cl\/wp-content\/uploads\/2012\/09\/ACUS-3-200x300.jpg\" alt=\"\" width=\"200\" height=\"300\" srcset=\"https:\/\/www.acusticauach.cl\/wp-content\/uploads\/2012\/09\/ACUS-3-200x300.jpg 200w, https:\/\/www.acusticauach.cl\/wp-content\/uploads\/2012\/09\/ACUS-3-500x750.jpg 500w, https:\/\/www.acusticauach.cl\/wp-content\/uploads\/2012\/09\/ACUS-3.jpg 667w\" sizes=\"(max-width: 200px) 100vw, 200px\" \/><\/h2>\n<p>Ingeniero Ac\u00fastico,&nbsp;Universidad Austral de Chile.<\/p>\n<p>Licenciado en Ac\u00fastica,&nbsp;Universidad Austral de Chile.<\/p>\n<p>Mag\u00edster en Teor\u00eda de la Se\u00f1al y Comunicaciones <em>(*)<\/em><\/p>\n<p>M\u00fasico<\/p>\n<p style=\"text-align: justify;\">Jorge C\u00e1rdenas Mansilla naci\u00f3 en la ciudad de Punta Arenas. En el a\u00f1o 1990 obtuvo el t\u00edtulo profesional de Ingeniero Ac\u00fastico y el grado de Licenciado en Ac\u00fastica en la Universidad Austral de Chile. Desde su ingreso a la UACh, ha realizado docencia de pregrado como profesor responsable y colaborador. En este periodo ha patrocinado 30 tesis de pregrado, ha participado como investigador responsable o co-investigador en 6 proyectos de investigaci\u00f3n, responsable de un proyecto del Fondo de la M\u00fasica del CNCA y de m\u00e1s de 7 proyectos de vinculaci\u00f3n. Es co-autor del libro CD \u201cMapa sonoro de Valdivia\u201d (2015). En el \u00e1mbito profesional, ha estado a cargo del refuerzo sonoro de importantes eventos de car\u00e1cter empresarial, acad\u00e9mico y art\u00edstico tales como el Festival Internacional de Cine de Valdivia (1996-2007), Festival Fluvial M\u00fasica y Ciudad (2016), II-III y IV Relincha Festival, entre otros. As\u00ed tambi\u00e9n, ha realizado numerosas grabaciones y mezclas de producciones musicales de car\u00e1cter regional y nacional. Es miembro de la Audio Engineering Society, ha asumido como Director subrogante del Instituto de Ac\u00fastica en diversas oportunidades en el per\u00edodo 2009-2018. Actualmente es Director de Instituto de Ac\u00fastica (desde Agosto 2019) a cargo del Estudio de Grabaci\u00f3n y de los Sistemas de Refuerzo Sonoro del Instituto de Ac\u00fastica.<\/p>\n<p style=\"text-align: justify;\"><em>(*) Grado reconocido por la Universidad Austral de Chile<\/em>.<\/p>\n<h2><strong>Contacto:<\/strong><\/h2>\n<ul>\n<li>Instituto de Ac\u00fastica<\/li>\n<li>Facultad de Ciencias de la Ingenier\u00eda<\/li>\n<li>Universidad Austral de Chile<\/li>\n<li>Edificio 6000, Campus Miraflores, Casilla 567, Valdivia, Chile<\/li>\n<li>Fax: (56 63) 2221013<\/li>\n<li>Fono: (56 63) 2221339<\/li>\n<li>Email: jcardenas@uach.cl<\/li>\n<\/ul>\n<p style=\"text-align: justify;\"><strong>Actualizado el 01.08.2019.<\/strong><\/p>\n<div class=\"shortcode-accordion\"><h3 class=\"accordion-item-title\">Formaci\u00f3n acad\u00e9mica y perfeccionamiento<\/h3><div class=\"accordion-item-content accordion-hide\"><p>2016 AVID. Usuario Certificado Pro Tools 11.\n2011 Curso Meyer Sound Labs. Inc. Dise\u00f1o e Implementaci\u00f3n de Sistemas de sonido. Teatro del Lago, Frutillar, Chile.\n2010 Curso Training en operaci\u00f3n de la consola Digidesign D-Command y Pro Tools HD 8.0. VGL, Stgo de Chile.\n2008 Taller de m\u00fasica electroac\u00fastica dictado por el m\u00fasico Federico Schumacher. Conservatorio de M\u00fasica Universidad Austral de Chile.\n2004. Magister en Teor\u00eda de la Se\u00f1al y Comunicaciones. Universidad Polit\u00e9cnica de Madrid. Espa\u00f1a.\n2004. Diplomado en Especializaci\u00f3n en Pedagog\u00eda Virtual.Universidad de Alcala. Espa\u00f1a.\n1990 Universidad Austral de Chile. Licenciado en Ac\u00fastica, Ingeniero Ac\u00fastico\n1983 \u2013 1990 Estudios de Contrabajo en el Conservatorio de la Uach. Valdivia\n1977 -1980 Estudios de guitarra docta con el Prof. Fernando Bargetto O.. Punta Arenas, Chile.<\/p><\/div>\n<h3 class=\"accordion-item-title\">\u00c1reas de Inter\u00e9s<\/h3><div class=\"accordion-item-content accordion-hide\"><ul>\n<li>Audio profesional.<\/li>\n<li>M\u00fasica, Producci\u00f3n musical.<\/li>\n<li>Detecci\u00f3n, registro, reproducci\u00f3n, an\u00e1lisis y percepci\u00f3n del sonido.<\/li>\n<\/ul><\/div>\n<h3 class=\"accordion-item-title\">Actividades Profesionales Relevantes<\/h3><div class=\"accordion-item-content accordion-hide\"><ol>\n<li>Sonido en vivo para Ballet Folkl\u00f3rico de la Universidad Austral de Chile Concierto 39 a\u00f1os. Sala Aula Magna Uach. 2018<\/li>\n<li>&nbsp;Producci\u00f3n t\u00e9cnica para la grabaci\u00f3n sonora de la pieza musical \u201cVersi\u00f3n Sinf\u00f3nica canci\u00f3n \u201cSanta Luc\u00eda\u201d de La Rata Bluesera. Sala Aula Magna Uach 2018<\/li>\n<li>Sonido en vivo para Concierto de Fred Frith. Sala F\u00e9lix Mart\u00ednez. Uach. 2018<\/li>\n<li>Sonido en vivo Orquesta Filarm\u00f3nica de Valdivia. Gira por los R\u00edos de Violeta. 2017.<\/li>\n<li>Producci\u00f3n t\u00e9cnica para IV Festival Relincha, m\u00fasicas experimentales. MAC Uach. 2017<\/li>\n<li>Producci\u00f3n t\u00e9cnica para grabaci\u00f3n de la banda Combo Chavela. Estudio de grabaci\u00f3n Siegfried Erber, Valdivia. 2017<\/li>\n<li>Producci\u00f3n t\u00e9cnica para grabaci\u00f3n de la banda La Teruka. Estudio de grabaci\u00f3n Siegfried Erber, Valdivia. 2017<\/li>\n<li>Producci\u00f3n t\u00e9cnica para Concierto Fluvial m\u00fasica y ciudad. Escenario Torre\u00f3n, Valdivia 2016.<\/li>\n<li>Producci\u00f3n t\u00e9cnica para Performance po\u00e9tica \u201cFuego fr\u00edo\u201d. Sala Aula Magna Uach. 2016<\/li>\n<li>Grabaci\u00f3n, mezcla de sonido y master de la producci\u00f3n musical en CD Audio \u201cVivencias de Luz y Sombra al Sur del Mundo\u201c. Obra musical interpretada por el guitarrista Andr\u00e9s Tapia. Estudio de grabaci\u00f3n Siegfried Erber, Valdivia. 2016<\/li>\n<li>Grabaci\u00f3n de voz principal para 9 de las 10 canciones que contiene el Disco \u201cEl Viaje\u201d de la banda \u201cLa Rata Bluesera\u201d. Estudio de grabaci\u00f3n Siegfried Erber, Valdivia. 2016<\/li>\n<li>Producci\u00f3n t\u00e9cnica para III Festival Relincha, m\u00fasicas experimentales. MAC Uach. 2016<\/li>\n<li>Sonido en vivo para Concierto de Orquesta CIFAN. Paseo Libertad, Valdivia. 2015.<\/li>\n<li>Grabaci\u00f3n y mezcla de la producci\u00f3n musical \u201cCryog\u00e9nesis 2090 \u201c. Obra musical interpretada por la banda Ensaladajet. Financiada por Conarte de la Ilustre Municipalidad de Valdivia. 2015.<\/li>\n<li>Grabaci\u00f3n, mezcla y master de la producci\u00f3n musical \u201cCIFAN plays Jeff Moore\u201c. Proyecto musical financiado por Conarte de la Ilustre Municipalidad de Valdivia y la Universidad Austral de Chile. 2014.<\/li>\n<li>Sonido en vivo para concierto de la cantautora Chilena, Isabel Parra. Aula Magna Uach. Valdivia, Noviembre 2014.<\/li>\n<li>Sonido en vivo para concierto de la cantante Mapuche Beatriz Pichimal\u00e9n. Aula Magna Uach. Valdivia, Noviembre de 2014.<\/li>\n<li>Sonido en vivo para Ballet Folklorico de la Universidad Austral de Chile. Hotel Casino Dreams. Valdivia, Octubre de 2014.<\/li>\n<li>Sonido en vivo para concierto Sinf\u00f3nico de Schwenke &amp; Nilo. Aula Magna Uach. Valdivia, Octubre de 2014.<\/li>\n<li>Transmisi\u00f3n binaural de cinco programas radiales con bandas musicales Valdivianas. Actividad conjunta entre Acusticauach y Sonido Nacional. 2013.<\/li>\n<li>Sonido en vivo para concierto de m\u00fasica electroac\u00fastica del destacado compositor Chileno Gabriel Brncic`Isaza. Teatro Lord Cochranne, Valdivia, Mayo de 2013.<\/li>\n<li>Ingeniero de mezcla de la banda Valdiviana Mages. Presentaciones en Chile y en gira a M\u00e9xico D.F. 2013.<\/li>\n<li>Grabaci\u00f3n, mezcla y masterizaci\u00f3n de la producci\u00f3n musical \u201c Ahora! \u201c. Obra Musical interpretada por la banda Newton Jones. 2012<\/li>\n<li>Dise\u00f1o y montaje de la instalaci\u00f3n electroac\u00fastica multicanal \u201cDomo del Sonido\u201d. 25 al 27 de Septiembre de 2012. Parque Saval, Valdivia.<\/li>\n<li>Sonido en vivo para concierto de la agrupaci\u00f3n francesa \u201cHOLDEN\u201d. Teatro Lord Cochranne, Valdivia, Abril de 2012.<\/li>\n<li>Grabaci\u00f3n, mezcla y masterizaci\u00f3n de la producci\u00f3n musical \u201cHomenaje a la Cueca en Panguipulli\u201d. Obra Musical interpretada por el conjunto folcl\u00f3rico vocal e instrumental A\u00f1oranzas de Panguipulli. 2011<\/li>\n<li>Grabaci\u00f3n, mezcla y masterizaci\u00f3n del disco compacto \u201cNuestra Siembra\u201d del conjunto folcl\u00f3rico Millacol de Malalhue.2011<\/li>\n<li>Dise\u00f1o, montaje y calibraci\u00f3n del sistema de refuerzo sonoro para la 5ta Muestra de m\u00fasica Independiente MMI5. Teatro Lord Cochranne, Valdivia. 1 al 4 de Diciembre de 2011.<\/li>\n<li>Montaje y calibraci\u00f3n del sistema de sonido para concierto de la agrupaci\u00f3n musical de Jazz-Fusi\u00f3n \u201cFULANO\u201d. Teatro Lord Cochranne, Valdivia, Septiembre de 2011.<\/li>\n<li>Grabaci\u00f3n de todos los tracks del disco compacto \u201cRetrospectiva musical del sur del mundo 1950-2009\u201d del m\u00fasico Valdiviano Marcelo Gallardo. Chile 2009<\/li>\n<li>Grabaci\u00f3n, mezcla y masterizaci\u00f3n del disco compacto \u201cQuinchilca se Cierne\u201d del conjunto folkl\u00f3rico Magisterio de Los Lagos. Chile 2009<\/li>\n<li>Edici\u00f3n, mezcla y masterizaci\u00f3n en formato 5.1 de \u201cReincidentes\u201d, pieza que forma parte de la instalaci\u00f3n audiovisual \u201cEstructuras Psic\u00f3ticas\u201d del artista visual Claudio Correa. Obra expuesta en Galeria Gabriela Mistral, Santiago, Chile, 2008.<\/li>\n<li>Grabaci\u00f3n, edici\u00f3n, mezcla y masterizaci\u00f3n en formato 2.0 de \u201cT\u00e9cnicas Manuales\u201d para la instalaci\u00f3n audiovisual \u201cEstructuras Psic\u00f3ticas\u201d del artista visual Claudio Correa. Chile 2008.<\/li>\n<li>Montaje y calibraci\u00f3n del sistema de sonido para concierto del cantautor GEPE. Teatro Lord Cochranne, Valdivia, Abril de 2008.<\/li>\n<li>Jefe de sonido del III al XIV festival de Cine y Video, Valdivia. 1996-2007.<\/li>\n<li>Grabaci\u00f3n mezcla y masterizaci\u00f3n del disco compacto \u201c Requiem para una Rosa \u201d del pianista Leonardo Villar Sarmiento. 2006.<\/li>\n<li>Grabaci\u00f3n mezcla y masterizaci\u00f3n de cinco cuadros folcl\u00f3ricos del Ballet Folcl\u00f3rico de la Uach. Material preparado para la gira a Polonia 2006.<\/li>\n<li>Grabaci\u00f3n, mezcla y masterizaci\u00f3n de la m\u00fasica de la serie infantil \u201cLa Farola\u201d. Serie de televisi\u00f3n para ni\u00f1os de 2 a 5 a\u00f1os producido por Valdivia Film. 2006.<\/li>\n<li>Grabaci\u00f3n, mezcla y masterizaci\u00f3n del disco compacto\u201d La Huella de Beauchef\u201d. M\u00fasica de la serie de televisi\u00f3n del mismo nombre. Disco producido por Valdivia Film con aportes del fondo de la musica. 2005.<\/li>\n<li>Grabaci\u00f3n mezcla y masterizaci\u00f3n del disco compacto \u00abM\u00fasica para guitarra de V\u00edctor Biskupovic\u00bb del guitarista Patricio Ruiz-Tagle. Valdivia 2004.<\/li>\n<li>Grabaci\u00f3n y post-producci\u00f3n de sonido para Taller de Cine-Animaci\u00f3n dirigido por el Cineasta Tom\u00e1s Wells y Vivianne Barry, organizado por el Centro Cultural de Promoci\u00f3n Cinematogr\u00e1fica de Valdivia. (Proyecto Fondart). Noviembre de 2004.<\/li>\n<li>Post Producci\u00f3n sonora del documental \u00abLa huella de Beauchef\u00bb producido por Valdivia Film, Apata Producciones &amp; Jirafa. Exhibido en el Canal de Televisi\u00f3n de la Pontificia Universidad Cat\u00f3lica de Chile. 2004.<\/li>\n<li>Grabaci\u00f3n mezcla y masterizaci\u00f3n del disco compacto \u00abEl Cantar de Ra\u00edces\u00bb del Taller folcl\u00f3rico de la Universidad Austral de Chile. Valdivia 2003.<\/li>\n<li>Grabaci\u00f3n y post producci\u00f3n de sonido para proyecto \u201cMinutos Animados\u201d. Los primeros dibujos animados hechos en Valdivia. Producido por Jirafa con aportes de Conarte. Valdivia 2003.<\/li>\n<li>Producci\u00f3n de sonido para animaci\u00f3n 3D \u201cVertebralia\u201d. Dirigida por Jorge Fried y presentada en el X Festival Internacional de Cine y Video de Valdivia 2003.<\/li>\n<li>Grabaci\u00f3n y masterizaci\u00f3n del disco compacto de m\u00fasica latinoamericana en vivo, \u201cAntuwerken Live\u201d producido por Ian &amp; Maggie Staples. Febrero de 2002.<\/li>\n<li>Grabaci\u00f3n, mezcla y masterizaci\u00f3n de tres temas musicales para el disco compacto del grupo musical \u201cSexualdemocracia\u201d titulado \u201cSXD.CL\u201d. 2001<\/li>\n<li>Edici\u00f3n y Masterizaci\u00f3n del disco compacto \u201cLa M\u00fasica Mapuche Williche del Lago Maihue\u201d, el cual forma parte de un proyecto del antrop\u00f3logo Jaime Hern\u00e1ndez financiado con aportes del Fondo de Desarrollo de las Artes y la Cultura del Gobierno de Chile. 2001<\/li>\n<li>Grabaci\u00f3n, mezcla y masterizaci\u00f3n del disco compacto \u201cGaloseballo\u201d producido por Rodrigo Silva y Natalia S\u00e1nchez. Trabajo financiado por el Fondart. 2000.<\/li>\n<li>Grabaci\u00f3n, mezcla y masterizaci\u00f3n del disco compacto de m\u00fasica infantil \u201cHace Rin\u201d producido por Rodrigo Silva y Natalia S\u00e1nchez. Trabajo financiado por el Fondart.2000.<\/li>\n<li>Grabaci\u00f3n, mezcla y masterizaci\u00f3n del disco compacto \u201cSuite Infantil M\u00fasica Chilena\u201d, producido por el m\u00fasico Pablo Matamala del Conservatorio de M\u00fasica de la Universidad Austral de Chile, con aportes del Fondart. 1999.<\/li>\n<li>Grabaci\u00f3n y mezcla de la producci\u00f3n en casette, \u201cSe Van Perdiendo Frente al Mar\u201d de Pepe Mediavilla. 1998<\/li>\n<li>Grabaci\u00f3n y mezcla en estudio de \u201cLos chicos buenos\u201d, \u00e1lbum debut de la banda chilena Sexual Democracia. 1988<\/li>\n<\/ol><\/div>\n<h3 class=\"accordion-item-title\">Asignaturas de Pregrado<\/h3><div class=\"accordion-item-content accordion-hide\"><ul>\n<li>ACUS260 T\u00e9cnicas de Grabaci\u00f3n I<\/li>\n<li>ACUS261 T\u00e9cnicas de Grabaci\u00f3n II<\/li>\n<li>ACUS253 Pr\u00e1ctica de Refuerzo Sonoro<\/li>\n<li>ACUS200 Proyecto Integrado en Ingenier\u00eda Civil Ac\u00fastica (Colaborador)<\/li>\n<\/ul><\/div>\n<h3 class=\"accordion-item-title\">Publicaciones<\/h3><div class=\"accordion-item-content accordion-hide\"><h5><strong>1. Publicaciones ISI<\/strong><\/h5>\n<ol>\n<li>Barros, JL; Cardenas, J; Sommerhoff J. Study of the directional characteristics of a piston mounted on a surface of zero acoustic impedance, JOURNAL OF THE AUDIO ENGINEERING SOCIETY 52(12), 1254-1258, 2004<\/li>\n<\/ol>\n<h5><strong>2. Presentaciones en Congresos<\/strong><\/h5>\n<ol>\n<li>Arenas, J.P. , Su\u00e1rez, E., C\u00e1rdenas, J. Estimating the Contribution of Public Transport Buses to the Total Traffic Noise in Santiago de Chile. 24th International Congress on Sound and Vibration (ICSV24). London 23 \u2013 27 July 2017.<\/li>\n<li>Su\u00e1rez, E., Torres, R., Arenas, J.P., C\u00e1rdenas, J., Cursos de Proyectos Aplicados en Ingenier\u00eda Civil Ac\u00fastica y Su Aporte a Competencias Profesionales. XXIX Congreso Chileno de Educaci\u00f3n en Ingenier\u00eda 2016, Puc\u00f3n, Chile. (2016).<\/li>\n<li>Su\u00e1rez E., C\u00e1rdenas J. Estudio de Paisaje Sonoro en Valdivia, Chile. 46\u00ba Congreso Espa\u00f1ol de Ac\u00fastica, Encuentro Ib\u00e9rico de Ac\u00fastica. Octubre de 2015, Valencia Espa\u00f1a.<\/li>\n<li>Figueroa F.; Aguilera A.; Barros J. L.; C\u00e1rdenas J. Monitoreo de Condiciones de Maquinado en Base a Emisi\u00f3n Sonora. IX Congreso Iberoamericano de Ac\u00fastica, Valdivia, Chile, 01-03 diciembre 2014.<\/li>\n<li>Aguilera, A., Barros, J.L., Rolleri, A., C\u00e1rdenas, J., M\u00e9ausoone, P.J., &amp; Aguilar, C. Assessment of Machining Performance for Solid Wood Moulding. Advances on Trials Running with Sharp Cutting Edge. Proceedings of the International Conference \u201cWood Science and Engineering in the Third Millennium\u201d \u2013 ICWSE 2013, Brasov, Rumania, 7-9 november 2013.<\/li>\n<li>Su\u00e1rez E., Torres R., Arenas J.P., C\u00e1rdenas J., Poo C., Flores R., Yori A., Barros J. Experiencia de metodolog\u00edas activas de aprendizaje en base a desarrollo de proyectos aplicados en Ingenier\u00eda Civil Ac\u00fastica. XXVI Congreso Chileno de Educaci\u00f3n en Ingenier\u00eda, Pontificia Universidad Cat\u00f3lica de Valpara\u00edso, Chile. 23 \u2013 25 de octubre de 2013.<\/li>\n<li>C\u00e1rdenas, J. An\u00e1lisis del riesgo de da\u00f1o auditivo como consecuencia del uso de sistemas de amplificaci\u00f3n sonora en la ciudad de Valdivia. XXV Congreso Chileno de Fonoaudiolog\u00eda. Santiago, Chile. 2008<\/li>\n<li>C\u00e1rdenas, J. Niveles de presi\u00f3n sonora a los que se exponen m\u00fasicos de la ciudad de Valdivia. VI Congreso Iberoamericano de Ac\u00fastica. Buenos Aires, Argentina.<\/li>\n<\/ol>\n<h5><strong>3. Libros<\/strong><\/h5>\n<ol>\n<li>Enrique Su\u00e1rez S., Jorge C\u00e1rdenas M. Mapa Sonoro de Valdivia. Impresi\u00f3n: Imprenta Maval Ltda. Santiago. 61 P\u00e1ginas. 2015. ISBN: 978-956-9412-29-5 \/ ISBN DISCO: 978-956-9412-30-1. Versi\u00f3n web: <a href=\"http:\/\/www.mapa.acusticauach.cl\">mapa.acusticauach.cl<\/a><\/li>\n<li>Enrique Su\u00e1rez S., Jorge C\u00e1rdenas M. Mapa Sonoro de la Zona Centro del Gran Santiago. Imprenta America Ltda. Valdivia, Chile. 65 P\u00e1ginas. 2018. ISBN: 9978-956-390-067-5 \/ ISBN DISCO: 978-956-390-068-2. Versi\u00f3n web:&nbsp;<a href=\"http:\/\/www.mapa.acusticauach.cl\/\" target=\"_blank\" rel=\"noopener noreferrer\">www.mapa.acusticauach.cl<\/a><\/li>\n<\/ol><\/div> <\/div>\n<p><a href=\"https:\/\/www.acusticauach.cl\/?page_id=139\">Profesores de Ac\u00fastica<\/a><\/p>\n","protected":false},"excerpt":{"rendered":"<p>T\u00edtulos y Grados Ingeniero Ac\u00fastico,&nbsp;Universidad Austral de Chile. Licenciado en Ac\u00fastica,&nbsp;Universidad Austral de Chile. Mag\u00edster en Teor\u00eda de la Se\u00f1al y Comunicaciones (*) M\u00fasico Jorge C\u00e1rdenas Mansilla naci\u00f3 en la ciudad de Punta Arenas. En el a\u00f1o 1990 obtuvo el t\u00edtulo profesional de Ingeniero Ac\u00fastico y el grado de Licenciado en Ac\u00fastica en la Universidad [&hellip;]<\/p>\n","protected":false},"author":2,"featured_media":0,"parent":139,"menu_order":0,"comment_status":"closed","ping_status":"closed","template":"","meta":{"footnotes":""},"class_list":["post-528","page","type-page","status-publish","hentry"],"_links":{"self":[{"href":"https:\/\/www.acusticauach.cl\/index.php?rest_route=\/wp\/v2\/pages\/528","targetHints":{"allow":["GET"]}}],"collection":[{"href":"https:\/\/www.acusticauach.cl\/index.php?rest_route=\/wp\/v2\/pages"}],"about":[{"href":"https:\/\/www.acusticauach.cl\/index.php?rest_route=\/wp\/v2\/types\/page"}],"author":[{"embeddable":true,"href":"https:\/\/www.acusticauach.cl\/index.php?rest_route=\/wp\/v2\/users\/2"}],"replies":[{"embeddable":true,"href":"https:\/\/www.acusticauach.cl\/index.php?rest_route=%2Fwp%2Fv2%2Fcomments&post=528"}],"version-history":[{"count":0,"href":"https:\/\/www.acusticauach.cl\/index.php?rest_route=\/wp\/v2\/pages\/528\/revisions"}],"up":[{"embeddable":true,"href":"https:\/\/www.acusticauach.cl\/index.php?rest_route=\/wp\/v2\/pages\/139"}],"wp:attachment":[{"href":"https:\/\/www.acusticauach.cl\/index.php?rest_route=%2Fwp%2Fv2%2Fmedia&parent=528"}],"curies":[{"name":"wp","href":"https:\/\/api.w.org\/{rel}","templated":true}]}}