{"id":4642,"date":"2014-09-26T17:43:52","date_gmt":"2014-09-26T20:43:52","guid":{"rendered":"http:\/\/www.acusticauach.cl\/?page_id=4642"},"modified":"2019-11-11T08:54:58","modified_gmt":"2019-11-11T11:54:58","slug":"concurso-de-bandas-escolares","status":"publish","type":"page","link":"https:\/\/www.acusticauach.cl\/?page_id=4642","title":{"rendered":"Concurso de Bandas Escolares AcusticaUACh"},"content":{"rendered":"<h5><strong>La carrera de Ingenier\u00eda Civil Ac\u00fastica de la Universidad Austral invita a estudiantes secundarios del pa\u00eds a participar en el 9\u00b0 Concurso de Bandas Escolares 2019<\/strong><\/h5>\n<p>El concurso est\u00e1 dirigido a bandas de todo Chile, que sean estudiantes regulares de ense\u00f1anza media y que posean alg\u00fan demo o canci\u00f3n in\u00e9dita de su propia autor\u00eda.<\/p>\n<p>El primer premio es la grabaci\u00f3n de 2 canciones originales en el estudio profesional, perteneciente al Instituto de Ac\u00fastica de la Universidad Austral de Chile (www.acusticauach.cl) seg\u00fan el siguiente detalle:<br \/>\ni. Un m\u00e1ximo de 20 horas de grabaci\u00f3n. Incluye productor musical, ingeniero de grabaci\u00f3n y asistente de grabaci\u00f3n.<br \/>\nii. Un m\u00e1ximo de 6 horas de mezcla. Incluye productor musical, ingeniero de mezcla.<br \/>\niii. Un m\u00e1ximo de 6 horas de masterizaci\u00f3n. Incluye ingeniero de masterizaci\u00f3n.<\/p>\n<p>Adem\u00e1s, el costo del transporte desde la ciudad de origen hasta Valdivia, con un valor tope de $400.000. (Este \u00edtem es exclusivamente para el financiamiento de pasajes), y el alojamiento en Valdivia m\u00e1ximo para 6 personas, entre las cuales se incluye un adulto responsable por la banda, preferentemente un profesor del colegio. (valor hasta: $300.000).<\/p>\n<p>La fecha de grabaci\u00f3n se acordar\u00e1 con la banda ganadora, sin embargo deber\u00e1 realizarse a m\u00e1s tardar en el mes de enero de 2020.<\/p>\n<p>El primer lugar recibir\u00e1 como premio la grabaci\u00f3n de 2 canciones originales en un estudio profesional, perteneciente al Instituto de Ac\u00fastica de la Universidad Austral de Chile con un m\u00e1ximo de 30 horas de grabaci\u00f3n, 10 horas de mezcla y 5 de masterizaci\u00f3n. Adem\u00e1s del transporte y el alojamiento para quienes sean de otras regiones del pa\u00eds.<\/p>\n<p>El Segundo Lugar recibir\u00e1 como premio: ProTools Avid con Licencia Perpetua, (https:\/\/www.mediatekis.cl\/protools-licencia-perpetua.html link de Octubre 2019). Gentileza de VGL.<\/p>\n<p>El Tercer Lugar recibir\u00e1 como premio: Interfaz de audio Tascam US1X2. Gentileza de CROMA Ltda.<\/p>\n<h5><a href=\"https:\/\/www.acusticauach.cl\/wp-content\/uploads\/2019\/10\/BASES-DEL-CONCURSO-BANDAS-ACUSTICA-UACH-2019_VF.pdf\" target=\"_blank\" rel=\"noopener noreferrer\"><strong>Ver llamado al 9\u00b0 Concurso de Bandas Escolares 2019<\/strong><\/a><\/h5>\n<p><strong>El plazo de inscripci\u00f3n de las bandas vence el 15 de noviembre de 2019 (<a href=\"https:\/\/www.acusticauach.cl\/wp-content\/uploads\/2019\/10\/BASES-DEL-CONCURSO-BANDAS-ACUSTICA-UACH-2019_VF.pdf\" target=\"_blank\" rel=\"noopener noreferrer\">Bases<\/a>).<\/strong><\/p>\n<h5><strong><a href=\"https:\/\/www.acusticauach.cl\/?p=10482\">Ver Noticia<\/a><\/strong><\/h5>\n<h5><strong>Video Promocional del Concurso de Bandas Escolares AcusticaUACh<\/strong><\/h5>\n<p><iframe src=\"\/\/www.youtube.com\/embed\/pgHFF-ZZZgk?rel=0\" width=\"640\" height=\"360\" frameborder=\"0\" allowfullscreen=\"allowfullscreen\"><\/iframe><\/p>\n<h2><\/h2>\n<h5><strong>Concursos de Bandas AcusticaUACh anteriores:<\/strong><\/h5>\n<ul id=\"menu-concursobandas\" class=\"menu\">\n<li class=\"menu-item menu-item-type-post_type menu-item-object-page menu-item-6559\"><a href=\"https:\/\/www.acusticauach.cl\/?page_id=11030\">8\u00b0 Concurso de Bandas 2018<\/a><\/li>\n<li class=\"menu-item menu-item-type-post_type menu-item-object-page menu-item-6559\"><a href=\"https:\/\/www.acusticauach.cl\/?page_id=9482\">7\u00b0 Concurso de Bandas 2017<\/a><\/li>\n<li class=\"menu-item menu-item-type-post_type menu-item-object-page menu-item-6559\"><a href=\"https:\/\/www.acusticauach.cl\/?page_id=9175\">6\u00b0 Concurso de Bandas 2016<\/a><\/li>\n<li id=\"menu-item-6559\" class=\"menu-item menu-item-type-post_type menu-item-object-page menu-item-6559\"><a href=\"https:\/\/www.acusticauach.cl\/?page_id=6548\">5\u00b0 Concurso de Bandas 2015<\/a><\/li>\n<li id=\"menu-item-4637\" class=\"menu-item menu-item-type-post_type menu-item-object-page menu-item-4637\"><a href=\"https:\/\/www.acusticauach.cl\/?page_id=4144\">4o Concurso de Bandas 2014<\/a><\/li>\n<li id=\"menu-item-4640\" class=\"menu-item menu-item-type-post_type menu-item-object-page menu-item-4640\"><a href=\"https:\/\/www.acusticauach.cl\/?page_id=3162\">3er Concurso de Bandas 2013<\/a><\/li>\n<li id=\"menu-item-4639\" class=\"menu-item menu-item-type-post_type menu-item-object-page menu-item-4639\"><a href=\"https:\/\/www.acusticauach.cl\/?page_id=3173\">2o Concurso de Bandas 2012<\/a><\/li>\n<li id=\"menu-item-4638\" class=\"menu-item menu-item-type-post_type menu-item-object-page menu-item-4638\"><a href=\"https:\/\/www.acusticauach.cl\/?page_id=3242\">1er Concurso de Bandas 2011<\/a><\/li>\n<\/ul>\n<h5><strong><a href=\"https:\/\/www.flickr.com\/photos\/acusticauach\/collections\/72157690294183254\/\" target=\"_blank\" rel=\"noopener noreferrer\">Galer\u00eda de Fotos en Flikcr<\/a><\/strong><\/h5>\n<p><a data-flickr-embed=\"true\" href=\"https:\/\/www.flickr.com\/photos\/acusticauach\/sets\/72157694237342155\/\" title=\"7\u00b0 Concurso de Bandas 2017 by Acustica UACh, on Flickr\"><img decoding=\"async\" src=\"https:\/\/live.staticflickr.com\/4772\/40637384392_18db587ac7_c.jpg\" width=\"321\" height=\"800\" alt=\"7\u00b0 Concurso de Bandas 2017\"><\/a><script async src=\"https:\/\/embedr.flickr.com\/assets\/client-code.js\" charset=\"utf-8\"><\/script><\/p>\n","protected":false},"excerpt":{"rendered":"<p>La carrera de Ingenier\u00eda Civil Ac\u00fastica de la Universidad Austral invita a estudiantes secundarios del pa\u00eds a participar en el 9\u00b0 Concurso de Bandas Escolares 2019 El concurso est\u00e1 dirigido a bandas de todo Chile, que sean estudiantes regulares de ense\u00f1anza media y que posean alg\u00fan demo o canci\u00f3n in\u00e9dita de su propia autor\u00eda. El [&hellip;]<\/p>\n","protected":false},"author":2,"featured_media":5005,"parent":0,"menu_order":0,"comment_status":"closed","ping_status":"closed","template":"","meta":{"footnotes":""},"class_list":["post-4642","page","type-page","status-publish","has-post-thumbnail","hentry"],"_links":{"self":[{"href":"https:\/\/www.acusticauach.cl\/index.php?rest_route=\/wp\/v2\/pages\/4642","targetHints":{"allow":["GET"]}}],"collection":[{"href":"https:\/\/www.acusticauach.cl\/index.php?rest_route=\/wp\/v2\/pages"}],"about":[{"href":"https:\/\/www.acusticauach.cl\/index.php?rest_route=\/wp\/v2\/types\/page"}],"author":[{"embeddable":true,"href":"https:\/\/www.acusticauach.cl\/index.php?rest_route=\/wp\/v2\/users\/2"}],"replies":[{"embeddable":true,"href":"https:\/\/www.acusticauach.cl\/index.php?rest_route=%2Fwp%2Fv2%2Fcomments&post=4642"}],"version-history":[{"count":0,"href":"https:\/\/www.acusticauach.cl\/index.php?rest_route=\/wp\/v2\/pages\/4642\/revisions"}],"wp:featuredmedia":[{"embeddable":true,"href":"https:\/\/www.acusticauach.cl\/index.php?rest_route=\/wp\/v2\/media\/5005"}],"wp:attachment":[{"href":"https:\/\/www.acusticauach.cl\/index.php?rest_route=%2Fwp%2Fv2%2Fmedia&parent=4642"}],"curies":[{"name":"wp","href":"https:\/\/api.w.org\/{rel}","templated":true}]}}