{"id":4609,"date":"2014-09-26T14:02:30","date_gmt":"2014-09-26T17:02:30","guid":{"rendered":"http:\/\/www.acusticauach.cl\/?page_id=4609"},"modified":"2019-10-21T23:28:14","modified_gmt":"2019-10-22T02:28:14","slug":"ingeacus-2011","status":"publish","type":"page","link":"https:\/\/www.acusticauach.cl\/?page_id=4609","title":{"rendered":"INGEACUS 2011"},"content":{"rendered":"<h2><a href=\"https:\/\/www.acusticauach.cl\/wp-content\/uploads\/2014\/09\/AFICHE_INGEACUS2011.jpg\"><img decoding=\"async\" class=\"aligncenter wp-image-4593 size-full\" src=\"https:\/\/www.acusticauach.cl\/wp-content\/uploads\/2014\/09\/AFICHE_INGEACUS2011.jpg\" alt=\"AFICHE_INGEACUS2011\" width=\"662\" height=\"982\" srcset=\"https:\/\/www.acusticauach.cl\/wp-content\/uploads\/2014\/09\/AFICHE_INGEACUS2011.jpg 662w, https:\/\/www.acusticauach.cl\/wp-content\/uploads\/2014\/09\/AFICHE_INGEACUS2011-202x300.jpg 202w, https:\/\/www.acusticauach.cl\/wp-content\/uploads\/2014\/09\/AFICHE_INGEACUS2011-500x741.jpg 500w\" sizes=\"(max-width: 662px) 100vw, 662px\" \/><\/a><\/h2>\n<h5>INGEACUS 2011- Congreso Internacional de Ingenier\u00eda Ac\u00fastica y Audio Profesional<\/h5>\n<p>Se llev\u00f3 a cabo los d\u00edas 9,10 y 11 Noviembre en la Universidad Austral de Chile, en Valdivia.<\/p>\n<p>Se realizaron cinco conferencias invitadas: <strong>Prof. Luis Gaete<\/strong> (Universidad de Santiago de Chile), <strong>Prof. Ricardo Burdisso<\/strong> (Virginia Tech, Estados Unidos), <strong>Prof. Jaime Ramis<\/strong> (Universidad de Alicante, Espa\u00f1a),<strong> Ing. Carlos Poirot<\/strong> (Univision Network, Miami, Estados Unidos), <strong>Ing. Joaqu\u00edn Garc\u00eda<\/strong> (Independiente).<\/p>\n<p>Adem\u00e1s, se incluyeron 38 sesiones t\u00e9cnicas y otras actividades.&nbsp;<strong><a href=\"http:\/\/issuu.com\/acusticauach\/docs\/ingeacus2011\/1\" target=\"_blank\" rel=\"noopener noreferrer\">Memorias&nbsp;INGEACUS 2011 en ISSUU<\/a><\/strong><\/p>\n<h5>Comisi\u00f3n Organizadora<\/h5>\n<p><strong>\u00c1rea de Financiamiento<\/strong>: Marco Antonio Gaete Uribe, Estudiante de Ingenier\u00eda Civil Ac\u00fastica<br \/>\n\u00c1rea de Log\u00edstica y Mercadotecnia: Nicol\u00e1s Andr\u00e9s Basti\u00e1n Monarca, Estudiante Ingenier\u00eda Civil Ac\u00fastica<\/p>\n<p><strong>\u00c1rea Cient\u00edfica<\/strong>: Gabriel Jes\u00fas Gonz\u00e1lez C\u00e1ceres, Estudiante de Ingenier\u00eda Civil Ac\u00fastica, J. Jonathan H. Oberreuter \u00c1lvarez, Estudiante de Ingenier\u00eda Civil Ac\u00fastica<\/p>\n<h5>Comisi\u00f3n Colaboradora<\/h5>\n<p><strong>\u00c1rea de Financiamiento<\/strong>: Dr. Enrique Alfonso Su\u00e1rez Silva, Director Escuela Ing. Civil Ac\u00fastica, FCI, UACh<\/p>\n<p><strong>\u00c1rea de Log\u00edstica y Mercadotecnia<\/strong>: Dr. Jos\u00e9 Luis Barros Rojas, Director Instituto de Ac\u00fastica, FCI, UACh; M\u00e1ximo Sebasti\u00e1n Torres Oporto, Estudiante de Ingenier\u00eda Civil Ac\u00fastica; Osvaldo Cuadrado Corssen, Estudiante de Ingenier\u00eda Civil Ac\u00fastica<\/p>\n<p><strong>\u00c1rea Cient\u00edfica<\/strong>: Dr. Jorge Patricio Arenas Berm\u00fadez, Director Escuela de Graduados, FCI, UACh<\/p>\n<h5>Patrocinadores:<\/h5>\n<p>Facultad de Ciencias de la Ingenier\u00eda, UACh; Vicerrector\u00eda Acad\u00e9mica, UACh; Direcci\u00f3n de Investigaci\u00f3n, UACh; Ministerio de Salud MINSAL, Ministerio del Medio Ambiente MMA, Ministerio de Vivienda y Urbanismo MINVU; Sociedad Espa\u00f1ola de Ac\u00fastica SEA; Ac\u00fastica UACh; Colegio de Ingenieros Ac\u00fasticos CIAC; Federaci\u00f3n Iberoamericana de Ac\u00fastica FIA; Sociedad Chile ade Ac\u00fastica SOCHA;Vibration and Acoustic Laboratories Virginia Tech.<\/p>\n<h5>Auspiciadores<\/h5>\n<p><a href=\"http:\/\/www.volcan.cl\/\" target=\"_blank\" rel=\"noopener noreferrer\">Volc\u00e1n<\/a>, <a href=\"http:\/\/www.isover.com.ar\/\" target=\"_blank\" rel=\"noopener noreferrer\">ISOVER<\/a>, <a href=\"http:\/\/www.sonoflex.cl\/\" target=\"_blank\" rel=\"noopener noreferrer\">SONOFLEX<\/a>, <a href=\"http:\/\/www.silentium.cl\/\" target=\"_blank\" rel=\"noopener noreferrer\">Silentium<\/a>, <a href=\"http:\/\/www.knauf.cl\/\" target=\"_blank\" rel=\"noopener noreferrer\">Knauf<\/a>, <a href=\"http:\/\/www.proyectosacusticos.cl\/\" target=\"_blank\" rel=\"noopener noreferrer\">Proyectos Ac\u00fasticos<\/a>, <a href=\"http:\/\/www.tecsis.cl\/\" target=\"_blank\" rel=\"noopener noreferrer\">TECSIS<\/a>, <a href=\"http:\/\/www.controlacustico.cl\/\" target=\"_blank\" rel=\"noopener noreferrer\">Control Ac\u00fastico<\/a>, <a href=\"http:\/\/www.proacus.cl\/\" target=\"_blank\" rel=\"noopener noreferrer\">PROACUS<\/a>.<\/p>\n<h5>Memorias<\/h5>\n<div class=\"issuuembed\" style=\"width: 700px; height: 453px;\" data-configid=\"2439625\/9482688\">&nbsp;<\/div>\n<p><script src=\"\/\/e.issuu.com\/embed.js\" async=\"true\" type=\"text\/javascript\"><\/script><\/p>\n<h5>Fotograf\u00edas en Flickr<\/h5>\n<p><a data-flickr-embed=\"true\" href=\"https:\/\/www.flickr.com\/photos\/acusticauach\/albums\/72157689463062271\" title=\"INGEACUS 2011\"><img decoding=\"async\" src=\"https:\/\/live.staticflickr.com\/4739\/38993058141_d017741160_z.jpg\" width=\"640\" height=\"640\" alt=\"INGEACUS 2011\"><\/a><script async=\"\" src=\"\/\/embedr.flickr.com\/assets\/client-code.js\" charset=\"utf-8\"><\/script>&nbsp;<\/p>\n<h5>\u00c1lbum de Fotograf\u00edas en nuestro <a href=\"https:\/\/www.facebook.com\/acusticauach\" target=\"_blank\" rel=\"noopener noreferrer\">Facebook.con\/acusticauach<\/a><\/h5>\n<div id=\"fb-root\">&nbsp;<\/div>\n<p><script>\/\/ <![CDATA[ (function(d, s, id) { var js, fjs = d.getElementsByTagName(s)[0]; if (d.getElementById(id)) return; js = d.createElement(s); js.id = id; js.src = \"\/\/connect.facebook.net\/es_LA\/all.js#xfbml=1\"; fjs.parentNode.insertBefore(js, fjs); }(document, 'script', 'facebook-jssdk')); \/\/ ]]><\/script><\/p>\n<div class=\"fb-post\" data-href=\"https:\/\/www.facebook.com\/media\/set\/?set=a.719019138179729.1073741835.194362960645352&amp;type=1\" data-width=\"700\">\n<div class=\"fb-xfbml-parse-ignore\"><a href=\"https:\/\/www.facebook.com\/media\/set\/?set=a.719019138179729.1073741835.194362960645352&amp;type=1\">Publicaci\u00f3n<\/a> de <a href=\"https:\/\/www.facebook.com\/acusticauach\">Acustica UACh<\/a>.<\/div>\n<\/div>\n","protected":false},"excerpt":{"rendered":"<p>INGEACUS 2011- Congreso Internacional de Ingenier\u00eda Ac\u00fastica y Audio Profesional Se llev\u00f3 a cabo los d\u00edas 9,10 y 11 Noviembre en la Universidad Austral de Chile, en Valdivia. Se realizaron cinco conferencias invitadas: Prof. Luis Gaete (Universidad de Santiago de Chile), Prof. Ricardo Burdisso (Virginia Tech, Estados Unidos), Prof. Jaime Ramis (Universidad de Alicante, Espa\u00f1a), [&hellip;]<\/p>\n","protected":false},"author":2,"featured_media":4587,"parent":4506,"menu_order":0,"comment_status":"closed","ping_status":"closed","template":"","meta":{"footnotes":""},"class_list":["post-4609","page","type-page","status-publish","has-post-thumbnail","hentry"],"_links":{"self":[{"href":"https:\/\/www.acusticauach.cl\/index.php?rest_route=\/wp\/v2\/pages\/4609","targetHints":{"allow":["GET"]}}],"collection":[{"href":"https:\/\/www.acusticauach.cl\/index.php?rest_route=\/wp\/v2\/pages"}],"about":[{"href":"https:\/\/www.acusticauach.cl\/index.php?rest_route=\/wp\/v2\/types\/page"}],"author":[{"embeddable":true,"href":"https:\/\/www.acusticauach.cl\/index.php?rest_route=\/wp\/v2\/users\/2"}],"replies":[{"embeddable":true,"href":"https:\/\/www.acusticauach.cl\/index.php?rest_route=%2Fwp%2Fv2%2Fcomments&post=4609"}],"version-history":[{"count":0,"href":"https:\/\/www.acusticauach.cl\/index.php?rest_route=\/wp\/v2\/pages\/4609\/revisions"}],"up":[{"embeddable":true,"href":"https:\/\/www.acusticauach.cl\/index.php?rest_route=\/wp\/v2\/pages\/4506"}],"wp:featuredmedia":[{"embeddable":true,"href":"https:\/\/www.acusticauach.cl\/index.php?rest_route=\/wp\/v2\/media\/4587"}],"wp:attachment":[{"href":"https:\/\/www.acusticauach.cl\/index.php?rest_route=%2Fwp%2Fv2%2Fmedia&parent=4609"}],"curies":[{"name":"wp","href":"https:\/\/api.w.org\/{rel}","templated":true}]}}