{"id":4605,"date":"2014-09-26T13:59:32","date_gmt":"2014-09-26T16:59:32","guid":{"rendered":"http:\/\/www.acusticauach.cl\/?page_id=4605"},"modified":"2019-10-21T23:29:35","modified_gmt":"2019-10-22T02:29:35","slug":"ngeacus-2004","status":"publish","type":"page","link":"https:\/\/www.acusticauach.cl\/?page_id=4605","title":{"rendered":"INGEACUS 2004"},"content":{"rendered":"<h2><a href=\"https:\/\/www.acusticauach.cl\/wp-content\/uploads\/2014\/09\/AFICHE_INGEACUS2004.jpg\"><img decoding=\"async\" class=\"aligncenter wp-image-4592 size-full\" src=\"https:\/\/www.acusticauach.cl\/wp-content\/uploads\/2014\/09\/AFICHE_INGEACUS2004.jpg\" alt=\"AFICHE_INGEACUS2004\" width=\"622\" height=\"822\" srcset=\"https:\/\/www.acusticauach.cl\/wp-content\/uploads\/2014\/09\/AFICHE_INGEACUS2004.jpg 622w, https:\/\/www.acusticauach.cl\/wp-content\/uploads\/2014\/09\/AFICHE_INGEACUS2004-227x300.jpg 227w, https:\/\/www.acusticauach.cl\/wp-content\/uploads\/2014\/09\/AFICHE_INGEACUS2004-500x660.jpg 500w\" sizes=\"(max-width: 622px) 100vw, 622px\" \/><\/a><\/h2>\n<h5>INGEACUS 2004 &#8211; 6as Jornadas de Estudiantes de Ingenier\u00eda Ac\u00fastica &#8211; 3er Encuentro Internacional de Ac\u00fastica en Chile &#8211; 1er Congreso Ac\u00fastica + Arquitectura<\/h5>\n<p>Se llev\u00f3 a cabo del 01&nbsp;al 03 de Diciembre&nbsp;de 2004&nbsp;en la Universidad Austral de Chile, en Valdivia.<\/p>\n<p>Se realizaron ocho conferencias invitadas: <strong>Prof. Manuel Recuero<\/strong> (Universidad Polit\u00e9cnica de Madrid, Espa\u00f1a), <strong>Prof. Samir Gerges<\/strong> (Universidad Federal de Santa Catarina, Brasil), <strong>Prof. Julio Gonz\u00e1lez<\/strong> (Universidad de Valladolid, Espa\u00f1a), <strong>Prof. Alice H. Suter<\/strong> (Suter &amp; Associates, Orge\u00f3n, Estados Unidos), <strong>Prof. Antonio Moreno<\/strong> (Instituto de Ac\u00fastica, CSIC, Espa\u00f1a), <strong>Prof. Pedro Cobo<\/strong> (Instituto de Ac\u00fastica, CSIC, Espa\u00f1a), <strong>Prof. Malcolm J. Crocker<\/strong> (Auburn University, Estados Unidos), <strong>Prof. Bjorn Van Munster<\/strong> (Systems for Improved Acoustic Perfomance B.V. Holanda)<\/p>\n<p>Adem\u00e1s, se incluyeron 18 sesiones t\u00e9cnicas y otras actividades. <strong><a href=\"http:\/\/issuu.com\/acusticauach\/docs\/ingeacus2004\/1\" target=\"_blank\" rel=\"noopener noreferrer\">Memorias&nbsp;INGEACUS 2004 en ISSUU<\/a><\/strong><\/p>\n<h5>Organizaci\u00f3n<\/h5>\n<p>Juan Luis Aguayo (Presidente)<br \/>\nSof\u00eda Lehman (Vicepresidente)<br \/>\nPedro Antillanca (Secretario)<br \/>\nMaysa Morenao (Tesorero)<\/p>\n<h5>Colaboradores<\/h5>\n<p>Felipe Gald\u00e1mez (Est. Ing. Ac\u00fastica)<br \/>\nCrist\u00f3bal Albarrac\u00edn (Est. Ing. Ac\u00fastica)<br \/>\nBenjam\u00edn Ruz (Est. Ing. Ac\u00fastica)<br \/>\nCamilo Correa (Est. Ing. Civil Ac\u00fastica)<br \/>\nAlonso Matamala (Est. Ing. Civil Ac\u00fastica)<br \/>\nAlejandro Torres (Pag. Web)<br \/>\nLorena Vera (Est. Arquitectura)<br \/>\nFernanda Godoy (Est. Arquitectura)<\/p>\n<h5>Colaboradores<\/h5>\n<p>Jorge Arenas<br \/>\nJorge Sommerhoff<br \/>\nJos\u00e9 Luis Barros<br \/>\nV\u00edctor Poblete<br \/>\nAlfio Yori<br \/>\nJorge C\u00e1rdenas<br \/>\nEnrique Su\u00e1rez<br \/>\nCarolina Ipinza<\/p>\n<h5>Patrocinadores<\/h5>\n<p>Comisi\u00f3n Nacional del Medio Ambiente CONAMA, Ministerio de Vivienda y Urbanismo MINVU, Ministerio de Obras P\u00fablicas MOP, Servicio de Salud Metropolitano del Ambiente SESMA, Instituto Nacional de Normalizaci\u00f3n INN Chile, Hotel Melillanca, Ilustre Municipalidad de Valdivia, Universidad Austral de Chile, Universidad P\u00e9rez Rosales, Sociedad Chilena de Ac\u00fastica SOCHA, Sociedad Brasilera de Ac\u00fastica SOBRAC.<\/p>\n<h5>Auspiciadores<\/h5>\n<p><a href=\"http:\/\/www.controlacustico.cl\/\" target=\"_blank\" rel=\"noopener noreferrer\">Control Ac\u00fastico<\/a>, <a href=\"http:\/\/www.acusticaintegral.com\/\" target=\"_blank\" rel=\"noopener noreferrer\">Ac\u00fastica Integral<\/a>, <a href=\"http:\/\/www.silentium.cl\/\" target=\"_blank\" rel=\"noopener noreferrer\">Silentum<\/a>, <a href=\"http:\/\/www.socovesa.cl\/\" target=\"_blank\" rel=\"noopener noreferrer\">SOCOVESA<\/a>, <a href=\"http:\/\/www.tecsis.cl\/\" target=\"_blank\" rel=\"noopener noreferrer\">TECSIS<\/a>, <a href=\"http:\/\/www.volcan.cl\/\" target=\"_blank\" rel=\"noopener noreferrer\">Volc\u00e1n<\/a>.<\/p>\n<h5>Memorias<\/h5>\n<div class=\"issuuembed\" style=\"width: 700px; height: 453px;\" data-configid=\"2439625\/9482645\">&nbsp;<\/div>\n<h2><script src=\"\/\/e.issuu.com\/embed.js\" async=\"true\" type=\"text\/javascript\"><\/script><\/h2>\n<h5>Fotograf\u00edas en Flickr<\/h5>\n<p><a data-flickr-embed=\"true\" href=\"https:\/\/www.flickr.com\/photos\/acusticauach\/albums\/72157667160433569\" title=\"INGEACUS 2004\"><img decoding=\"async\" src=\"https:\/\/live.staticflickr.com\/4532\/37993777585_fa9d576542_z.jpg\" width=\"484\" height=\"640\" alt=\"INGEACUS 2004\"><\/a><script async=\"\" src=\"\/\/embedr.flickr.com\/assets\/client-code.js\" charset=\"utf-8\"><\/script>&nbsp;<\/p>\n<h5>\u00c1lbum de Fotograf\u00edas en nuestro <a href=\"https:\/\/www.facebook.com\/acusticauach\" target=\"_blank\" rel=\"noopener noreferrer\">Facebook.con\/acusticauach<\/a><\/h5>\n<div id=\"fb-root\">&nbsp;<\/div>\n<p><script>\/\/ <![CDATA[ (function(d, s, id) { var js, fjs = d.getElementsByTagName(s)[0]; if (d.getElementById(id)) return; js = d.createElement(s); js.id = id; js.src = \"\/\/connect.facebook.net\/es_LA\/all.js#xfbml=1\"; fjs.parentNode.insertBefore(js, fjs); }(document, 'script', 'facebook-jssdk')); \/\/ ]]><\/script><\/p>\n<div class=\"fb-post\" data-href=\"https:\/\/www.facebook.com\/media\/set\/?set=a.718358554912454.1073741832.194362960645352&amp;type=1\" data-width=\"700\">\n<div class=\"fb-xfbml-parse-ignore\"><a href=\"https:\/\/www.facebook.com\/media\/set\/?set=a.718358554912454.1073741832.194362960645352&amp;type=1\">Publicaci\u00f3n<\/a> de <a href=\"https:\/\/www.facebook.com\/acusticauach\">Acustica UACh<\/a>.<\/div>\n<\/div>\n","protected":false},"excerpt":{"rendered":"<p>INGEACUS 2004 &#8211; 6as Jornadas de Estudiantes de Ingenier\u00eda Ac\u00fastica &#8211; 3er Encuentro Internacional de Ac\u00fastica en Chile &#8211; 1er Congreso Ac\u00fastica + Arquitectura Se llev\u00f3 a cabo del 01&nbsp;al 03 de Diciembre&nbsp;de 2004&nbsp;en la Universidad Austral de Chile, en Valdivia. Se realizaron ocho conferencias invitadas: Prof. Manuel Recuero (Universidad Polit\u00e9cnica de Madrid, Espa\u00f1a), Prof. [&hellip;]<\/p>\n","protected":false},"author":2,"featured_media":4570,"parent":4506,"menu_order":0,"comment_status":"closed","ping_status":"closed","template":"","meta":{"footnotes":""},"class_list":["post-4605","page","type-page","status-publish","has-post-thumbnail","hentry"],"_links":{"self":[{"href":"https:\/\/www.acusticauach.cl\/index.php?rest_route=\/wp\/v2\/pages\/4605","targetHints":{"allow":["GET"]}}],"collection":[{"href":"https:\/\/www.acusticauach.cl\/index.php?rest_route=\/wp\/v2\/pages"}],"about":[{"href":"https:\/\/www.acusticauach.cl\/index.php?rest_route=\/wp\/v2\/types\/page"}],"author":[{"embeddable":true,"href":"https:\/\/www.acusticauach.cl\/index.php?rest_route=\/wp\/v2\/users\/2"}],"replies":[{"embeddable":true,"href":"https:\/\/www.acusticauach.cl\/index.php?rest_route=%2Fwp%2Fv2%2Fcomments&post=4605"}],"version-history":[{"count":0,"href":"https:\/\/www.acusticauach.cl\/index.php?rest_route=\/wp\/v2\/pages\/4605\/revisions"}],"up":[{"embeddable":true,"href":"https:\/\/www.acusticauach.cl\/index.php?rest_route=\/wp\/v2\/pages\/4506"}],"wp:featuredmedia":[{"embeddable":true,"href":"https:\/\/www.acusticauach.cl\/index.php?rest_route=\/wp\/v2\/media\/4570"}],"wp:attachment":[{"href":"https:\/\/www.acusticauach.cl\/index.php?rest_route=%2Fwp%2Fv2%2Fmedia&parent=4605"}],"curies":[{"name":"wp","href":"https:\/\/api.w.org\/{rel}","templated":true}]}}