{"id":4495,"date":"2014-09-26T18:58:59","date_gmt":"2014-09-26T21:58:59","guid":{"rendered":"http:\/\/www.acusticauach.cl\/?page_id=4495"},"modified":"2024-04-12T11:24:20","modified_gmt":"2024-04-12T15:24:20","slug":"congresos-y-seminarios-2","status":"publish","type":"page","link":"https:\/\/www.acusticauach.cl\/?page_id=4495","title":{"rendered":"Congresos y Seminarios"},"content":{"rendered":"<h5><a href=\"https:\/\/www.acusticauach.cl\/?p=11364\"><strong>2019 &#8211; II JORNADA DE SEMINARIOS INGEACUS: RUIDO AMBIENTAL<\/strong><\/a><\/h5>\n<h5><a href=\"https:\/\/www.acusticauach.cl\/wp-content\/uploads\/2016\/08\/2016_08_24_Seminario_Camara_Acustica_14.jpg\"><img decoding=\"async\" class=\"aligncenter wp-image-11365 size-full\" src=\"https:\/\/www.acusticauach.cl\/wp-content\/uploads\/2019\/08\/IIISeminario_FBlivetransmicion_1280x720.jpg\" alt=\"\" width=\"1280\" height=\"720\" srcset=\"https:\/\/www.acusticauach.cl\/wp-content\/uploads\/2019\/08\/IIISeminario_FBlivetransmicion_1280x720.jpg 1280w, https:\/\/www.acusticauach.cl\/wp-content\/uploads\/2019\/08\/IIISeminario_FBlivetransmicion_1280x720-300x169.jpg 300w, https:\/\/www.acusticauach.cl\/wp-content\/uploads\/2019\/08\/IIISeminario_FBlivetransmicion_1280x720-768x432.jpg 768w, https:\/\/www.acusticauach.cl\/wp-content\/uploads\/2019\/08\/IIISeminario_FBlivetransmicion_1280x720-1024x576.jpg 1024w, https:\/\/www.acusticauach.cl\/wp-content\/uploads\/2019\/08\/IIISeminario_FBlivetransmicion_1280x720-700x394.jpg 700w, https:\/\/www.acusticauach.cl\/wp-content\/uploads\/2019\/08\/IIISeminario_FBlivetransmicion_1280x720-500x281.jpg 500w\" sizes=\"(max-width: 1280px) 100vw, 1280px\" \/><\/a><\/h5>\n<p>En el Espacio de Postgrado del Campus Miraflores, en la Facultad de Ciencias de la Ingenier\u00eda de la Universidad Austral de Chile se llev\u00f3 a cabo la jornada organizada por INGEACUS. Esta vez, la actividad se dedic\u00f3 al Ruido Ambiental. Las Jornadas cont\u00f3 con invitados nacionales del Ministerio del Medio Ambiente y dos profesores extranjeros, y se abordar\u00e1n aspectos de Control de Ruido Ambiental y Modelaci\u00f3n en ac\u00fastica ambiental.<\/p>\n<p><strong><a href=\"https:\/\/www.acusticauach.cl\/?p=11364\">M\u00e1s Informaci\u00f3n<\/a><\/strong><\/p>\n<p><strong>Disponible el registro de la emisi\u00f3n en vivo en nuestro canal de\u00a0<a href=\"https:\/\/www.youtube.com\/user\/acusticauach\" target=\"_blank\" rel=\"noopener\">Youtube\/acusticauach<\/a>\u00a0<a href=\"https:\/\/www.youtube.com\/live\/eBXkTOc2ikg?feature=shared\" target=\"_blank\" rel=\"noopener\">https:\/\/www.youtube.com\/live\/eBXkTOc2ikg?feature=shared<\/a><\/strong><\/p>\n<p><strong>Parte I\u00a0<a href=\"https:\/\/youtu.be\/oUkUVVSTNs4\">https:\/\/youtu.be\/oUkUVVSTNs4<\/a><\/strong><\/p>\n<p><strong>Part II<a href=\"https:\/\/youtu.be\/-mbGv14xHWY\">\u00a0https:\/\/youtu.be\/-mbGv14xHWY<\/a><\/strong><\/p>\n<h5><a href=\"https:\/\/www.acusticauach.cl\/?p=10641\"><strong>2018 &#8211; I 1\u00b0 ENCUENTRO DE MUJERES EN AC\u00daSTICA<\/strong><\/a><\/h5>\n<p><a href=\"https:\/\/www.acusticauach.cl\/wp-content\/uploads\/2016\/08\/2016_08_24_Seminario_Camara_Acustica_14.jpg\"><img decoding=\"async\" class=\"aligncenter wp-image-10640 size-full\" src=\"https:\/\/www.acusticauach.cl\/wp-content\/uploads\/2018\/11\/Banner-I_Encunetro_de_Mujeres_en_Acustica_1000x340.jpg\" alt=\"\" width=\"1000\" height=\"340\" srcset=\"https:\/\/www.acusticauach.cl\/wp-content\/uploads\/2018\/11\/Banner-I_Encunetro_de_Mujeres_en_Acustica_1000x340.jpg 1000w, https:\/\/www.acusticauach.cl\/wp-content\/uploads\/2018\/11\/Banner-I_Encunetro_de_Mujeres_en_Acustica_1000x340-300x102.jpg 300w, https:\/\/www.acusticauach.cl\/wp-content\/uploads\/2018\/11\/Banner-I_Encunetro_de_Mujeres_en_Acustica_1000x340-768x261.jpg 768w, https:\/\/www.acusticauach.cl\/wp-content\/uploads\/2018\/11\/Banner-I_Encunetro_de_Mujeres_en_Acustica_1000x340-700x238.jpg 700w, https:\/\/www.acusticauach.cl\/wp-content\/uploads\/2018\/11\/Banner-I_Encunetro_de_Mujeres_en_Acustica_1000x340-500x170.jpg 500w\" sizes=\"(max-width: 1000px) 100vw, 1000px\" \/><\/a><\/p>\n<p>El Instituto de Ac\u00fastica de la Universidad Austral de Chile y el Congreso Internacional de Ac\u00fastica y Audio Profesional INGEACUS, organizaron el 1\u00b0 Encuentro de Mujeres en Ac\u00fastica, espacio de conversaci\u00f3n para estudiantes, docentes y profesionales en Ac\u00fastica y sus diversas \u00e1reas, enfocado a reflexionar sobre el rol de la mujer y las barreras invisibles que se presentan tanto en el \u00e1mbito laboral como personal que afecta su progreso profesional en Ingenier\u00eda Ac\u00fastica.<\/p>\n<p>Esta actividad se realiz\u00f3 el viernes 23 de noviembre, desde las 09:00 horas, en la Facultad de Ciencias de la Ingenier\u00eda, Campus Miraflores, y cuenta con la colaboraci\u00f3n del Proyecto Innoving 2030, Red de Egresados UACh, el Centro de Alumnos de Ingenier\u00eda Civil Ac\u00fastica, la Sociedad Chilena de Ac\u00fastica (SOCHA) y el Colegio de Ingenieros en Ac\u00fastica A.G.<\/p>\n<p><strong><a href=\"https:\/\/flic.kr\/s\/aHsmrM5oHu\" target=\"_blank\" rel=\"noopener noreferrer\">Fotos<\/a><\/strong><\/p>\n<p><strong><a href=\"https:\/\/www.acusticauach.cl\/?p=10641\">M\u00e1s Informaci\u00f3n<\/a><\/strong><\/p>\n<h5><a href=\"https:\/\/www.acusticauach.cl\/?p=10519\"><strong>2018 &#8211; I JORNADA DE SEMINARIOS INGEACUS: RUIDO AMBIENTAL \u2013 AC\u00daSTICA FORENSE <\/strong><\/a><\/h5>\n<p><a href=\"https:\/\/www.acusticauach.cl\/wp-content\/uploads\/2016\/08\/2016_08_24_Seminario_Camara_Acustica_14.jpg\"><img decoding=\"async\" class=\"aligncenter wp-image-10526 size-full\" src=\"https:\/\/www.acusticauach.cl\/wp-content\/uploads\/2018\/10\/banner-ambiental-forense2.jpg\" alt=\"\" width=\"1000\" height=\"340\" srcset=\"https:\/\/www.acusticauach.cl\/wp-content\/uploads\/2018\/10\/banner-ambiental-forense2.jpg 1000w, https:\/\/www.acusticauach.cl\/wp-content\/uploads\/2018\/10\/banner-ambiental-forense2-300x102.jpg 300w, https:\/\/www.acusticauach.cl\/wp-content\/uploads\/2018\/10\/banner-ambiental-forense2-768x261.jpg 768w, https:\/\/www.acusticauach.cl\/wp-content\/uploads\/2018\/10\/banner-ambiental-forense2-700x238.jpg 700w, https:\/\/www.acusticauach.cl\/wp-content\/uploads\/2018\/10\/banner-ambiental-forense2-500x170.jpg 500w\" sizes=\"(max-width: 1000px) 100vw, 1000px\" \/><\/a><\/p>\n<p>La comisi\u00f3n organizadora del congreso internacional de ac\u00fastica y audio profesional INGEACUS, present\u00f3 esta nueva modalidad de Jornadas de Seminarios, que ser\u00e1n de car\u00e1cter semestral.<br \/>El lanzamiento de la primera versi\u00f3n, se realiz\u00f3 el mi\u00e9rcoles 17 de Octubre a partir de las 16:00 horas en el auditorio del Pabell\u00f3n Docente (Edificio 9000) de la Facultad de Ciencias de la Ingenier\u00eda del Campus Miraflores.<\/p>\n<p><strong><a href=\"https:\/\/www.flickr.com\/photos\/acusticauach\/albums\/72157697634041340\" target=\"_blank\" rel=\"noopener noreferrer\">Fotos<\/a><\/strong><\/p>\n<p><strong><a href=\"https:\/\/www.acusticauach.cl\/?p=10519\">M\u00e1s Informaci\u00f3n<\/a><\/strong><\/p>\n<h5><a href=\"https:\/\/www.acusticauach.cl\/?p=9299\"><strong>2017 &#8211; XVII SEMINARIO DE RUIDO AMBIENTAL<\/strong><\/a><\/h5>\n<p><a href=\"https:\/\/www.acusticauach.cl\/wp-content\/uploads\/2016\/08\/2016_08_24_Seminario_Camara_Acustica_14.jpg\"><img decoding=\"async\" class=\"aligncenter wp-image-9302 size-large\" src=\"https:\/\/www.acusticauach.cl\/wp-content\/uploads\/2017\/11\/2017_11_22_Seminario_MMA_08-e1511402094816-1024x578.jpg\" alt=\"\" width=\"1024\" height=\"578\" srcset=\"https:\/\/www.acusticauach.cl\/wp-content\/uploads\/2017\/11\/2017_11_22_Seminario_MMA_08-e1511402094816-1024x578.jpg 1024w, https:\/\/www.acusticauach.cl\/wp-content\/uploads\/2017\/11\/2017_11_22_Seminario_MMA_08-e1511402094816-300x169.jpg 300w, https:\/\/www.acusticauach.cl\/wp-content\/uploads\/2017\/11\/2017_11_22_Seminario_MMA_08-e1511402094816-768x433.jpg 768w, https:\/\/www.acusticauach.cl\/wp-content\/uploads\/2017\/11\/2017_11_22_Seminario_MMA_08-e1511402094816-700x395.jpg 700w, https:\/\/www.acusticauach.cl\/wp-content\/uploads\/2017\/11\/2017_11_22_Seminario_MMA_08-e1511402094816-500x282.jpg 500w, https:\/\/www.acusticauach.cl\/wp-content\/uploads\/2017\/11\/2017_11_22_Seminario_MMA_08-e1511402094816.jpg 1588w\" sizes=\"(max-width: 1024px) 100vw, 1024px\" \/><\/a><\/p>\n<p>Acad\u00e9micos, estudiantes y profesionales del sector p\u00fablico y privado se reunieron para discutir sobre los avances en la gesti\u00f3n ambiental de control de ruido en el pa\u00eds y las futuras acciones para prevenir esta problem\u00e1tica. El XVII Seminario de Ruido Ambiental se realiz\u00f3 en el Pabell\u00f3n Docente de la Fac. de Cs. de la Ingenier\u00eda este martes 21 de noviembre y dio inicio a la semana de celebraciones del quincuag\u00e9simo aniversario de Ac\u00fastica UACh.<\/p>\n<p>Durante la actividad, la Seremi del Medio Ambiente Los R\u00edos, Carla Pe\u00f1a defini\u00f3 esta iniciativa y el trabajo realizado por Ac\u00fastica UACh en relaci\u00f3n a los mapas de ruido como una alianza estrat\u00e9gica.<\/p>\n<p><strong><a href=\"https:\/\/www.acusticauach.cl\/?p=9299\">M\u00e1s Informaci\u00f3n<\/a><\/strong><\/p>\n<p><strong>El video se encuentra en canal de <a href=\"https:\/\/www.youtube.com\/user\/acusticauach\" target=\"_blank\" rel=\"noopener\">Youtube\/acusticauach<\/a> en el siguiente enlace:\u00a0<a href=\"https:\/\/youtu.be\/IV26rWqawBU\" target=\"_blank\" rel=\"noopener\">https:\/\/youtu.be\/IV26rWqawBU<\/a><\/strong><\/p>\n<h5><a href=\"https:\/\/www.acusticauach.cl\/?p=9108\"><strong>2017 &#8211; SEMINARIO SOBRE AUDIO 3D: FUNDAMENTOS Y TECNOLOG\u00cdA EN CAMPUS MIRAFLORES<\/strong><\/a><\/h5>\n<p><a href=\"https:\/\/www.acusticauach.cl\/wp-content\/uploads\/2016\/08\/2016_08_24_Seminario_Camara_Acustica_14.jpg\"><img decoding=\"async\" class=\"aligncenter wp-image-9111 size-full\" src=\"https:\/\/www.acusticauach.cl\/wp-content\/uploads\/2017\/10\/Seminario_Audio3D.jpg\" alt=\"\" width=\"1000\" height=\"339\" srcset=\"https:\/\/www.acusticauach.cl\/wp-content\/uploads\/2017\/10\/Seminario_Audio3D.jpg 1000w, https:\/\/www.acusticauach.cl\/wp-content\/uploads\/2017\/10\/Seminario_Audio3D-300x102.jpg 300w, https:\/\/www.acusticauach.cl\/wp-content\/uploads\/2017\/10\/Seminario_Audio3D-768x260.jpg 768w, https:\/\/www.acusticauach.cl\/wp-content\/uploads\/2017\/10\/Seminario_Audio3D-700x237.jpg 700w, https:\/\/www.acusticauach.cl\/wp-content\/uploads\/2017\/10\/Seminario_Audio3D-500x170.jpg 500w\" sizes=\"(max-width: 1000px) 100vw, 1000px\" \/><\/a><\/p>\n<p>El sonido 3D (o sonido espacial) es un \u00e1mbito de la ac\u00fastica que ha tomado relevancia en los \u00faltimos tiempos debido al gran aumento en la capacidad de c\u00f3mputo, lo cual ha posibilitado el procesamiento de audio en tiempo real. Este jueves 12 de octubre a las 17:30 hrs. en la sala 9202 del Pabell\u00f3n Docente (edificio 9000) se analizar\u00e1 esta tem\u00e1tica.<\/p>\n<p>El seminario fue organizado por el Instituto de Ac\u00fastica UACh y fue dictado por el invitado y experto en el \u00e1rea, Andr\u00e9s P\u00e9rez L\u00f3pez y revisar\u00e1 los fundamentos psicoac\u00fasticos de la percepci\u00f3n espacial auditiva, as\u00ed como las principales teor\u00edas, m\u00e9todos y equipamiento de audio que existen actualmente para la espacializaci\u00f3n del sonido.<\/p>\n<p><strong>El video se encuentra en el canal de\u00a0<a href=\"https:\/\/www.youtube.com\/user\/acusticauach\" target=\"_blank\" rel=\"noopener\">Youtube\/acusticauach<\/a>\u00a0en el siguiente enlace:<a href=\"https:\/\/youtu.be\/R-ASRhGqEz4\" target=\"_blank\" rel=\"noopener\">\u00a0https:\/\/youtu.be\/R-ASRhGqEz4<\/a><\/strong><\/p>\n<p><strong><a href=\"https:\/\/www.acusticauach.cl\/?p=9108\">M\u00e1s Informaci\u00f3n<\/a><\/strong><\/p>\n<h5><a href=\"https:\/\/www.acusticauach.cl\/?p=7776\"><strong>2016 &#8211; Seminario sobre Beamforming: Aplicaciones de C\u00e1mara Ac\u00fastica\u201d<\/strong><\/a><\/h5>\n<p><a href=\"https:\/\/www.acusticauach.cl\/wp-content\/uploads\/2016\/08\/2016_08_24_Seminario_Camara_Acustica_14.jpg\"><img decoding=\"async\" class=\"aligncenter wp-image-7781 size-full\" src=\"https:\/\/www.acusticauach.cl\/wp-content\/uploads\/2016\/08\/2016_08_24_Seminario_Camara_Acustica_14.jpg\" alt=\"\" width=\"1000\" height=\"563\" srcset=\"https:\/\/www.acusticauach.cl\/wp-content\/uploads\/2016\/08\/2016_08_24_Seminario_Camara_Acustica_14.jpg 1000w, https:\/\/www.acusticauach.cl\/wp-content\/uploads\/2016\/08\/2016_08_24_Seminario_Camara_Acustica_14-300x169.jpg 300w, https:\/\/www.acusticauach.cl\/wp-content\/uploads\/2016\/08\/2016_08_24_Seminario_Camara_Acustica_14-700x394.jpg 700w, https:\/\/www.acusticauach.cl\/wp-content\/uploads\/2016\/08\/2016_08_24_Seminario_Camara_Acustica_14-500x282.jpg 500w\" sizes=\"(max-width: 1000px) 100vw, 1000px\" \/><\/a><\/p>\n<p>En el Auditorio Pabell\u00f3n Docente del Campus Miraflores, se realiz\u00f3 el Seminario sobre Beamforming: Aplicaciones de C\u00e1mara Ac\u00fastica (Proyecto FONDEQUIP EMQ150118), organizado por la Facultad de Ciencias de la Ingenier\u00eda y el Instituto de Ac\u00fastica UACh.<\/p>\n<p>El seminario cont\u00f3 con la participaci\u00f3n del Ingeniero Ac\u00fastico UACh, Alfonso Moreira quien actualmente se desempe\u00f1a como Ingeniero de Aplicaci\u00f3n de Br\u00fcel &amp; Kj\u00e6r en la oficina de Estados Unidos, la empresa m\u00e1s importante a nivel mundial en el desarrollo de equipamiento para medidas en ac\u00fastica y vibraciones. Con 75 a\u00f1os y sede matriz en Dinamarca, Br\u00fcel &amp; Kj\u00e6r realiza aplicaciones tecnol\u00f3gicas en ac\u00fastica y vibraciones para el \u00e1rea aeroespacial, automotriz, medioambiental, defensa, telecomunicaciones, audio y energ\u00edas e\u00f3licas.<\/p>\n<p><strong>El video se encuentra en el canal de\u00a0<a href=\"https:\/\/www.youtube.com\/user\/acusticauach\" target=\"_blank\" rel=\"noopener\">Youtube\/acusticauach<\/a>\u00a0en el siguiente enlace:\u00a0<a href=\"https:\/\/youtu.be\/3uUPphFUkb0\" target=\"_blank\" rel=\"noopener\">https:\/\/youtu.be\/3uUPphFUkb0<\/a><\/strong>.<\/p>\n<div class=\"shortcode-accordion\">\n<div class=\"accordion-item-content accordion-hide\">\n<p><a style=\"font-size: revert; font-family: -apple-system, BlinkMacSystemFont, 'Segoe UI', Roboto, Oxygen-Sans, Ubuntu, Cantarell, 'Helvetica Neue', sans-serif;\" href=\"https:\/\/www.facebook.com\/media\/set\/?set=a.1096236727124633.1073741869.194362960645352&amp;type=1&amp;l=e557c772bd\" target=\"_blank\" rel=\"noopener noreferrer\">Ver Galer\u00eda de Fotos en Facebook<\/a><\/p>\n<\/div>\n<\/div>\n<p><strong><a href=\"https:\/\/www.acusticauach.cl\/?p=7776\">M\u00e1s Informaci\u00f3n<\/a><\/strong><\/p>\n<h5><a href=\"https:\/\/www.acusticauach.cl\/?p=7609\"><strong>2016 &#8211; Seminario de Investigaci\u00f3n de Ac\u00fastica \u201cNuevas Perspectivas del Sonido Creativo\u201d<\/strong><\/a><\/h5>\n<p><img decoding=\"async\" class=\"aligncenter wp-image-7610 size-full\" src=\"https:\/\/www.acusticauach.cl\/wp-content\/uploads\/2016\/06\/2016_06_08_Seminario_Sonido_Creativo_16.jpg\" alt=\"\" width=\"1000\" height=\"562\" srcset=\"https:\/\/www.acusticauach.cl\/wp-content\/uploads\/2016\/06\/2016_06_08_Seminario_Sonido_Creativo_16.jpg 1000w, https:\/\/www.acusticauach.cl\/wp-content\/uploads\/2016\/06\/2016_06_08_Seminario_Sonido_Creativo_16-300x169.jpg 300w, https:\/\/www.acusticauach.cl\/wp-content\/uploads\/2016\/06\/2016_06_08_Seminario_Sonido_Creativo_16-700x393.jpg 700w, https:\/\/www.acusticauach.cl\/wp-content\/uploads\/2016\/06\/2016_06_08_Seminario_Sonido_Creativo_16-500x281.jpg 500w\" sizes=\"(max-width: 1000px) 100vw, 1000px\" \/><\/p>\n<p>En el auditorio del Centro de Educaci\u00f3n Continua de la Universidad Austral se llev\u00f3 a cabo la tarde de este mi\u00e9rcoles el Seminario \u201cNuevas Perspectivas del Sonido Creativo\u201d organizado por el Instituto de Ac\u00fastica y que cont\u00f3 con relatores locales e internacionales.<\/p>\n<p>El objetivo fue mostrar y potenciar el trabajo de investigaci\u00f3n que se realiza en las \u00e1reas de la ingenier\u00eda, la m\u00fasica, artes sonoras, tecnolog\u00eda, entre otras, tanto por profesores y estudiantes de la Universidad Austral de Chile como por investigadores extranjeros.<\/p>\n<p><strong>El video Parte I se encuentra en el canal de\u00a0<a href=\"https:\/\/www.youtube.com\/user\/acusticauach\" target=\"_blank\" rel=\"noopener\">Youtube\/acusticauach<\/a>\u00a0en el siguiente enlace:\u00a0<a href=\"https:\/\/youtu.be\/wu9ZaQziFMY\" target=\"_blank\" rel=\"noopener\">https:\/\/youtu.be\/wu9ZaQziFMY<\/a><\/strong><\/p>\n<p><strong>El video Parte II se encuentra en el canal de\u00a0<a href=\"https:\/\/www.youtube.com\/user\/acusticauach\" target=\"_blank\" rel=\"noopener\">Youtube\/acusticauach<\/a>\u00a0en el siguiente enlace:\u00a0<a href=\"https:\/\/youtu.be\/ekM7XZ0D3jw\" target=\"_blank\" rel=\"noopener\">https:\/\/youtu.be\/ekM7XZ0D3jw<\/a><\/strong><\/p>\n<p><a href=\"https:\/\/www.facebook.com\/media\/set\/?set=a.1045133672234939.1073741867.194362960645352&amp;type=1&amp;l=f3e8dc1ba7\" target=\"_blank\" rel=\"noopener noreferrer\">Ver Galer\u00eda de Fotos en Facebook<\/a><\/p>\n<p><strong><a href=\"https:\/\/www.acusticauach.cl\/?p=7609\">M\u00e1s Informaci\u00f3n<\/a><\/strong><\/p>\n<h5><a href=\"https:\/\/www.acusticauach.cl\/?p=7360\">2016 &#8211; Seminario Presentaci\u00f3n Mapa de Ruido de Valdivia<\/a><\/h5>\n<p><a href=\"https:\/\/videoteca.uach.cl\/videos\/video\/1677\/\" target=\"_blank\" rel=\"noopener noreferrer\"><img decoding=\"async\" class=\"aligncenter size-full wp-image-7376\" src=\"https:\/\/www.acusticauach.cl\/wp-content\/uploads\/2016\/04\/2016_03_31_Seminario_Mapa_de_Ruido_Valdivia_04-Play.jpg\" alt=\"2016_03_31_Seminario_Mapa_de_Ruido_Valdivia_04-Play\" width=\"1000\" height=\"563\" srcset=\"https:\/\/www.acusticauach.cl\/wp-content\/uploads\/2016\/04\/2016_03_31_Seminario_Mapa_de_Ruido_Valdivia_04-Play.jpg 1000w, https:\/\/www.acusticauach.cl\/wp-content\/uploads\/2016\/04\/2016_03_31_Seminario_Mapa_de_Ruido_Valdivia_04-Play-300x169.jpg 300w, https:\/\/www.acusticauach.cl\/wp-content\/uploads\/2016\/04\/2016_03_31_Seminario_Mapa_de_Ruido_Valdivia_04-Play-700x394.jpg 700w, https:\/\/www.acusticauach.cl\/wp-content\/uploads\/2016\/04\/2016_03_31_Seminario_Mapa_de_Ruido_Valdivia_04-Play-500x282.jpg 500w\" sizes=\"(max-width: 1000px) 100vw, 1000px\" \/><\/a><\/p>\n<p>Este jueves 31 de marzo, en el Campus Miraflores UACh, la Secretar\u00eda Ministerial del Medio Ambiente y el Instituto de Ac\u00fastica de la Facultad de Ciencias de la Ingenier\u00eda UACh, presentaron los resultados del Mapa de Ruido de Valdivia, desarrollado en el marco del \u201cEstudio Mapas de Ruido de Tres Conurbaciones Mediante Software de Predicci\u00f3n\u201d, del Ministerio del Medio Ambiente y licitado a la Universidad Austral de Chile.<\/p>\n<p>Esta presentaci\u00f3n se di\u00f3 en el marco de un seminario gratuito realizado en el Edificio 9000 del Campus Miraflores a partir de las 9 am en el cual expondr\u00e1n expertos del Ministerio del Medio Ambiente y del Instituto de Ac\u00fastica quienes explicaron en detalle los resultados obtenidos en la investigaci\u00f3n. Adem\u00e1s se present\u00f3 la publicaci\u00f3n Mapa Sonoro de Valdivia, generada a partir de este proyecto.<\/p>\n<p><strong>El video Parte I se encuentra en el canal de\u00a0<a href=\"https:\/\/www.youtube.com\/user\/acusticauach\" target=\"_blank\" rel=\"noopener\">Youtube\/acusticauach<\/a>\u00a0en el siguiente enlace:<a href=\"https:\/\/youtu.be\/tcCxvrIER_k\" target=\"_blank\" rel=\"noopener\">\u00a0https:\/\/youtu.be\/tcCxvrIER_k<\/a><\/strong><\/p>\n<p><strong>El video Parte II se encuentra en el canal de\u00a0<a href=\"https:\/\/www.youtube.com\/user\/acusticauach\" target=\"_blank\" rel=\"noopener\">Youtube\/acusticauach<\/a>\u00a0en el siguiente enlace:\u00a0<a href=\"https:\/\/youtu.be\/oOWtsLfA7eo\" target=\"_blank\" rel=\"noopener\">https:\/\/youtu.be\/oOWtsLfA7eo<\/a><\/strong><\/p>\n<p><a href=\"https:\/\/www.facebook.com\/media\/set\/?set=a.1006029389478701.1073741865.194362960645352&amp;type=1&amp;l=509dafad44\" target=\"_blank\" rel=\"noopener noreferrer\">Ver Galer\u00eda de Fotos en Facebook<\/a><\/p>\n<p><strong><a href=\"https:\/\/www.acusticauach.cl\/?p=7369\">M\u00e1s Informaci\u00f3n<\/a><\/strong><\/p>\n<p><strong><a href=\"http:\/\/www.mapa.acusticauach.cl\/\" target=\"_blank\" rel=\"noopener noreferrer\">Visitar www.mapa.acusticauach.cl<\/a><\/strong><\/p>\n<h5><a href=\"https:\/\/www.acusticauach.cl\/?page_id=6882\"><strong>2015 &#8211; Simposio sobre Creatividad, Sonido y Tecnolog\u00eda<\/strong><\/a><\/h5>\n<p><a href=\"https:\/\/www.acusticauach.cl\/?page_id=6882\"><img decoding=\"async\" class=\"alignright size-full wp-image-7128\" src=\"https:\/\/www.acusticauach.cl\/wp-content\/uploads\/2014\/09\/simposio-1.jpg\" alt=\"simposio -1\" width=\"1000\" height=\"560\" srcset=\"https:\/\/www.acusticauach.cl\/wp-content\/uploads\/2014\/09\/simposio-1.jpg 1000w, https:\/\/www.acusticauach.cl\/wp-content\/uploads\/2014\/09\/simposio-1-300x168.jpg 300w, https:\/\/www.acusticauach.cl\/wp-content\/uploads\/2014\/09\/simposio-1-700x392.jpg 700w, https:\/\/www.acusticauach.cl\/wp-content\/uploads\/2014\/09\/simposio-1-500x280.jpg 500w\" sizes=\"(max-width: 1000px) 100vw, 1000px\" \/><\/a><br \/>El objetivo del simposio fue generar un espacio para que investigadores y artistas nacionales ligados al sonido y los nuevos medios puedan mostrar y discutir sus trabajos de investigaci\u00f3n en un ambiente inclusivo y transdisciplinario. Se trataron t\u00f3picos que abarcan, entre otros, sonido especializado, s\u00edntesis digital, percepci\u00f3n del sonido, sonido y danza, dise\u00f1o sonoro, interactividad y el dise\u00f1o e implementaci\u00f3n de aplicaciones de hardware y software para proyectos musicales.<\/p>\n<p>El simposio cont\u00f3 con la participaci\u00f3n del destacado compositor e investigador Nicolas Collins del School of the Art Institute of Chicago, quien realiz\u00f3 una clase magistral, un taller y un concierto ligado al festival Relincha que se realiz\u00f3 de forma paralela al simposio en el Museo de Arte Contempor\u00e1nea de Valdivia.<\/p>\n<p>El evento fue\u00a0gratuito y cont\u00f3 con la participaci\u00f3n de docentes, investigadores y estudiantes de pregrado y posgrado de la Universidad Austral de Chile.<\/p>\n<p><a href=\"https:\/\/www.facebook.com\/media\/set\/?set=a.930205993727708.1073741860.194362960645352&amp;type=1&amp;l=224c89df43\" target=\"_blank\" rel=\"noopener noreferrer\">Ver galer\u00eda de Fotos en Facebook<\/a><\/p>\n<p><strong><a href=\"https:\/\/www.acusticauach.cl\/?page_id=6882\">M\u00e1s Informaci\u00f3n<\/a><\/strong><\/p>\n<p><strong>Los videos se encuentran en el canal de <a href=\"https:\/\/www.youtube.com\/user\/acusticauach\" target=\"_blank\" rel=\"noopener\">Youtube\/acusticauach<\/a> en los siguientes enlaces:<a href=\"https:\/\/www.youtube.com\/playlist?list=PL_DO5LlHuBcsYSxSEOQdSuJtp2KoVug2n\" target=\"_blank\" rel=\"noopener\"> https:\/\/www.youtube.com\/playlist?list=PL_DO5LlHuBcsYSxSEOQdSuJtp2KoVug2n<\/a><\/strong><\/p>\n<ol>\n<li><strong>Javier Jaimovich.<a href=\"https:\/\/youtu.be\/oHqkJmq-fJQ\" target=\"_blank\" rel=\"noopener\"> https:\/\/youtu.be\/oHqkJmq-fJQ<\/a><\/strong><\/li>\n<li><strong>Felipe Otondo y Rodrigo Torres<a href=\"https:\/\/youtu.be\/NlJ3tT_8k0A\" target=\"_blank\" rel=\"noopener\"> https:\/\/youtu.be\/NlJ3tT_8k0A<\/a><\/strong><\/li>\n<li><strong>Federico Schumacher &amp; Claudio Fuentes <a href=\"https:\/\/youtu.be\/pt9_ASxg0CI\" target=\"_blank\" rel=\"noopener\">https:\/\/youtu.be\/pt9_ASxg0CI<\/a><\/strong><\/li>\n<li><strong>Sergio N\u00fa\u00f1ez <a href=\"https:\/\/www.youtube.com\/live\/eBXkTOc2ikg?feature=shared\" target=\"_blank\" rel=\"noopener\">https:\/\/youtu.be\/vWbelyZDIqY<\/a><\/strong><\/li>\n<li><strong>Nicolas Collins <a href=\"https:\/\/youtu.be\/fenQNBQdgUE\" target=\"_blank\" rel=\"noopener\">https:\/\/youtu.be\/fenQNBQdgUE<\/a><\/strong><\/li>\n<li><strong>Mesa redonda1 <a href=\"https:\/\/youtu.be\/qtMr0a-NKh8\" target=\"_blank\" rel=\"noopener\">https:\/\/youtu.be\/qtMr0a-NKh8<\/a><\/strong><\/li>\n<li><strong>Mesa redonda2 <a href=\"https:\/\/youtu.be\/8kuve-nSSrk\" target=\"_blank\" rel=\"noopener\">https:\/\/youtu.be\/8kuve-nSSrk<\/a><\/strong><\/li>\n<\/ol>\n<h5><strong><a href=\"http:\/\/www.fia2014.cl\/\" target=\"_blank\" rel=\"noopener noreferrer\">2014 &#8211; IX Congreso Iberoamericano de Ac\u00fastica FIA2014<\/a><\/strong><\/h5>\n<p><iframe src=\"https:\/\/www.youtube.com\/embed\/JBeoLvRKT-c?list=PL_DO5LlHuBcs8YXKn2o-cJfA-3Ex9QlYp\" width=\"700\" height=\"394\" frameborder=\"0\" allowfullscreen=\"allowfullscreen\"><\/iframe><br \/>Volviendo a sus ra\u00edces, y habiendo la Federaci\u00f3n Iberoamericana de Ac\u00fastica FIA adjudicado la sede del IX Congreso a Chile durante su consejo directivo de Canc\u00fan 2010 en M\u00e9xico, el a\u00f1o 2014, la organizaci\u00f3n de Noveno Congreso Iberoamericano de Ac\u00fastica se desarroll\u00f3 ciudad de Valdivia gracias al\u00a0trabajo conjunto de la Sociedad Chilena de Ac\u00fastica, y el Instituto de Ac\u00fastica y la Escuela de Ingenier\u00eda Ac\u00fastica de la Universidad Austral de Chile.<\/p>\n<p><img decoding=\"async\" class=\"size-full wp-image-5318 alignnone\" src=\"https:\/\/www.acusticauach.cl\/wp-content\/uploads\/2014\/09\/FIA2014_01.jpg\" alt=\"FIA2014_01\" width=\"900\" height=\"506\" srcset=\"https:\/\/www.acusticauach.cl\/wp-content\/uploads\/2014\/09\/FIA2014_01.jpg 900w, https:\/\/www.acusticauach.cl\/wp-content\/uploads\/2014\/09\/FIA2014_01-300x168.jpg 300w, https:\/\/www.acusticauach.cl\/wp-content\/uploads\/2014\/09\/FIA2014_01-700x393.jpg 700w, https:\/\/www.acusticauach.cl\/wp-content\/uploads\/2014\/09\/FIA2014_01-500x281.jpg 500w\" sizes=\"(max-width: 900px) 100vw, 900px\" \/>As\u00ed,\u00a0del 1 al 3 de diciembre de 2014, en el\u00a0Centro de Convenciones del Hotel Dreams Pedro de Valdivia, en la ciudad de Valdivia, se llev\u00f3 a cabo\u00a0un exitoso congreso que convoc\u00f3 a m\u00e1s de 250 personas de Latinoam\u00e9rica y Europa. Se presentaron sobre 150 trabajos t\u00e9cnicos, y una exposici\u00f3n de empresas y productos en ac\u00fastica. Tambi\u00e9n se cont\u00f3 con conferencistas invitados, entre ellos: <strong><a href=\"https:\/\/youtu.be\/RQTX11xbmVc?list=PL_DO5LlHuBcs8YXKn2o-cJfA-3Ex9QlYp\" target=\"_blank\" rel=\"noopener noreferrer\">J. Luis Bento Coelho<\/a><\/strong> (Instituto Superior T\u00e9cnico, Universidad T\u00e9cnica de Lisboa, Portugal); <strong><a href=\"https:\/\/youtu.be\/hBHjtE8ubeo?list=PL_DO5LlHuBcs8YXKn2o-cJfA-3Ex9QlYp\" target=\"_blank\" rel=\"noopener noreferrer\">Ricardo Burdisso<\/a><\/strong> (Departamento de Ingenier\u00eda Mec\u00e1nica, VirginiaTech, Estados Unidos); <strong><a href=\"https:\/\/youtu.be\/b3TY_fkLJ2I?list=PL_DO5LlHuBcs8YXKn2o-cJfA-3Ex9QlYp\" target=\"_blank\" rel=\"noopener noreferrer\">Christopher Feulliade<\/a><\/strong> (Facultad de F\u00edsica, Pontificia Universidad Cat\u00f3lica de Chile, Santiago, Chile); <strong><a href=\"https:\/\/youtu.be\/KM2GKoXC5TA\" target=\"_blank\" rel=\"noopener noreferrer\">Samir N. Y. Gerges<\/a><\/strong> (Universidade Federal de Santa Catarina e Instituto Federal de Santa Catarina, Florian\u00f3polis, Brasil); <strong><a href=\"https:\/\/youtu.be\/ja1lgwsvmW0?list=PL_DO5LlHuBcs8YXKn2o-cJfA-3Ex9QlYp\" target=\"_blank\" rel=\"noopener noreferrer\">Mar\u00eda Machimbera<\/a><\/strong> (Departamento de F\u00edsica Aplicada de la ETS de Arquitectura de la Universidad de Valladolid, Espa\u00f1a); <strong><a href=\"https:\/\/youtu.be\/j8dLD_7QJG4?list=PL_DO5LlHuBcs8YXKn2o-cJfA-3Ex9QlYp\" target=\"_blank\" rel=\"noopener noreferrer\">Andr\u00e9s Mayo<\/a><\/strong> (Andr\u00e9s Mayo Mastering &amp; Audio Post, Argentina).<\/p>\n<p>Este congreso fue parte de las actividades de conmemoraci\u00f3n de los 60 a\u00f1os de la UACh.<\/p>\n<p><strong><a href=\"http:\/\/www.fia2014.cl\" target=\"_blank\" rel=\"noopener noreferrer\">Visitar www.fia2014.cl<\/a><\/strong><\/p>\n<p>El <strong>Libro de Actas del IX Congreso Iberoamericano de Ac\u00fastica FIA2014<\/strong> (Valdivia) est\u00e1 disponible en nuestro <a href=\"https:\/\/pubhtml5.com\/bookcase\/xvqwu\/\" target=\"_blank\" rel=\"noopener\">PUBHTML5<\/a>:<\/p>\n<ul>\n<li>Parte 1 de 4, p\u00e1ginas 1 a 372.<a href=\"https:\/\/online.pubhtml5.com\/ipwbp\/ngdo\/\" target=\"_blank\" rel=\"noopener\"> https:\/\/online.pubhtml5.com\/ipwbp\/ngdo\/<\/a><\/li>\n<li>Parte 2 de 4, p\u00e1ginas 373 a 800. <a href=\"https:\/\/online.pubhtml5.com\/ipwbp\/aamc\/\" target=\"_blank\" rel=\"noopener\">https:\/\/online.pubhtml5.com\/ipwbp\/aamc\/<\/a><\/li>\n<li>Parte 3 de 4, p\u00e1ginas 801 a 1181.\u00a0 <a href=\"https:\/\/online.pubhtml5.com\/ipwbp\/uqtf\/\" target=\"_blank\" rel=\"noopener\">https:\/\/online.pubhtml5.com\/ipwbp\/uqtf\/<\/a><\/li>\n<li>Parte 4 de 4, p\u00e1ginas 1182 a 1528. <a href=\"https:\/\/online.pubhtml5.com\/ipwbp\/wcpd\/\" target=\"_blank\" rel=\"noopener\">https:\/\/online.pubhtml5.com\/ipwbp\/wcpd\/<\/a><\/li>\n<\/ul>\n<p><strong><a href=\"https:\/\/www.acusticauach.cl\/?p=5193\">Ver Prensa 1<\/a> \/\u00a0<a href=\"https:\/\/www.acusticauach.cl\/?p=5106\">Ver Prensa2<\/a>\u00a0\/\u00a0<a href=\"https:\/\/www.acusticauach.cl\/?p=5161\">Ver Prensa3<\/a><\/strong>\u00a0\/ <a href=\"https:\/\/www.acusticauach.cl\/?p=5182\"><strong>Ver Prensa4<\/strong><\/a>\u00a0\/ <a href=\"https:\/\/www.acusticauach.cl\/?p=5111\"><strong>Ver Prensa5<\/strong><\/a>\u00a0\/ <a href=\"https:\/\/www.acusticauach.cl\/?p=5197\"><strong>Ver Prensa6<\/strong><\/a>\u00a0\/ <a href=\"https:\/\/www.facebook.com\/media\/set\/?set=a.751523691595940.1073741843.194362960645352&amp;type=1&amp;l=c69f123518\" target=\"_blank\" rel=\"noopener noreferrer\">Ver Fotos (Album en Facebook\/acusticauach)<\/a>\u00a0\/ <strong><a href=\"https:\/\/www.youtube.com\/playlist?list=PL_DO5LlHuBcs8YXKn2o-cJfA-3Ex9QlYp\" target=\"_blank\" rel=\"noopener noreferrer\">Ver videos (15)<\/a><\/strong><\/p>\n<h5><strong>2014 &#8211; Simposio AES Chile<\/strong><\/h5>\n<h2><a href=\"https:\/\/www.acusticauach.cl\/wp-content\/uploads\/2014\/09\/Simposio_AES-Chile_01.jpg\"><img decoding=\"async\" class=\"size-full wp-image-5314 alignnone\" src=\"https:\/\/www.acusticauach.cl\/wp-content\/uploads\/2014\/09\/Simposio_AES-Chile_01.jpg\" alt=\"Simposio_AES-Chile_01\" width=\"1000\" height=\"562\" srcset=\"https:\/\/www.acusticauach.cl\/wp-content\/uploads\/2014\/09\/Simposio_AES-Chile_01.jpg 1000w, https:\/\/www.acusticauach.cl\/wp-content\/uploads\/2014\/09\/Simposio_AES-Chile_01-300x168.jpg 300w, https:\/\/www.acusticauach.cl\/wp-content\/uploads\/2014\/09\/Simposio_AES-Chile_01-700x393.jpg 700w, https:\/\/www.acusticauach.cl\/wp-content\/uploads\/2014\/09\/Simposio_AES-Chile_01-500x281.jpg 500w\" sizes=\"(max-width: 1000px) 100vw, 1000px\" \/><\/a><\/h2>\n<p>En coordinaci\u00f3n con el IX Congreso Iberoamericano de Ac\u00fastica (1 al 3 de diciembre), el d\u00eda lunes 01 de diciembre de 2014 por la ma\u00f1ana, la secci\u00f3n chilena de la Audio Engineering Society organiza con la colaboraci\u00f3n conjunta de la carrera de Ingenier\u00eda Civil Ac\u00fastica de la Universidad Austral de Chile, y la Sociedad Chilena de Ac\u00fastica, el Simposio de AES Chile 2014. Este Simposio permiti\u00f3 un punto de reuni\u00f3n y presentaciones en el \u00e1rea de Audio Profesional, con destacados exponentes a nivel internacional.<\/p>\n<p>El programa contempl\u00f3 una conferencia \u201cMastering\u201d a cargo de Andr\u00e9s Mayo (Ingeniero de Audio, especializado en Masterizaci\u00f3n. Presidente de la Audio Engineering Society), una segunda conferencia \u201cGesti\u00f3n de Loudness\u201d, presentada por el Sr. Carlos Watanabe (Dolby, Director Regional para Latinoam\u00e9rica de Dolby Laboratories), y finaliz\u00f3 con una Mesa Redonda: \u201cEl papel de la AES en la educaci\u00f3n y en la industria\u201d, donde intervinieron empresarios y acad\u00e9micos del \u00e1rea de audio profesional en Chile.<\/p>\n<h5><a href=\"http:\/\/www.socha.cl\/?page_id=715\" target=\"_blank\" rel=\"noopener noreferrer\"><strong>2014 &#8211; XIV Seminario de Ac\u00fastica Ambiental<\/strong><\/a><\/h5>\n<p><a href=\"https:\/\/www.acusticauach.cl\/wp-content\/uploads\/2014\/09\/Seminario_MMA_01.jpg\"><img decoding=\"async\" class=\"size-full wp-image-5311 alignnone\" src=\"https:\/\/www.acusticauach.cl\/wp-content\/uploads\/2014\/09\/Seminario_MMA_01.jpg\" alt=\"Seminario_MMA_01\" width=\"1000\" height=\"562\" srcset=\"https:\/\/www.acusticauach.cl\/wp-content\/uploads\/2014\/09\/Seminario_MMA_01.jpg 1000w, https:\/\/www.acusticauach.cl\/wp-content\/uploads\/2014\/09\/Seminario_MMA_01-300x168.jpg 300w, https:\/\/www.acusticauach.cl\/wp-content\/uploads\/2014\/09\/Seminario_MMA_01-700x393.jpg 700w, https:\/\/www.acusticauach.cl\/wp-content\/uploads\/2014\/09\/Seminario_MMA_01-500x281.jpg 500w\" sizes=\"(max-width: 1000px) 100vw, 1000px\" \/><\/a><\/p>\n<p>En el contexto del IX Congreso Iberoamericano de Ac\u00fastica (1 al 3 de diciembre), el Ministerio del Medio Ambiente y la Sociedad Chilena de Ac\u00fastica llevan a cabo el\u00a0 XIV Seminario de Ac\u00fastica Ambiental\u00a0el lunes 01 de diciembre de 2014 por la ma\u00f1ana. Este es un espacio de discusi\u00f3n sobre las materias relevantes en Chile vinculadas con la gesti\u00f3n del ruido ambiental.\u00a0AcusticaUACh hace de anfitri\u00f3n, tal como el a\u00f1o 2011, haciendo posible que este seminario se realice fuera de Santiago por segunda vez.<\/p>\n<p>El programa contempl\u00f3 la participaci\u00f3n de Felipe Loaiza (Superintendencia del Medio Ambiente), Mauricio S\u00e1nchez (Instituto de Salud P\u00fablica), J. L. Bento Coelho (Instituto Superior T\u00e9cnico, Univ. T\u00e9cnica de Lisboa, Portugal), y una Mesa Redonda con Nilda Vechiatti (Argentina), Dinara X Da Paixao (Brasil), Fausto Rodr\u00edguez (M\u00e9xico), Igor Valdebenito (Chile).<\/p>\n<p><strong><a href=\"https:\/\/www.acusticauach.cl\/wp-content\/uploads\/2014\/09\/Programa_Seminario_MMA-SOCHA.jpg\" target=\"_blank\" rel=\"noopener noreferrer\">Ver Programa<\/a>\u00a0\/ <a href=\"https:\/\/www.acusticauach.cl\/?p=5182\">Ver Prensa<\/a><\/strong><\/p>\n<h5><a href=\"https:\/\/www.acusticauach.cl\/?p=3952\"><strong>2014 &#8211; Seminario sobre Modelamiento de Ruido Ambiental<\/strong><\/a><\/h5>\n<p><a href=\"https:\/\/www.acusticauach.cl\/wp-content\/uploads\/2014\/03\/Seminario_BK_01.jpg\"><img decoding=\"async\" class=\"aligncenter wp-image-3953\" src=\"https:\/\/www.acusticauach.cl\/wp-content\/uploads\/2014\/03\/Seminario_BK_01.jpg\" alt=\"Seminario_BK_01\" width=\"700\" height=\"394\" srcset=\"https:\/\/www.acusticauach.cl\/wp-content\/uploads\/2014\/03\/Seminario_BK_01.jpg 600w, https:\/\/www.acusticauach.cl\/wp-content\/uploads\/2014\/03\/Seminario_BK_01-300x169.jpg 300w, https:\/\/www.acusticauach.cl\/wp-content\/uploads\/2014\/03\/Seminario_BK_01-500x281.jpg 500w\" sizes=\"(max-width: 700px) 100vw, 700px\" \/><\/a><\/p>\n<p>El 31 de marzo de 2014, en la Facultad de Ciencias de la Ingenier\u00eda de la UACh se realiz\u00f3 el seminario \u201cPredicci\u00f3n de Ruido Ambiental con software Predictor-LimA\u201d, organizado por la empresa Br\u00fcel &amp; Kj\u00e6r, l\u00edder mundial en equipos para medici\u00f3n de sonido y vibraciones, con m\u00e1s de 70 a\u00f1os de experiencia, en conjunto con su representante local en Chile, Tecsis Ltda.<\/p>\n<p>Los exponentes fueron el Sr. Erwin Hartog van Banda, Consultor Senior en software e I.T., de la empresa holandesa DGMR, y el ex alumno UACh Sr. Alfonso Moreira (Ing. Ac\u00fastico de la UACh), Ingeniero de Aplicaciones de la empresa Br\u00fcel &amp; Kj\u00e6r Norteam\u00e9rica.<\/p>\n<p><strong><a href=\"https:\/\/www.acusticauach.cl\/?p=3952\">Ver m\u00e1s<\/a>.\u00a0<\/strong><\/p>\n<h5><a href=\"https:\/\/www.acusticauach.cl\/?p=2460\"><strong>2012 &#8211; Coloquios Ac\u00fasticos<\/strong><\/a><\/h5>\n<p><a href=\"https:\/\/www.acusticauach.cl\/wp-content\/uploads\/2012\/11\/DSC_4825.jpg\"><img decoding=\"async\" class=\"aligncenter wp-image-2461\" src=\"https:\/\/www.acusticauach.cl\/wp-content\/uploads\/2012\/11\/DSC_4825.jpg\" alt=\"Ing. Acustico, Igor Valdebenito (MMA)\" width=\"700\" height=\"464\" srcset=\"https:\/\/www.acusticauach.cl\/wp-content\/uploads\/2012\/11\/DSC_4825.jpg 1509w, https:\/\/www.acusticauach.cl\/wp-content\/uploads\/2012\/11\/DSC_4825-300x198.jpg 300w, https:\/\/www.acusticauach.cl\/wp-content\/uploads\/2012\/11\/DSC_4825-1024x678.jpg 1024w, https:\/\/www.acusticauach.cl\/wp-content\/uploads\/2012\/11\/DSC_4825-700x463.jpg 700w, https:\/\/www.acusticauach.cl\/wp-content\/uploads\/2012\/11\/DSC_4825-500x331.jpg 500w\" sizes=\"(max-width: 700px) 100vw, 700px\" \/><\/a><\/p>\n<p>Del 19 de octubre al 30 de noviembre de 2012 se realizaron los Coloquios Ac\u00fasticos. Esta es una actividad creada y formalizada por estudiantes de Ingenier\u00eda Civil Ac\u00fastica, bajo el alero de la Escuela de Ing. Civil Ac\u00fastica. Este ciclo de encuentros gener\u00f3 una instancia donde se re\u00fane la comunidad de la Facultad de Ciencias de la Ingenier\u00eda, tanto alumnos como docentes, para hablar de ingenier\u00eda y ac\u00fastica.<\/p>\n<p>Los temas y expositores fueron:\u00a0Gabriel Gonz\u00e1lez (est. Ing. Civil Ac\u00fastica): \u201cTomograf\u00eda Ac\u00fastica aplicada a la caracterizaci\u00f3n de flujos aerodin\u00e1micos en t\u00faneles de viento. Simulaci\u00f3n num\u00e9rica\u201d, (Proyecto Tesis de Pregrado). Jonathan Oberreuter (est. Ing. Civil Ac\u00fastica)): \u201cEstudio experimental de la correlaci\u00f3n entre la intensidad ac\u00fastica y los par\u00e1metros objetivos de la ac\u00fastica de salas\u201d, (Proyecto Tesis de Pregrado). Dr. Jorge Arenas (Profesor de\u00a0Ing. Civil Ac\u00fastica)): \u201cMateriales absorbentes sonoros en base a reciclados\u201d;\u00a0Nicol\u00e1s Basti\u00e1n ((est. Ing. Civil Ac\u00fastica)): \u201cElaboraci\u00f3n de Mapa de Ruido de la cuidad de Valdivia mediante software de modelaci\u00f3n utilizando m\u00e9todos de simplificaci\u00f3n (Proyecto Tesis de Pregrado); Pablo Zurita (est. Ing. Civil Ac\u00fastica)\u00a0\u201cRecomendaciones para el dise\u00f1o, desarrollo y presentaci\u00f3n de Mapas Ac\u00fasticos\u201d (Proyecto Tesis de Pregrado); Dr. Enrique Su\u00e1rez (Profesor de\u00a0Ing. Civil Ac\u00fastica)): \u201cMapa de Ruido del Gran Santiago\u201d;\u00a0Ing. Igor Valdebenito, del Ministerio del Medio Ambiente, \u00abNueva norma que regula el ruido proveniente de diversas fuentes: el Decreto Supremo N\u00ba 38, a\u00f1o 2012, del Ministerio del Medio Ambiente;\u00a0Juan Felipe Schmidt (est. Ing. Civil Ac\u00fastica) \u201cMejoramiento de una Caja Ac\u00fastica mediante utilizaci\u00f3n de l\u00e1minas dobles desacopladas\u201d (Proyecto Tesis de Pregrado). Dr. Jorge Sommerhoff (Profesor de\u00a0Ing. Civil Ac\u00fastica) \u201cIntiligibilidad de la palabra en salas de clases\u201d;\u00a0Dr. Jes\u00fas Alba Fern\u00e1ndez (Profesor Univ. Polit\u00e9cnica de Valencia), \u00abEstado actual de la normativa ac\u00fastica espa\u00f1ola en edificaci\u00f3n: El Documento B\u00e1sico de Protecci\u00f3n Frente al Ruido del C\u00f3digo T\u00e9cnico de la Edificaci\u00f3n\u00bb; y Dra. Romina del Rey Tormos (Profesora Univ. Polit\u00e9cnica de Valencia) \u00abT\u00e9cnicas de ensayos ac\u00fasticos para caracterizaci\u00f3n de materiales y dispositivos\u00bb.<\/p>\n<p><a href=\"https:\/\/www.acusticauach.cl\/?p=1993\"><strong>Ver m\u00e1s<\/strong><\/a> \u00a0\/ <a href=\"https:\/\/www.acusticauach.cl\/?p=2460\"><strong>Ver m\u00e1s<\/strong><\/a> \u00a0\/\u00a0<a href=\"https:\/\/www.acusticauach.cl\/?p=2817\"><strong>Ver m\u00e1s<\/strong><\/a>.<\/p>\n<h5><strong><a href=\"https:\/\/www.acusticauach.cl\/?p=1500\">2012 &#8211; Seminario Mezcla y Dise\u00f1o de Sonido Para Proyectos Audiovisuales<\/a><\/strong><\/h5>\n<p><a href=\"https:\/\/www.acusticauach.cl\/wp-content\/uploads\/2012\/10\/Seminario-Audio-en-Cine-08.jpg\"><img decoding=\"async\" class=\"aligncenter wp-image-2370\" src=\"https:\/\/www.acusticauach.cl\/wp-content\/uploads\/2012\/10\/Seminario-Audio-en-Cine-08.jpg\" alt=\"Seminario Audio en Cine 08\" width=\"700\" height=\"350\" srcset=\"https:\/\/www.acusticauach.cl\/wp-content\/uploads\/2012\/10\/Seminario-Audio-en-Cine-08.jpg 800w, https:\/\/www.acusticauach.cl\/wp-content\/uploads\/2012\/10\/Seminario-Audio-en-Cine-08-300x150.jpg 300w, https:\/\/www.acusticauach.cl\/wp-content\/uploads\/2012\/10\/Seminario-Audio-en-Cine-08-700x350.jpg 700w, https:\/\/www.acusticauach.cl\/wp-content\/uploads\/2012\/10\/Seminario-Audio-en-Cine-08-500x250.jpg 500w\" sizes=\"(max-width: 700px) 100vw, 700px\" \/><\/a><\/p>\n<p>El Cine Club UACh se transform\u00f3 en un Estudio de Posproducci\u00f3n de Sonido, con el destacado ingeniero Roberto Espinoza, el 24 y 25 de octubre de 2012, se llev\u00f3 a cabo el evento. Se abordaron aspectos t\u00e9cnicos relacionados con el entorno ac\u00fastico de trabajo y la cadena electroac\u00fastica que normalmente se utiliza profesionalmente en la post producci\u00f3n de proyectos audiovisuales. Se mostraron t\u00e9cnicas b\u00e1sicas de edici\u00f3n y operaci\u00f3n utilizando la consola digital D-Command con el software Pro Tools HD. Mediante el estudio de casos se discutir\u00e1 la forma de enfrentar y organizar el trabajo en torno a los proyectos de post producci\u00f3n de sonido para cine y televisi\u00f3n. Adem\u00e1s se presentaron tres pel\u00edculas chilenas: Mapa para Conversar (Dir. Constanza Fern\u00e1ndez), Luc\u00eda (Dir. Nalles Atallah) y Bombal (Dir. Marcelo Ferrari).<\/p>\n<p><strong><a href=\"https:\/\/www.acusticauach.cl\/?p=1500\">Ver m\u00e1s.<\/a>\u00a0\/\u00a0<\/strong><a href=\"https:\/\/www.acusticauach.cl\/?p=2365\"><strong>Ver m\u00e1s.<\/strong><\/a><\/p>\n<h5><strong><a href=\"http:\/\/www.socha.cl\/?page_id=254\" target=\"_blank\" rel=\"noopener noreferrer\">2011 &#8211; Seminario Estrategias de control de ruido ambiental periodo 2010-2014<\/a><\/strong><\/h5>\n<p><a href=\"https:\/\/www.acusticauach.cl\/wp-content\/uploads\/2011\/11\/2011_11_09_Seminario_MMA_09.jpg\"><img decoding=\"async\" class=\"aligncenter wp-image-2377\" src=\"https:\/\/www.acusticauach.cl\/wp-content\/uploads\/2011\/11\/2011_11_09_Seminario_MMA_09.jpg\" alt=\"2011_11_09_Seminario_MMA_09\" width=\"700\" height=\"463\" srcset=\"https:\/\/www.acusticauach.cl\/wp-content\/uploads\/2011\/11\/2011_11_09_Seminario_MMA_09.jpg 1024w, https:\/\/www.acusticauach.cl\/wp-content\/uploads\/2011\/11\/2011_11_09_Seminario_MMA_09-300x198.jpg 300w, https:\/\/www.acusticauach.cl\/wp-content\/uploads\/2011\/11\/2011_11_09_Seminario_MMA_09-700x463.jpg 700w, https:\/\/www.acusticauach.cl\/wp-content\/uploads\/2011\/11\/2011_11_09_Seminario_MMA_09-500x331.jpg 500w\" sizes=\"(max-width: 700px) 100vw, 700px\" \/><\/a><\/p>\n<p>El evento fue\u00a0coorganizado por la Ministerio del Medio Ambiente y la carrera de Ingenier\u00eda Civil Ac\u00fastica. Se realiz\u00f3 el mi\u00e9rcoles 9 noviembre 2011 en el Club de la Uni\u00f3n de Valdivia, con el tema \u201cEstrategias de Control de Ruido Ambiental Periodo 2010- 2014\u201d. El seminario fue\u00a0dictado por representantes del Ministerio del Medio y cuenta con destacados panelistas en el \u00e1rea de la ac\u00fastica y el urbanismo.<\/p>\n<p><a href=\"https:\/\/www.acusticauach.cl\/?p=2375\"><strong>Ver m\u00e1s<\/strong><\/a><strong> \/ <a href=\"https:\/\/www.acusticauach.cl\/?p=2375\">Ver Fotos<\/a><\/strong><\/p>\n\n\n<p><\/p>\n","protected":false},"excerpt":{"rendered":"<p>2019 &#8211; II JORNADA DE SEMINARIOS INGEACUS: RUIDO AMBIENTAL En el Espacio de Postgrado del Campus Miraflores, en la Facultad de Ciencias de la Ingenier\u00eda de la Universidad Austral de Chile se llev\u00f3 a cabo la jornada organizada por INGEACUS. Esta vez, la actividad se dedic\u00f3 al Ruido Ambiental. Las Jornadas cont\u00f3 con invitados nacionales [&hellip;]<\/p>\n","protected":false},"author":2,"featured_media":12088,"parent":0,"menu_order":0,"comment_status":"closed","ping_status":"closed","template":"","meta":{"footnotes":""},"class_list":["post-4495","page","type-page","status-publish","has-post-thumbnail","hentry"],"_links":{"self":[{"href":"https:\/\/www.acusticauach.cl\/index.php?rest_route=\/wp\/v2\/pages\/4495","targetHints":{"allow":["GET"]}}],"collection":[{"href":"https:\/\/www.acusticauach.cl\/index.php?rest_route=\/wp\/v2\/pages"}],"about":[{"href":"https:\/\/www.acusticauach.cl\/index.php?rest_route=\/wp\/v2\/types\/page"}],"author":[{"embeddable":true,"href":"https:\/\/www.acusticauach.cl\/index.php?rest_route=\/wp\/v2\/users\/2"}],"replies":[{"embeddable":true,"href":"https:\/\/www.acusticauach.cl\/index.php?rest_route=%2Fwp%2Fv2%2Fcomments&post=4495"}],"version-history":[{"count":0,"href":"https:\/\/www.acusticauach.cl\/index.php?rest_route=\/wp\/v2\/pages\/4495\/revisions"}],"wp:featuredmedia":[{"embeddable":true,"href":"https:\/\/www.acusticauach.cl\/index.php?rest_route=\/wp\/v2\/media\/12088"}],"wp:attachment":[{"href":"https:\/\/www.acusticauach.cl\/index.php?rest_route=%2Fwp%2Fv2%2Fmedia&parent=4495"}],"curies":[{"name":"wp","href":"https:\/\/api.w.org\/{rel}","templated":true}]}}