{"id":3162,"date":"2013-06-21T18:27:03","date_gmt":"2013-06-21T22:27:03","guid":{"rendered":"http:\/\/www.acusticauach.cl\/?page_id=3162"},"modified":"2019-11-11T09:08:05","modified_gmt":"2019-11-11T12:08:05","slug":"3er-concurso-de-bandas-2013","status":"publish","type":"page","link":"https:\/\/www.acusticauach.cl\/?page_id=3162","title":{"rendered":"3\u00b0 Concurso de Bandas 2013"},"content":{"rendered":"<div>\n<p><a href=\"https:\/\/www.acusticauach.cl\/wp-content\/uploads\/2013\/06\/Copia-de-AFICHE_2013.jpg\"><img decoding=\"async\" class=\" wp-image-3147 alignright\" src=\"https:\/\/www.acusticauach.cl\/wp-content\/uploads\/2013\/06\/Copia-de-AFICHE_2013.jpg\" alt=\"AFICHE_2013\" width=\"130\" height=\"324\" srcset=\"https:\/\/www.acusticauach.cl\/wp-content\/uploads\/2013\/06\/Copia-de-AFICHE_2013.jpg 600w, https:\/\/www.acusticauach.cl\/wp-content\/uploads\/2013\/06\/Copia-de-AFICHE_2013-120x300.jpg 120w, https:\/\/www.acusticauach.cl\/wp-content\/uploads\/2013\/06\/Copia-de-AFICHE_2013-409x1024.jpg 409w, https:\/\/www.acusticauach.cl\/wp-content\/uploads\/2013\/06\/Copia-de-AFICHE_2013-500x1250.jpg 500w\" sizes=\"(max-width: 130px) 100vw, 130px\" \/><\/a>Por tercer a\u00f1o consecutivo la Escuela de Ingenier\u00eda Civil Ac\u00fastica de la Universidad Austral de Chile invit\u00f3 a todos los estudiantes secundarios del pa\u00eds a participar en una nueva versi\u00f3n del Concurso de Bandas Escolares 2013. El concurso est\u00e1 dirigido a bandas y solistas de todo Chile, que sean estudiantes regulares de ense\u00f1anza media y que posean alg\u00fan demo o canci\u00f3n in\u00e9dita de su propia autor\u00eda.<\/p>\n<h5><strong>Ganadores<\/strong><\/h5>\n<p>De las 31 bandas concursantes, el primer lugar lo obtuvo la banda SCEMO&nbsp;del Colegio Ingl\u00e9s San Jos\u00e9 de Antofagasta. En tanto, el segundo lugar fue para I3B del Colegio Humberston de Iquique, y el tercer lugar recay\u00f3 en la banda Dharma del Colegio Raitrai College de Puc\u00f3n. Los ganadores&nbsp;grabaron 2 canciones originales en el estudio profesional del Instituto de Ac\u00fastica de la Universidad Austral de Chile (el premio incluye el traslado desde la ciudad de origen a Valdivia, adem\u00e1s de alojamiento para los integrantes de la banda). El Segundo Lugar recibiri\u00f3 un Pack de Grabaci\u00f3n, el que incluye interfaz, audifonos , micr\u00f3fono de condensador y software de grabaci\u00f3n. El Tercer Lugar recibiri\u00f3 una Interfaz de audio.<\/p>\n<\/div>\n<p><img decoding=\"async\" class=\"aligncenter size-full wp-image-3881\" src=\"https:\/\/www.acusticauach.cl\/wp-content\/uploads\/2013\/06\/scemo_00.jpg\" alt=\"scemo_00\" width=\"800\" height=\"393\" srcset=\"https:\/\/www.acusticauach.cl\/wp-content\/uploads\/2013\/06\/scemo_00.jpg 800w, https:\/\/www.acusticauach.cl\/wp-content\/uploads\/2013\/06\/scemo_00-300x147.jpg 300w, https:\/\/www.acusticauach.cl\/wp-content\/uploads\/2013\/06\/scemo_00-700x343.jpg 700w, https:\/\/www.acusticauach.cl\/wp-content\/uploads\/2013\/06\/scemo_00-500x245.jpg 500w\" sizes=\"(max-width: 800px) 100vw, 800px\" \/><\/p>\n<p><a href=\"https:\/\/www.acusticauach.cl\/wp-content\/uploads\/2013\/06\/Copia-de-AFICHE_2013.jpg\" target=\"_blank\" rel=\"noopener noreferrer\">Descargar Afiche<\/a>.<\/p>\n<h5><strong>Fotograf\u00edas<\/strong><\/h5>\n<p>Galer\u00eda de Fotograf\u00edas de la SCEMO, banda ganadora grabando en el Estudio de Grabaci\u00f3n:<\/p>\n<p><span style=\"color: #ffffff;\">.[dopwgg id=\u00bb21&#8243;]<\/span><\/p>\n<p><a href=\"https:\/\/www.flickr.com\/photos\/acusticauach\/sets\/72157688328821832\/\" target=\"_blank\" rel=\"noopener noreferrer\"><img decoding=\"async\" class=\"aligncenter size-full wp-image-9353\" src=\"https:\/\/www.acusticauach.cl\/wp-content\/uploads\/2017\/11\/flickr-app-fotografia.jpg\" alt=\"\" width=\"421\" height=\"171\" srcset=\"https:\/\/www.acusticauach.cl\/wp-content\/uploads\/2017\/11\/flickr-app-fotografia.jpg 421w, https:\/\/www.acusticauach.cl\/wp-content\/uploads\/2017\/11\/flickr-app-fotografia-300x122.jpg 300w\" sizes=\"(max-width: 421px) 100vw, 421px\" \/><\/a><\/p>\n<p><a title=\"3\u00b0 Concurso de Bandas 2013\" href=\"https:\/\/www.flickr.com\/photos\/acusticauach\/albums\/72157688328821832\" data-flickr-embed=\"true\" data-header=\"true\" data-footer=\"true\"><img decoding=\"async\" class=\"aligncenter\" src=\"https:\/\/live.staticflickr.com\/4593\/27256344459_15f0f1a690_q.jpg\" alt=\"3\u00b0 Concurso de Bandas 2013\" width=\"300\" height=\"300\"><\/a><script async=\"\" src=\"\/\/embedr.flickr.com\/assets\/client-code.js\" charset=\"utf-8\"><\/script><\/p>\n<p><img decoding=\"async\" class=\"aligncenter wp-image-6498 size-full\" src=\"https:\/\/www.acusticauach.cl\/wp-content\/uploads\/2013\/06\/SCEMO_grabando.jpg\" alt=\"\" width=\"800\" height=\"267\" srcset=\"https:\/\/www.acusticauach.cl\/wp-content\/uploads\/2013\/06\/SCEMO_grabando.jpg 800w, https:\/\/www.acusticauach.cl\/wp-content\/uploads\/2013\/06\/SCEMO_grabando-300x100.jpg 300w, https:\/\/www.acusticauach.cl\/wp-content\/uploads\/2013\/06\/SCEMO_grabando-700x234.jpg 700w, https:\/\/www.acusticauach.cl\/wp-content\/uploads\/2013\/06\/SCEMO_grabando-500x167.jpg 500w\" sizes=\"(max-width: 800px) 100vw, 800px\" \/><\/p>\n<h5><strong>Audios<\/strong><\/h5>\n<p>Grabaci\u00f3n de SCEMO, las canciones grabadas en el Estudio de Grabaci\u00f3n de AcusticaUACh:<\/p>\n<h5><strong>Tema: Dunas (Banda SCEMO)<\/strong><\/h5>\n<audio class=\"wp-audio-shortcode\" id=\"audio-3162-1\" preload=\"none\" style=\"width: 100%;\" controls=\"controls\"><source type=\"audio\/mpeg\" src=\"https:\/\/www.acusticauach.cl\/wp-content\/uploads\/2013\/06\/SCEMO_Dunas.mp3?_=1\" \/><a href=\"https:\/\/www.acusticauach.cl\/wp-content\/uploads\/2013\/06\/SCEMO_Dunas.mp3\">https:\/\/www.acusticauach.cl\/wp-content\/uploads\/2013\/06\/SCEMO_Dunas.mp3<\/a><\/audio>\n<h5><strong>Tema: M\u00e1scaras&nbsp;(Banda SCEMO)<\/strong><\/h5>\n<audio class=\"wp-audio-shortcode\" id=\"audio-3162-2\" preload=\"none\" style=\"width: 100%;\" controls=\"controls\"><source type=\"audio\/mpeg\" src=\"https:\/\/www.acusticauach.cl\/wp-content\/uploads\/2013\/06\/SCEMO_Mascaras.mp3?_=2\" \/><a href=\"https:\/\/www.acusticauach.cl\/wp-content\/uploads\/2013\/06\/SCEMO_Mascaras.mp3\">https:\/\/www.acusticauach.cl\/wp-content\/uploads\/2013\/06\/SCEMO_Mascaras.mp3<\/a><\/audio>\n<p><span style=\"color: #ffffff;\">.<\/span><\/p>\n<h5><strong>Video<\/strong><\/h5>\n<p><strong>\u00abDunas\u00bb, tema grabado por la Banda Ganadora del Concurso de Bandas Escolares de AcusticaUACh 2013.<\/strong><br \/>\n<iframe src=\"\/\/www.youtube.com\/embed\/hLueKIyBV5c?rel=0\" width=\"640\" height=\"360\" frameborder=\"0\" allowfullscreen=\"allowfullscreen\"><\/iframe><br \/>\nVideo promocional Concurso de Bandas Escolares de AcusticaUACh 2013. (<a href=\"http:\/\/www.youtube.com\/acusticauach\" target=\"_blank\" rel=\"noopener noreferrer\">www.youtube.com\/acusticauach<\/a>)<\/p>\n<p><iframe src=\"\/\/www.youtube.com\/embed\/vymY7kA7vBY\" width=\"640\" height=\"360\" frameborder=\"0\" allowfullscreen=\"allowfullscreen\"><\/iframe><\/p>\n<p><a href=\"http:\/\/www.youtube.com\/acusticauach\" target=\"_blank\" rel=\"noopener noreferrer\">&nbsp;Puedes escuchar las 31 bandas concursantes 2013<\/a><\/p>\n<h5><span style=\"color: #ffffff;\">.<\/span><br \/>\n<strong>Prensa<\/strong><\/h5>\n<p><img decoding=\"async\" class=\"aligncenter size-full wp-image-3882\" src=\"https:\/\/www.acusticauach.cl\/wp-content\/uploads\/2013\/06\/noticia_uach.png\" alt=\"noticia_uach\" width=\"641\" height=\"393\" srcset=\"https:\/\/www.acusticauach.cl\/wp-content\/uploads\/2013\/06\/noticia_uach.png 641w, https:\/\/www.acusticauach.cl\/wp-content\/uploads\/2013\/06\/noticia_uach-300x183.png 300w, https:\/\/www.acusticauach.cl\/wp-content\/uploads\/2013\/06\/noticia_uach-500x306.png 500w\" sizes=\"(max-width: 641px) 100vw, 641px\" \/><\/p>\n<p>Notas de prensa sobre el concurso:<\/p>\n<ul>\n<li><a href=\"https:\/\/www.acusticauach.cl\/?p=3513\">31 Bandas Participan en el Concurso de Bandas Escolares 2013<\/a><\/li>\n<li><a href=\"https:\/\/www.acusticauach.cl\/?p=3614\">Bandas provenientes desde Iquique a Valdivia son las finalistas del 3\u00b0 Concurso de Bandas Escolares<\/a><\/li>\n<li><a href=\"https:\/\/www.acusticauach.cl\/?p=3663\">Scemo de Antofagasta es la ganadora del 3\u00b0 Concurso de Bandas Escolares Ac\u00fasticaUACh&nbsp;<\/a><\/li>\n<\/ul>\n<h5><strong>Jurado<\/strong><\/h5>\n<p>En esta tercera versi\u00f3n del concurso, el jurado del concurso fue:<\/p>\n<ol>\n<li><strong><a href=\"https:\/\/www.youtube.com\/user\/Camposproject\" target=\"_blank\" rel=\"noopener noreferrer\">Jorge Campos<\/a><\/strong>. Destacado m\u00fasico y compositor chileno, miembro de agrupaciones emblem\u00e1ticas como Congreso, Fulano, y Santiago del Nuevo Extremo, adem\u00e1s de llevar una extensa carrera como solista de jazz fusi\u00f3n.<\/li>\n<li><strong><a href=\"https:\/\/www.facebook.com\/Pickblade\" target=\"_blank\" rel=\"noopener noreferrer\">Gabriel Hidalgo<\/a><\/strong>. Reconocido guitarrista nacional endorsado por la marca Ibanez. Cuenta con 2 producciones solistas. \u201cInfragilis\u201d (2007), \u201cYupaychay\u201d (2009). Ha sido parte de Six Magics, Fahrenheit y Delta, ha tocado con a Marty Friedman (Megadeth), Michael Angelo Batio y Vinnie Moore.<\/li>\n<li><strong><a href=\"http:\/\/www.estudiostriana.cl\/el-equipo\/jorge-fortune\/\" target=\"_blank\" rel=\"noopener noreferrer\">Jorge Fortune<\/a><\/strong>. Ingeniero Ac\u00fastico, sonidista, m\u00fasico y productor de Estudios Triana, y Docente de la Escuela de Sonido de Duoc. Tiene trabajos en rock alternativo, jazz, metal, cumbia chilena y pop.<\/li>\n<li><a href=\"http:\/\/www.uach.cl\/conservatorio\/profesores\/wladimir-carrasco.php\" target=\"_blank\" rel=\"noopener noreferrer\"><strong>Wladimir Carrasco<\/strong>.<\/a> Director del Conservatorio de M\u00fasica de la Universidad Austral de Chile. Int\u00e9rprete menci\u00f3n Guitarra y Licenciado en Artes menci\u00f3n en Interpretaci\u00f3n Musical. Especialista en Interpretaci\u00f3n de la M\u00fasica Antigua e instrumentos antiguos como la vihuela renacentista y la guitarra barroca. Ha desarrollado una importante trayectoria como solista, m\u00fasico de c\u00e1mara y acad\u00e9mico.<\/li>\n<li><strong><a href=\"https:\/\/www.acusticauach.cl\/?page_id=528\">Jorge C\u00e1rdenas<\/a>.<\/strong> Ingeniero Ac\u00fastico y docente del Instituto de Ac\u00fastica UACh. Su trabajo se ha concentrado principalmente en la grabaci\u00f3n y el refuerzo sonoro. Ha sido responsable de la grabaci\u00f3n de numerosas producciones musicales de car\u00e1cter regional y nacional.<\/li>\n<\/ol>\n<h5><strong>Concursos Anteriores<\/strong><\/h5>\n<p><strong><a href=\"https:\/\/www.acusticauach.cl\/?page_id=4642\">Concurso de Bandas Escolares (Principal)<\/a><\/strong><\/p>\n<ul id=\"menu-concursobandas\" class=\"menu\">\n<li class=\"menu-item menu-item-type-post_type menu-item-object-page menu-item-6559\"><a href=\"https:\/\/www.acusticauach.cl\/?page_id=11030\">8\u00b0 Concurso de Bandas 2018<\/a><\/li>\n<li class=\"menu-item menu-item-type-post_type menu-item-object-page menu-item-6559\"><a href=\"https:\/\/www.acusticauach.cl\/?page_id=9482\">7\u00b0 Concurso de Bandas 2017<\/a><\/li>\n<li class=\"menu-item menu-item-type-post_type menu-item-object-page menu-item-6559\"><a href=\"https:\/\/www.acusticauach.cl\/?page_id=9175\">6\u00b0 Concurso de Bandas 2016<\/a><\/li>\n<li id=\"menu-item-6559\" class=\"menu-item menu-item-type-post_type menu-item-object-page menu-item-6559\"><a href=\"https:\/\/www.acusticauach.cl\/?page_id=6548\">5\u00b0 Concurso de Bandas 2015<\/a><\/li>\n<li id=\"menu-item-4637\" class=\"menu-item menu-item-type-post_type menu-item-object-page menu-item-4637\"><a href=\"https:\/\/www.acusticauach.cl\/?page_id=4144\">4o Concurso de Bandas 2014<\/a><\/li>\n<li id=\"menu-item-4640\" class=\"menu-item menu-item-type-post_type menu-item-object-page menu-item-4640\"><a href=\"https:\/\/www.acusticauach.cl\/?page_id=3162\">3er Concurso de Bandas 2013<\/a><\/li>\n<li id=\"menu-item-4639\" class=\"menu-item menu-item-type-post_type menu-item-object-page menu-item-4639\"><a href=\"https:\/\/www.acusticauach.cl\/?page_id=3173\">2o Concurso de Bandas 2012<\/a><\/li>\n<li id=\"menu-item-4638\" class=\"menu-item menu-item-type-post_type menu-item-object-page menu-item-4638\"><a href=\"https:\/\/www.acusticauach.cl\/?page_id=3242\">1er Concurso de Bandas 2011<\/a><\/li>\n<\/ul>\n","protected":false},"excerpt":{"rendered":"<p>Por tercer a\u00f1o consecutivo la Escuela de Ingenier\u00eda Civil Ac\u00fastica de la Universidad Austral de Chile invit\u00f3 a todos los estudiantes secundarios del pa\u00eds a participar en una nueva versi\u00f3n del Concurso de Bandas Escolares 2013. El concurso est\u00e1 dirigido a bandas y solistas de todo Chile, que sean estudiantes regulares de ense\u00f1anza media y [&hellip;]<\/p>\n","protected":false},"author":2,"featured_media":3464,"parent":4642,"menu_order":6,"comment_status":"closed","ping_status":"closed","template":"","meta":{"footnotes":""},"class_list":["post-3162","page","type-page","status-publish","has-post-thumbnail","hentry"],"_links":{"self":[{"href":"https:\/\/www.acusticauach.cl\/index.php?rest_route=\/wp\/v2\/pages\/3162","targetHints":{"allow":["GET"]}}],"collection":[{"href":"https:\/\/www.acusticauach.cl\/index.php?rest_route=\/wp\/v2\/pages"}],"about":[{"href":"https:\/\/www.acusticauach.cl\/index.php?rest_route=\/wp\/v2\/types\/page"}],"author":[{"embeddable":true,"href":"https:\/\/www.acusticauach.cl\/index.php?rest_route=\/wp\/v2\/users\/2"}],"replies":[{"embeddable":true,"href":"https:\/\/www.acusticauach.cl\/index.php?rest_route=%2Fwp%2Fv2%2Fcomments&post=3162"}],"version-history":[{"count":0,"href":"https:\/\/www.acusticauach.cl\/index.php?rest_route=\/wp\/v2\/pages\/3162\/revisions"}],"up":[{"embeddable":true,"href":"https:\/\/www.acusticauach.cl\/index.php?rest_route=\/wp\/v2\/pages\/4642"}],"wp:featuredmedia":[{"embeddable":true,"href":"https:\/\/www.acusticauach.cl\/index.php?rest_route=\/wp\/v2\/media\/3464"}],"wp:attachment":[{"href":"https:\/\/www.acusticauach.cl\/index.php?rest_route=%2Fwp%2Fv2%2Fmedia&parent=3162"}],"curies":[{"name":"wp","href":"https:\/\/api.w.org\/{rel}","templated":true}]}}