{"id":166,"date":"2012-09-01T22:25:59","date_gmt":"2012-09-02T02:25:59","guid":{"rendered":"http:\/\/190.114.255.83\/~acustic1\/?page_id=166"},"modified":"2025-04-14T09:28:06","modified_gmt":"2025-04-14T13:28:06","slug":"magister-plan-de-estudios","status":"publish","type":"page","link":"https:\/\/www.acusticauach.cl\/?page_id=166","title":{"rendered":"Plan de Estudios"},"content":{"rendered":"<h2><img decoding=\"async\" class=\"aligncenter size-full wp-image-10562\" src=\"https:\/\/www.acusticauach.cl\/wp-content\/uploads\/2012\/09\/Plan_de_Estudios_MAV.gif\" alt=\"\" width=\"1000\" height=\"748\" \/><\/h2>\n<table width=\"0\">\n<tbody>\n<tr>\n<td width=\"48\">*<\/td>\n<td style=\"text-align: left;\" width=\"548\">Los cursos del curr\u00edculum obligatorio se dictan cada a\u00f1o en el periodo agosto-diciembre que es, formalmente, el periodo de inicio de las actividades del programa.<\/td>\n<\/tr>\n<tr>\n<td width=\"48\">**<\/td>\n<td style=\"text-align: left;\" width=\"548\">Los estudiantes deben completar 9 cr\u00e9ditos en cursos electivos. Si bien el MAV cuenta con una oferta espec\u00edfica de asignaturas electivas propias y directamente afines a los objetivos, perfil de egreso y l\u00edneas de investigaci\u00f3n del programa, en la Universidad Austral de Chile la oferta \u00edntegra de cursos de postgrado se encuentra disponible como optativos para los estudiantes de los dem\u00e1s programas, en la medida en que tales asignaturas dispongan de cupos y los interesados cumplan con los requisitos exigidos en dichos cursos.<\/td>\n<\/tr>\n<tr>\n<td width=\"48\">***<\/td>\n<td style=\"text-align: left;\" width=\"548\">A contar de 2018, los estudiantes que ingresan al programa v\u00eda articulaci\u00f3n pregrado-mag\u00edster cursan este seminario como actividad terminal de pregrado.<\/td>\n<\/tr>\n<tr>\n<td width=\"48\">****<\/td>\n<td style=\"text-align: left;\" width=\"548\">Las actividades Idioma, Proyecto de Tesis y Examen de Grado corresponden a hitos en el Plan de Estudios y se califican cualitativamente como aprobadas (A) o reprobadas (R). En el caso de la actividad Idioma, los estudiantes rinden un examen de suficiencia de ingl\u00e9s. Quienes no aprueban el examen, deben cursar el Programa de Ingl\u00e9s para Estudiantes de Postgrado habilitado desde la Direcci\u00f3n de Estudios de Postgrado.<\/td>\n<\/tr>\n<\/tbody>\n<\/table>\n<h5><span style=\"line-height: 24px;\"><br \/>\n<strong>A. Curr\u00edculum Obligatorio:<\/strong><\/span><\/h5>\n<div class=\"shortcode-accordion\"><h3 class=\"accordion-item-title\">MATM 310 M\u00e9todos Matem\u00e1ticos en Ingenier\u00eda (4 Cr\u00e9ditos)<\/h3><div class=\"accordion-item-content accordion-hide\"><p>Esta asignatura entrega los conocimientos fundamentales de matem\u00e1tica aplicada a nivel de postgrado, para la resoluci\u00f3n y aplicaci\u00f3n a diversos problemas pr\u00e1cticos de la ingenier\u00eda, enfoc\u00e1ndose en aquellos t\u00f3picos de mayor uso en el an\u00e1lisis de sistemas din\u00e1micos, ac\u00fasticos y vibratorios. (<a href=\"https:\/\/www.acusticauach.cl\/?page_id=6248\">Dr. Patricio Mella<\/a>)<\/p><\/div>\n<h3 class=\"accordion-item-title\">ACUS 301 Vibroac\u00fastica (3 Cr\u00e9ditos)<\/h3><div class=\"accordion-item-content accordion-hide\"><p>Esta asignatura entrega los conocimientos fundamentales de la interacci\u00f3n entre estructuras vibratorias y fluidos. En particular, se enfoca al estudio de las caracter\u00edsticas de las ondas sonoras generadas, la vibraci\u00f3n de placas finitas y la resoluci\u00f3n de problemas vibroac\u00fasticos mediante modelos te\u00f3ricos, num\u00e9ricos y estad\u00edsticos de energ\u00eda. (<a href=\"https:\/\/www.acusticauach.cl\/?page_id=144\">Dr. Jorge Arenas<\/a>)<\/p><\/div>\n<h3 class=\"accordion-item-title\">ACUS 302 Instrumentaci\u00f3n en Ac\u00fastica y Vibraciones (3 Cr\u00e9ditos)<\/h3><div class=\"accordion-item-content accordion-hide\"><p>En este curso el estudiante adquiere conocimientos y destrezas para realizar distintos tipos de mediciones, necesarias en el campo de las aplicaciones pr\u00e1cticas y en trabajos experimentales de laboratorio. Se incluyen las principales t\u00e9cnicas aplicadas en ac\u00fastica y vibraciones, as\u00ed como las normativas internacionales relativas al tema. (Profesores Jorge P. Arenas, Rodolfo Venegas, Felipe Otondo, Mario Gonz\u00e1lez, V\u00edctor Poblete)<\/p><\/div>\n<h3 class=\"accordion-item-title\">GING331 Seminario de Investigaci\u00f3n e Innovaci\u00f3n en Ingenier\u00eda (1 Cr\u00e9dito)<\/h3><div class=\"accordion-item-content accordion-hide\"><p>En este curso se fomenta la interacci\u00f3n con las empresas e instituciones p\u00fablicas o privadas con el fin de explorar la posibilidad de generar proyectos conjuntos, mediante la asistencia a \u201cseminarios de investigaci\u00f3n e innovaci\u00f3n en ingenier\u00eda\u201d de la Facultad de Ciencias de la Ingenier\u00eda. El trabajo del estudiante consistir\u00e1 en profundizar un problema vinculado a empresas o instituciones, identificando preguntas cient\u00edficas, desaf\u00edos tecnol\u00f3gicos y soluciones innovadoras potenciales, a trav\u00e9s de asistencia a seminarios interdisciplinares realizados por profesionales y\/o investigadores, conversaciones con mentores y revisi\u00f3n de la literatura. (<a href=\"https:\/\/www.acusticauach.cl\/?page_id=539\">Dr. Enrique Su\u00e1rez<\/a>)<\/p><\/div>\n<h3 class=\"accordion-item-title\">ACUS397 Seminario de Tesis (2 Cr\u00e9ditos)<\/h3><div class=\"accordion-item-content accordion-hide\"><p>En este curso se define el proyecto de tesis de mag\u00edster de cada estudiante. Cada estudiante plantea un tema de investigaci\u00f3n, y estudia cu\u00e1les son las buenas pr\u00e1cticas fundamentales para realizar una revisi\u00f3n bibliogr\u00e1fica y escribir un proyecto de tesis, mediante lectura y discusi\u00f3n sobre libros y art\u00edculos abordando el tema. El trabajo se enfocar\u00e1 hacia fortalecer las competencias investigativas del estudiante, a nivel de dise\u00f1o y organizaci\u00f3n del trabajo de tesis. (<a href=\"https:\/\/www.acusticauach.cl\/?page_id=6248\">Profesores del Claustro del Programa<\/a>)<\/p><\/div> <\/div>\n<h5><strong><span style=\"line-height: 24px;\">B. Curr\u00edculum Electivo (9 Cr\u00e9ditos):<\/span><\/strong><\/h5>\n<div class=\"shortcode-accordion\"><h3 class=\"accordion-item-title\">ACUS 310 Ac\u00fastica Forense (3 Cr\u00e9ditos)<\/h3><div class=\"accordion-item-content accordion-hide\"><p>Este curso habilita al estudiante para adquirir el conocimiento te\u00f3rico y el manejo pr\u00e1ctico de las metodolog\u00edas utilizadas en la identificaci\u00f3n del hablante y reconocimiento autom\u00e1tico de la voz, aplicadas al \u00e1mbito forense, con \u00e9nfasis en la aplicaci\u00f3n ac\u00fastica a la resoluci\u00f3n de casos reales en Chile. (<a href=\"https:\/\/www.acusticauach.cl\/?page_id=537\">Dr. Jorge Sommerhoff<\/a> y <a href=\"https:\/\/www.acusticauach.cl\/?page_id=6248\">Dra. Claudia Rosas<\/a>)<\/p><\/div>\n<h3 class=\"accordion-item-title\">ACUS 311 Control de Ruido Ambiental (3 Cr\u00e9ditos)<\/h3><div class=\"accordion-item-content accordion-hide\"><p>En este curso se estudian los efectos fisiol\u00f3gicos y psicol\u00f3gicos que presenta el ruido, adem\u00e1s de los m\u00e9todos de medida y valoraci\u00f3n del ruido ambiental. Se profundiza el an\u00e1lisis de los m\u00e9todos de control de ruido ambiental, seg\u00fan ventajas, eficiencia, costos y otros elementos de juicio en ingenier\u00eda. (<a href=\"https:\/\/www.acusticauach.cl\/?page_id=539\">Dr. Enrique Su\u00e1rez<\/a>)<\/p><\/div>\n<h3 class=\"accordion-item-title\">ACUS 322 Materiales Ac\u00fasticos (3 Cr\u00e9ditos)<\/h3><div class=\"accordion-item-content accordion-hide\"><p>En este curso se estudiar\u00e1 la propagaci\u00f3n del sonido en materiales t\u00edpicamente empleados en diversas \u00e1reas de Ingenier\u00eda Ac\u00fastica tales como ac\u00fastica arquitect\u00f3nica, ac\u00fastica de edificios, electroac\u00fastica, control de ruido, etc. Nuestro objetivo es comprender la f\u00edsica de la propagaci\u00f3n del sonido a trav\u00e9s de materiales permeables y aplicar dicho conocimiento a problemas de inter\u00e9s en Ingenier\u00eda Ac\u00fastica. El curso contempla 4 unidades en las cuales los fundamentos te\u00f3ricos, m\u00e9todos experimentales, aplicaciones pr\u00e1cticas y t\u00f3picos de investigaci\u00f3n actuales de ac\u00fastica de materiales son discutidos. (<a href=\"https:\/\/www.acusticauach.cl\/?page_id=9730\">Dr. Rodolfo Venegas<\/a>)<\/p><\/div>\n<h3 class=\"accordion-item-title\">ACUS 332 Teor\u00eda Avanzada de Vibraciones (3 Cr\u00e9ditos)<\/h3><div class=\"accordion-item-content accordion-hide\"><p>En esta asignatura se introducen conceptos relativos al an\u00e1lisis avanzado de vibraciones y de sistemas din\u00e1micos complejos, incluyendo el an\u00e1lisis en el dominio modal, el an\u00e1lisis en el espacio de estado y los fen\u00f3menos asociados a sistemas invariantes y variantes en el tiempo. (<a href=\"https:\/\/www.acusticauach.cl\/?page_id=144\">Dr. Jorge Arenas<\/a>)<\/p><\/div>\n<h3 class=\"accordion-item-title\">ACUS 340 An\u00e1lisis de Se\u00f1ales en Ac\u00fastica y Vibraciones (3 Cr\u00e9ditos)<\/h3><div class=\"accordion-item-content accordion-hide\"><p>El curso entrega los conocimientos te\u00f3ricos y pr\u00e1cticos necesarios para utilizar apropiadamente las t\u00e9cnicas de an\u00e1lisis de se\u00f1ales en ac\u00fastica y vibraciones. Se estudian las t\u00e9cnicas de an\u00e1lisis en frecuencia, an\u00e1lisis tiempo-frecuencia, an\u00e1lisis estad\u00edstico de se\u00f1al, an\u00e1lisis adaptativo y an\u00e1lisis mediante redes neuronales. En particular, se revisan las aplicaciones de estas t\u00e9cnicas en algoritmos de detecci\u00f3n de se\u00f1ales, de extracci\u00f3n de par\u00e1metros y beamforming. (<a href=\"https:\/\/www.acusticauach.cl\/?page_id=534\">Dr. V\u00edctor Poblete<\/a>)<\/p><\/div>\n<h3 class=\"accordion-item-title\">ACUS 351: Ac\u00fastica Musical (3 Cr\u00e9ditos)<\/h3><div class=\"accordion-item-content accordion-hide\"><p>En esta asignatura se introducen diversos temas relacionados con la ac\u00fastica musical, incluyendo las caracter\u00edsticas ac\u00fasticas de los instrumentos musicales, la percepci\u00f3n sonora, el sonido espacializado y aplicaciones creativas e interdisciplinarias del sonido. (<a href=\"https:\/\/www.acusticauach.cl\/?page_id=3924\">Dr. Felipe Otondo<\/a>)<\/p><\/div>\n<h3 class=\"accordion-item-title\">ACUS 360: M\u00e9todos Num\u00e9ricos en Vibroac\u00fastica (3 Cr\u00e9ditos)<\/h3><div class=\"accordion-item-content accordion-hide\"><p>En este curso se presenta la teor\u00eda y ejemplos de aplicaci\u00f3n de los principales m\u00e9todos num\u00e9ricos usados en problemas de ac\u00fastica y vibraciones. Se incluye una revisi\u00f3n de la mec\u00e1nica de Lagrange, el m\u00e9todo de Rayleigh-Ritz, el m\u00e9todo de los elementos finitos aplicado al an\u00e1lisis de vibraciones y problemas ac\u00fasticos, el m\u00e9todo directo y modal para la soluci\u00f3n de la respuesta arm\u00f3nica. Se incluye el estudio de problemas de interacci\u00f3n fluido-estructura, radiaci\u00f3n ac\u00fastica de cuerpos de geometr\u00eda irregular y una introducci\u00f3n al m\u00e9todo de los elementos de contorno. El curso concluye con una visi\u00f3n general de otros m\u00e9todos num\u00e9ricos aplicados en ac\u00fastica y vibraciones. (<a href=\"https:\/\/www.acusticauach.cl\/?page_id=572\">Dr. Mario Gonz\u00e1lez<\/a>)<\/p><\/div>\n<h3 class=\"accordion-item-title\">IMPT 331 Transferencia de Calor y Masa: Simulaci\u00f3n y Aplicaciones (3 Cr\u00e9ditos)<\/h3><div class=\"accordion-item-content accordion-hide\"><p>En este curso se actualiza y ampl\u00eda el conocimiento de la mec\u00e1nica del continuo y sus aplicaciones al estudio de fen\u00f3menos de transferencia de calor y materia. En particular, se analizan los modelos de simulaci\u00f3n y los m\u00e9todos matem\u00e1ticos de soluci\u00f3n. Adem\u00e1s, se estudian aplicaciones pr\u00e1cticas en ingenier\u00eda. (<a href=\"http:\/\/www.ingenieria.uach.cl\/institutos\/materiales-y-procesos-termomecanicos\/55-institutos\/instituto-de-materiales-y-procesos-termomecanicos\/academicos\/8164-moreno-munoz-rogelio.html\">Dr. Rogelio Moreno<\/a>)<\/p><\/div>\n<h3 class=\"accordion-item-title\">IMPT 330 Ciencia e Ingenier\u00eda de los Materiales (3 Cr\u00e9ditos)<\/h3><div class=\"accordion-item-content accordion-hide\"><p>En esta asignatura se entrega los conocimientos fundamentales de las propiedades, estructuras y comportamiento de diversos materiales usados en aplicaciones de ingenier\u00eda. (Dra. Loreto Troncoso (responsable) y Dra. Gabriela Mart\u00ednez (colaboradora))<\/p><\/div>\n<h3 class=\"accordion-item-title\">IMPT 340 Elementos Finitos en Vibraciones (3 Cr\u00e9ditos)<\/h3><div class=\"accordion-item-content accordion-hide\"><p>En este curso se introduce el m\u00e9todo de Elementos Finitos, sus conceptos fundamentales y sus aplicaciones para la soluci\u00f3n de problemas complejos de la mec\u00e1nica lineal y no lineal, tales como est\u00e1tica y din\u00e1mica de cuerpos, din\u00e1mica de fluidos, transferencia de calor, bioingenier\u00eda, etc. (Dr. Uwe M. M\u00fahlich, Instituto de Obras Civiles)<\/p><\/div> <\/div>\n<h5><strong>C. Idiomas:<\/strong><\/h5>\n<div class=\"shortcode-accordion\"><h3 class=\"accordion-item-title\">CIDI301 Ingl\u00e9s (0 Cr\u00e9ditos)<\/h3><div class=\"accordion-item-content accordion-hide\"><p>Todo alumno del Mag\u00edster en Ac\u00fastica y Vibraciones deber\u00e1 aprobar un examen de suficiencia del idioma ingl\u00e9s. Esta actividad(CIDI 301), se calificar\u00e1 con las letras A (aprobado) o R (reprobado) y deber\u00e1 ser aprobado, de preferencia, el primer semestre del programa.<\/p><\/div> <\/div>\n<h5><strong>D. Tesis:<\/strong><\/h5>\n<div class=\"shortcode-accordion\"><h3 class=\"accordion-item-title\">ACUS398 Tesis de Grado (10 Cr\u00e9ditos)<\/h3><div class=\"accordion-item-content accordion-hide\"><p>.<\/p><\/div> <\/div>\n<h5><strong>TOTAL CR\u00c9DITOS DEL PROGRAMA: 32<\/strong><\/h5>\n<p><img decoding=\"async\" class=\"aligncenter wp-image-16926 size-full\" src=\"https:\/\/www.acusticauach.cl\/wp-content\/uploads\/2025\/04\/MAV_ACREDITACION_5_AGNOS_2025-1.jpg\" alt=\"\" width=\"400\" height=\"529\" srcset=\"https:\/\/www.acusticauach.cl\/wp-content\/uploads\/2025\/04\/MAV_ACREDITACION_5_AGNOS_2025-1.jpg 400w, https:\/\/www.acusticauach.cl\/wp-content\/uploads\/2025\/04\/MAV_ACREDITACION_5_AGNOS_2025-1-227x300.jpg 227w, https:\/\/www.acusticauach.cl\/wp-content\/uploads\/2025\/04\/MAV_ACREDITACION_5_AGNOS_2025-1-95x125.jpg 95w, https:\/\/www.acusticauach.cl\/wp-content\/uploads\/2025\/04\/MAV_ACREDITACION_5_AGNOS_2025-1-57x75.jpg 57w\" sizes=\"(max-width: 400px) 100vw, 400px\" \/><\/p>\n","protected":false},"excerpt":{"rendered":"<p>* Los cursos del curr\u00edculum obligatorio se dictan cada a\u00f1o en el periodo agosto-diciembre que es, formalmente, el periodo de inicio de las actividades del programa. ** Los estudiantes deben completar 9 cr\u00e9ditos en cursos electivos. Si bien el MAV cuenta con una oferta espec\u00edfica de asignaturas electivas propias y directamente afines a los objetivos, [&hellip;]<\/p>\n","protected":false},"author":2,"featured_media":10817,"parent":5913,"menu_order":0,"comment_status":"closed","ping_status":"closed","template":"","meta":{"footnotes":""},"class_list":["post-166","page","type-page","status-publish","has-post-thumbnail","hentry"],"_links":{"self":[{"href":"https:\/\/www.acusticauach.cl\/index.php?rest_route=\/wp\/v2\/pages\/166","targetHints":{"allow":["GET"]}}],"collection":[{"href":"https:\/\/www.acusticauach.cl\/index.php?rest_route=\/wp\/v2\/pages"}],"about":[{"href":"https:\/\/www.acusticauach.cl\/index.php?rest_route=\/wp\/v2\/types\/page"}],"author":[{"embeddable":true,"href":"https:\/\/www.acusticauach.cl\/index.php?rest_route=\/wp\/v2\/users\/2"}],"replies":[{"embeddable":true,"href":"https:\/\/www.acusticauach.cl\/index.php?rest_route=%2Fwp%2Fv2%2Fcomments&post=166"}],"version-history":[{"count":2,"href":"https:\/\/www.acusticauach.cl\/index.php?rest_route=\/wp\/v2\/pages\/166\/revisions"}],"predecessor-version":[{"id":16968,"href":"https:\/\/www.acusticauach.cl\/index.php?rest_route=\/wp\/v2\/pages\/166\/revisions\/16968"}],"up":[{"embeddable":true,"href":"https:\/\/www.acusticauach.cl\/index.php?rest_route=\/wp\/v2\/pages\/5913"}],"wp:featuredmedia":[{"embeddable":true,"href":"https:\/\/www.acusticauach.cl\/index.php?rest_route=\/wp\/v2\/media\/10817"}],"wp:attachment":[{"href":"https:\/\/www.acusticauach.cl\/index.php?rest_route=%2Fwp%2Fv2%2Fmedia&parent=166"}],"curies":[{"name":"wp","href":"https:\/\/api.w.org\/{rel}","templated":true}]}}