{"id":15473,"date":"2022-09-19T21:39:33","date_gmt":"2022-09-20T00:39:33","guid":{"rendered":"http:\/\/www.acusticauach.cl\/?page_id=15473"},"modified":"2022-09-19T23:32:32","modified_gmt":"2022-09-20T02:32:32","slug":"ingeacus-2014-2-2","status":"publish","type":"page","link":"https:\/\/www.acusticauach.cl\/?page_id=15473","title":{"rendered":"INGEACUS 2020"},"content":{"rendered":"<h2><a href=\"https:\/\/www.acusticauach.cl\/wp-content\/uploads\/2022\/09\/FLYER_POST.jpg\"> <img decoding=\"async\" class=\"aligncenter wp-image-15475 size-large\" src=\"https:\/\/www.acusticauach.cl\/wp-content\/uploads\/2022\/09\/FLYER_POST-576x1024.jpg\" alt=\"\" width=\"576\" height=\"1024\" srcset=\"https:\/\/www.acusticauach.cl\/wp-content\/uploads\/2022\/09\/FLYER_POST-576x1024.jpg 576w, https:\/\/www.acusticauach.cl\/wp-content\/uploads\/2022\/09\/FLYER_POST-169x300.jpg 169w, https:\/\/www.acusticauach.cl\/wp-content\/uploads\/2022\/09\/FLYER_POST-768x1365.jpg 768w, https:\/\/www.acusticauach.cl\/wp-content\/uploads\/2022\/09\/FLYER_POST-70x125.jpg 70w, https:\/\/www.acusticauach.cl\/wp-content\/uploads\/2022\/09\/FLYER_POST-42x75.jpg 42w\" sizes=\"(max-width: 576px) 100vw, 576px\" \/><\/a><\/h2>\n<h2><\/h2>\n<h3><strong>INGEACUS 2020- X Edici\u00f3n del Congreso Internacional de Ac\u00fastica y Audio Profesional, INGEACUS 2020<\/strong><\/h3>\n<p>La d\u00e9cima versi\u00f3n del <strong>Congreso Internacional de Ac\u00fastica y Audio Profesional INGEACUS<\/strong> se realiz\u00f3 en 2020 y se llev\u00f3 a cabo en los d\u00edas 17, 18, 19 y 20 de Noviembre.<\/p>\n<p>Por primera vez en la historia de INGEACUS, en contexto de la pandemia debido al COVID-19, esta versi\u00f3n del congreso se realiz\u00f3 en una modalidad no presencial. Con la motivaci\u00f3n de seguir reforzando los espacios de la ac\u00fastica y su divulgaci\u00f3n, tanto para estudiantes como acad\u00e9micos, y continuar con la tradici\u00f3n de este congreso realizado por estudiantes de Ingenier\u00eda Civil Ac\u00fastica de la Universidad Austral de Chile desde el a\u00f1o 1992, es que se acept\u00f3 el desaf\u00edo de la realizaci\u00f3n de este congreso y se adapt\u00f3 a las condiciones necesarias para la situaci\u00f3n.<\/p>\n<p>Mediante una serie de charlas t\u00e9cnicas, Keynotes, presentaciones de organizaciones nacionales e internacionales en ac\u00fastica, y talleres pr\u00e1cticos, es que se materializ\u00f3 esta d\u00e9cima versi\u00f3n del congreso INGEACUS 2020.<\/p>\n<h2><\/h2>\n<h2><a href=\"https:\/\/www.acusticauach.cl\/wp-content\/uploads\/2022\/09\/PROGRAMA01_IGPOST@150x-100.jpg\"><img decoding=\"async\" class=\"aligncenter wp-image-15483 size-medium\" src=\"https:\/\/www.acusticauach.cl\/wp-content\/uploads\/2022\/09\/PROGRAMA01_IGPOST@150x-100-300x300.jpg\" alt=\"\" width=\"300\" height=\"300\" srcset=\"https:\/\/www.acusticauach.cl\/wp-content\/uploads\/2022\/09\/PROGRAMA01_IGPOST@150x-100-300x300.jpg 300w, https:\/\/www.acusticauach.cl\/wp-content\/uploads\/2022\/09\/PROGRAMA01_IGPOST@150x-100-150x150.jpg 150w, https:\/\/www.acusticauach.cl\/wp-content\/uploads\/2022\/09\/PROGRAMA01_IGPOST@150x-100-768x768.jpg 768w, https:\/\/www.acusticauach.cl\/wp-content\/uploads\/2022\/09\/PROGRAMA01_IGPOST@150x-100-1024x1024.jpg 1024w, https:\/\/www.acusticauach.cl\/wp-content\/uploads\/2022\/09\/PROGRAMA01_IGPOST@150x-100-125x125.jpg 125w, https:\/\/www.acusticauach.cl\/wp-content\/uploads\/2022\/09\/PROGRAMA01_IGPOST@150x-100-75x75.jpg 75w, https:\/\/www.acusticauach.cl\/wp-content\/uploads\/2022\/09\/PROGRAMA01_IGPOST@150x-100-540x540.jpg 540w\" sizes=\"(max-width: 300px) 100vw, 300px\" \/><\/a><\/h2>\n<h2><a href=\"https:\/\/www.acusticauach.cl\/wp-content\/uploads\/2022\/09\/PROGRAMA02_IGPOST@150x-100.jpg\"><img decoding=\"async\" class=\"aligncenter wp-image-15484 size-medium\" src=\"https:\/\/www.acusticauach.cl\/wp-content\/uploads\/2022\/09\/PROGRAMA02_IGPOST@150x-100-300x300.jpg\" alt=\"\" width=\"300\" height=\"300\" srcset=\"https:\/\/www.acusticauach.cl\/wp-content\/uploads\/2022\/09\/PROGRAMA02_IGPOST@150x-100-300x300.jpg 300w, https:\/\/www.acusticauach.cl\/wp-content\/uploads\/2022\/09\/PROGRAMA02_IGPOST@150x-100-150x150.jpg 150w, https:\/\/www.acusticauach.cl\/wp-content\/uploads\/2022\/09\/PROGRAMA02_IGPOST@150x-100-768x768.jpg 768w, https:\/\/www.acusticauach.cl\/wp-content\/uploads\/2022\/09\/PROGRAMA02_IGPOST@150x-100-1024x1024.jpg 1024w, https:\/\/www.acusticauach.cl\/wp-content\/uploads\/2022\/09\/PROGRAMA02_IGPOST@150x-100-125x125.jpg 125w, https:\/\/www.acusticauach.cl\/wp-content\/uploads\/2022\/09\/PROGRAMA02_IGPOST@150x-100-75x75.jpg 75w, https:\/\/www.acusticauach.cl\/wp-content\/uploads\/2022\/09\/PROGRAMA02_IGPOST@150x-100-540x540.jpg 540w\" sizes=\"(max-width: 300px) 100vw, 300px\" \/><\/a><\/h2>\n<h2><a href=\"https:\/\/www.acusticauach.cl\/wp-content\/uploads\/2022\/09\/PROGRAMA03_IGPOST_v2@150x-100.jpg\"><img decoding=\"async\" class=\"aligncenter wp-image-15485 size-medium\" src=\"https:\/\/www.acusticauach.cl\/wp-content\/uploads\/2022\/09\/PROGRAMA03_IGPOST_v2@150x-100-300x300.jpg\" alt=\"\" width=\"300\" height=\"300\" srcset=\"https:\/\/www.acusticauach.cl\/wp-content\/uploads\/2022\/09\/PROGRAMA03_IGPOST_v2@150x-100-300x300.jpg 300w, https:\/\/www.acusticauach.cl\/wp-content\/uploads\/2022\/09\/PROGRAMA03_IGPOST_v2@150x-100-150x150.jpg 150w, https:\/\/www.acusticauach.cl\/wp-content\/uploads\/2022\/09\/PROGRAMA03_IGPOST_v2@150x-100-768x768.jpg 768w, https:\/\/www.acusticauach.cl\/wp-content\/uploads\/2022\/09\/PROGRAMA03_IGPOST_v2@150x-100-1024x1024.jpg 1024w, https:\/\/www.acusticauach.cl\/wp-content\/uploads\/2022\/09\/PROGRAMA03_IGPOST_v2@150x-100-125x125.jpg 125w, https:\/\/www.acusticauach.cl\/wp-content\/uploads\/2022\/09\/PROGRAMA03_IGPOST_v2@150x-100-75x75.jpg 75w, https:\/\/www.acusticauach.cl\/wp-content\/uploads\/2022\/09\/PROGRAMA03_IGPOST_v2@150x-100-540x540.jpg 540w\" sizes=\"(max-width: 300px) 100vw, 300px\" \/><\/a><\/h2>\n<h2><a href=\"https:\/\/www.acusticauach.cl\/wp-content\/uploads\/2022\/09\/PROGRAMA04_IGPOST@150x-100.jpg\"><img decoding=\"async\" class=\"aligncenter wp-image-15486 size-medium\" src=\"https:\/\/www.acusticauach.cl\/wp-content\/uploads\/2022\/09\/PROGRAMA04_IGPOST@150x-100-300x300.jpg\" alt=\"\" width=\"300\" height=\"300\" srcset=\"https:\/\/www.acusticauach.cl\/wp-content\/uploads\/2022\/09\/PROGRAMA04_IGPOST@150x-100-300x300.jpg 300w, https:\/\/www.acusticauach.cl\/wp-content\/uploads\/2022\/09\/PROGRAMA04_IGPOST@150x-100-150x150.jpg 150w, https:\/\/www.acusticauach.cl\/wp-content\/uploads\/2022\/09\/PROGRAMA04_IGPOST@150x-100-768x768.jpg 768w, https:\/\/www.acusticauach.cl\/wp-content\/uploads\/2022\/09\/PROGRAMA04_IGPOST@150x-100-1024x1024.jpg 1024w, https:\/\/www.acusticauach.cl\/wp-content\/uploads\/2022\/09\/PROGRAMA04_IGPOST@150x-100-125x125.jpg 125w, https:\/\/www.acusticauach.cl\/wp-content\/uploads\/2022\/09\/PROGRAMA04_IGPOST@150x-100-75x75.jpg 75w, https:\/\/www.acusticauach.cl\/wp-content\/uploads\/2022\/09\/PROGRAMA04_IGPOST@150x-100-540x540.jpg 540w\" sizes=\"(max-width: 300px) 100vw, 300px\" \/><\/a><\/h2>\n<h2><a href=\"https:\/\/www.acusticauach.cl\/wp-content\/uploads\/2022\/09\/PROGRAMA05_IGPOST@150x-100.jpg\"><img decoding=\"async\" class=\"aligncenter wp-image-15487 size-medium\" src=\"https:\/\/www.acusticauach.cl\/wp-content\/uploads\/2022\/09\/PROGRAMA05_IGPOST@150x-100-300x300.jpg\" alt=\"\" width=\"300\" height=\"300\" srcset=\"https:\/\/www.acusticauach.cl\/wp-content\/uploads\/2022\/09\/PROGRAMA05_IGPOST@150x-100-300x300.jpg 300w, https:\/\/www.acusticauach.cl\/wp-content\/uploads\/2022\/09\/PROGRAMA05_IGPOST@150x-100-150x150.jpg 150w, https:\/\/www.acusticauach.cl\/wp-content\/uploads\/2022\/09\/PROGRAMA05_IGPOST@150x-100-768x768.jpg 768w, https:\/\/www.acusticauach.cl\/wp-content\/uploads\/2022\/09\/PROGRAMA05_IGPOST@150x-100-1024x1024.jpg 1024w, https:\/\/www.acusticauach.cl\/wp-content\/uploads\/2022\/09\/PROGRAMA05_IGPOST@150x-100-125x125.jpg 125w, https:\/\/www.acusticauach.cl\/wp-content\/uploads\/2022\/09\/PROGRAMA05_IGPOST@150x-100-75x75.jpg 75w, https:\/\/www.acusticauach.cl\/wp-content\/uploads\/2022\/09\/PROGRAMA05_IGPOST@150x-100-540x540.jpg 540w\" sizes=\"(max-width: 300px) 100vw, 300px\" \/><\/a><\/h2>\n<h2><\/h2>\n<p><strong>P\u00e1gina oficial del congreso: <\/strong><a href=\"http:\/\/www.ingeacus.cl\" target=\"_blank\" rel=\"noopener noreferrer\"><strong>www.ingeacus.cl<\/strong><\/a><\/p>\n<h4><strong>Comisi\u00f3n Organizadora: <\/strong><\/h4>\n<p>Estudiantes de Ingenier\u00eda Civil Ac\u00fastica, conformada por<\/p>\n<ul>\n<li>Esteban Alarc\u00f3n Mercado<\/li>\n<li>Leonardo Santos Lagos<\/li>\n<li>Esteban Gallardo Berrocal<\/li>\n<li>Rafael Pe\u00f1ailillo Hayde<\/li>\n<li>Andr\u00e9s Zamorano Lagos<\/li>\n<li>Daniela Narv\u00e1ez Espinoza<\/li>\n<li>Fernanda Albornoz Palom\u00e9<\/li>\n<li>Hakim Mart\u00ednez Moraga<\/li>\n<li>Richard Povea Ib\u00e1\u00f1ez<\/li>\n<li>Robin Urrutia Escobar<\/li>\n<\/ul>\n<h4><strong>Comisi\u00f3n Colaboradora: <\/strong><\/h4>\n<p>Profesores y colaboradores del Instituto de Ac\u00fastica de la Universidad Austral de Chile, conformada por<\/p>\n<ul>\n<li>Jorge P. Arenas<\/li>\n<li>Jorge C\u00e1rdenas<\/li>\n<li>Guillermo del Rey (Investigador colaborador &#8211; U. de Extremadura, ESpa\u00f1a)<\/li>\n<li>Enrique Su\u00e1rez S.<\/li>\n<li>Rodrigo Torres Alarc\u00f3n<\/li>\n<li>Rodolfo Venegas<\/li>\n<\/ul>\n<h4><strong>Auspiciadores<\/strong><\/h4>\n<ul>\n<li>Control Ac\u00fastico<\/li>\n<li>SoundPLAN<\/li>\n<li>Spevi<\/li>\n<li>InnovING:2030<\/li>\n<\/ul>\n<h4><strong>Patrocinadores<\/strong><\/h4>\n<ul>\n<li>Ministerio del Medio Ambiente<\/li>\n<li>SOCHA (Sociedad Chilena de Ac\u00fastica)<\/li>\n<li>ICA (International Commission for Acoustics)<\/li>\n<li>FIA (Federaci\u00f3n Iberoamericana de Ac\u00fastica)<\/li>\n<li>International Year of Sound<\/li>\n<li>Colegio de Ingenieros en Ac\u00fastica A.G.<\/li>\n<li>SEA (Sociedad Espa\u00f1ola de Ac\u00fastica)<\/li>\n<li>Direcci\u00f3n de Asuntos Estudiantiles de la Universidad Austral de Chile<\/li>\n<li>Facultad de Ciencias de la Ingenier\u00eda de la Universidad Austral de Chile<\/li>\n<\/ul>\n<h4><strong>Talleres<\/strong><\/h4>\n<ul>\n<li>Oreja de Oso: Javier Neira y Crist\u00f3bal Brice\u00f1o<\/li>\n<li>SoundPLAN: Miguel Mesa Silva<\/li>\n<\/ul>\n<h4><strong>Registro completo del congreso:<\/strong><\/h4>\n<p><a href=\"https:\/\/www.youtube.com\/c\/INGEACUS\" target=\"_blank\" rel=\"noopener noreferrer\"><strong>Youtube INGEACUS<\/strong><\/a><\/p>\n<h4><strong>Libro de Actas (Proceedings): <\/strong><\/h4>\n<p><a href=\"https:\/\/www.researchgate.net\/publication\/361430355_Proceedings_Congreso_Internacional_de_Acustica_y_Audio_Profesional_INGEACUS2020\"><strong>ResearchGate Proceedings<\/strong><\/a><\/p>\n<p><strong><a href=\"https:\/\/issuu.com\/acusticauach\/docs\/proceedingscongresointernacionaldeacsticayaudiopro\" target=\"_blank\" rel=\"noopener noreferrer\">ISSUU<\/a><\/strong><\/p>\n<div data-url=\"https:\/\/issuu.com\/acusticauach\/docs\/proceedingscongresointernacionaldeacsticayaudiopro\" style=\"width: 1200px; height: 776px;\" class=\"issuuembed\"><\/div>\n<p><script type=\"text\/javascript\" src=\"\/\/e.issuu.com\/embed.js\" async=\"true\"><\/script><\/p>\n<h4><strong>P\u00e1gina web y redes sociales:<\/strong><\/h4>\n<ul>\n<li><a href=\"http:\/\/www.ingeacus.cl\" target=\"_blank\" rel=\"noopener noreferrer\">ingeacus.cl<\/a><\/li>\n<li><a href=\"https:\/\/www.researchgate.net\/profile\/Ingeacus-Uach\" target=\"_blank\" rel=\"noopener noreferrer\">researchgate.net\/profile\/Ingeacus-Uach<\/a><\/li>\n<li><a href=\"http:\/\/www.instagram.com\/ingeacus.uach\" target=\"_blank\" rel=\"noopener noreferrer\">instagram.com\/ingeacus.uach<\/a><\/li>\n<li><a href=\"http:\/\/www.facebook.com\/ingeacusuach\" target=\"_blank\" rel=\"noopener noreferrer\">facebook.com\/ingeacusuach<\/a><\/li>\n<li><a href=\"http:\/\/www.twitter.com\/ingeacusuach\" target=\"_blank\" rel=\"noopener noreferrer\">twitter.com\/ingeacusuach<\/a><\/li>\n<\/ul>\n<div class=\"issuuembed issuu-isrendered\" style=\"width: 100%; height: 700px;\" data-configid=\"2439625\/61004261\"><\/div>\n","protected":false},"excerpt":{"rendered":"<p>INGEACUS 2020- X Edici\u00f3n del Congreso Internacional de Ac\u00fastica y Audio Profesional, INGEACUS 2020 La d\u00e9cima versi\u00f3n del Congreso Internacional de Ac\u00fastica y Audio Profesional INGEACUS se realiz\u00f3 en 2020 y se llev\u00f3 a cabo en los d\u00edas 17, 18, 19 y 20 de Noviembre. Por primera vez en la historia de INGEACUS, en contexto [&hellip;]<\/p>\n","protected":false},"author":2,"featured_media":15491,"parent":4506,"menu_order":0,"comment_status":"closed","ping_status":"closed","template":"","meta":{"footnotes":""},"class_list":["post-15473","page","type-page","status-publish","has-post-thumbnail","hentry"],"_links":{"self":[{"href":"https:\/\/www.acusticauach.cl\/index.php?rest_route=\/wp\/v2\/pages\/15473","targetHints":{"allow":["GET"]}}],"collection":[{"href":"https:\/\/www.acusticauach.cl\/index.php?rest_route=\/wp\/v2\/pages"}],"about":[{"href":"https:\/\/www.acusticauach.cl\/index.php?rest_route=\/wp\/v2\/types\/page"}],"author":[{"embeddable":true,"href":"https:\/\/www.acusticauach.cl\/index.php?rest_route=\/wp\/v2\/users\/2"}],"replies":[{"embeddable":true,"href":"https:\/\/www.acusticauach.cl\/index.php?rest_route=%2Fwp%2Fv2%2Fcomments&post=15473"}],"version-history":[{"count":0,"href":"https:\/\/www.acusticauach.cl\/index.php?rest_route=\/wp\/v2\/pages\/15473\/revisions"}],"up":[{"embeddable":true,"href":"https:\/\/www.acusticauach.cl\/index.php?rest_route=\/wp\/v2\/pages\/4506"}],"wp:featuredmedia":[{"embeddable":true,"href":"https:\/\/www.acusticauach.cl\/index.php?rest_route=\/wp\/v2\/media\/15491"}],"wp:attachment":[{"href":"https:\/\/www.acusticauach.cl\/index.php?rest_route=%2Fwp%2Fv2%2Fmedia&parent=15473"}],"curies":[{"name":"wp","href":"https:\/\/api.w.org\/{rel}","templated":true}]}}