{"id":11074,"date":"2019-04-11T11:13:15","date_gmt":"2019-04-11T15:13:15","guid":{"rendered":"http:\/\/www.acusticauach.cl\/?page_id=11074"},"modified":"2025-04-14T09:29:11","modified_gmt":"2025-04-14T13:29:11","slug":"continuacion-de-estudios-2","status":"publish","type":"page","link":"https:\/\/www.acusticauach.cl\/?page_id=11074","title":{"rendered":"Doble Titulaci\u00f3n Internacional"},"content":{"rendered":"<p><iframe title=\"Doble Titulaci\u00f3n UACh-UPV, Magister Acustica y Vibraciones - Master en Ingenier\u00eda Ac\u00fastica\" width=\"1200\" height=\"675\" src=\"https:\/\/www.youtube.com\/embed\/udjmFC84T6c?feature=oembed\" frameborder=\"0\" allow=\"accelerometer; autoplay; clipboard-write; encrypted-media; gyroscope; picture-in-picture; web-share\" referrerpolicy=\"strict-origin-when-cross-origin\" allowfullscreen><\/iframe><\/p>\n<h5><strong>Programa de Doble titulaci\u00f3n UPV &#8211; UACH<\/strong><\/h5>\n<p>El M\u00e1ster Universitario en Ingenier\u00eda Ac\u00fastica (MUIA) de la Universitat Polit\u00e8cnica de Val\u00e8ncia (UPV) (Espa\u00f1a) y el Mag\u00edster en Ac\u00fastica y Vibraciones (MAV) de la Universidad Austral de Chile (UACh) han suscrito un acuerdo de Doble Titulaci\u00f3n de Postgrado internacional que permitir\u00e1 obtener ambos t\u00edtulos.<\/p>\n<h5><strong>Programas complementarios<\/strong><\/h5>\n<p>Los programas formativos de ambos m\u00e1steres tienen contenidos compartidos, como son la ac\u00fastica de salas o la contaminaci\u00f3n ac\u00fastica. Pero, adem\u00e1s, tienen contenidos complementarios: el MAV ofrece formaci\u00f3n en vibroac\u00fastica y en m\u00e9todos matem\u00e1ticos en ingenier\u00eda que no se abordan en MIA; por su parte, el MIA ofrece formaci\u00f3n en ac\u00fastica submarina y en sistemas electroac\u00fasticos, que complementa los conocimientos del MAV. Los estudiantes podr\u00e1n realizar su tesis dirigidos por investigadores de primer nivel de ambos pa\u00edses.<\/p>\n<h5><strong>Estructura<\/strong><\/h5>\n<p><img decoding=\"async\" class=\"alignright wp-image-16926 size-medium\" src=\"https:\/\/www.acusticauach.cl\/wp-content\/uploads\/2025\/04\/MAV_ACREDITACION_5_AGNOS_2025-1-227x300.jpg\" alt=\"\" width=\"227\" height=\"300\" srcset=\"https:\/\/www.acusticauach.cl\/wp-content\/uploads\/2025\/04\/MAV_ACREDITACION_5_AGNOS_2025-1-227x300.jpg 227w, https:\/\/www.acusticauach.cl\/wp-content\/uploads\/2025\/04\/MAV_ACREDITACION_5_AGNOS_2025-1-95x125.jpg 95w, https:\/\/www.acusticauach.cl\/wp-content\/uploads\/2025\/04\/MAV_ACREDITACION_5_AGNOS_2025-1-57x75.jpg 57w, https:\/\/www.acusticauach.cl\/wp-content\/uploads\/2025\/04\/MAV_ACREDITACION_5_AGNOS_2025-1.jpg 400w\" sizes=\"(max-width: 227px) 100vw, 227px\" \/>El programa de Doble Titulaci\u00f3n Internacional de Mag\u00edster en Ac\u00fastica y Vibraciones (MAV) de la Universidad Austral de Chile (UACH) y M\u00e1ster Universitario en Ingenier\u00eda Ac\u00fastica (MUIA) de la Universitat Polit\u00e8cnica de Val\u00e8ncia (Espa\u00f1a), tiene una duraci\u00f3n de tres semestres (A, B y C).<\/p>\n<p>Existen <strong>dos itinerarios de estudios equivalentes<\/strong>, seg\u00fan la universidad de ingreso del estudiante. El estudiante debe pagar los costos del programa en la universidad de origen. Al finalizar, el estudiante obtendr\u00e1 los dos t\u00edtulos, uno de cada universidad.<\/p>\n<p><strong>Estudiantes que ingresan a la UACh (Semestre A) y contin\u00faan en la UPV (Semestre B):<\/strong><br \/>\n&#8211; Semestre A (agosto-diciembre) en la Universidad Austral de Chile (Valdivia). Total: 26 ECTS<br \/>\n&#8211; Semestre B (febrero-junio) en la Universidad Polit\u00e9cnica de Valencia (Gand\u00eda). Total: 31,5 ECTS<br \/>\n&#8211; Semestre C (agosto-diciembre) en Valdivia o Gand\u00eda. Total: 20 ECTS<\/p>\n<p><strong>Estudiantes que ingresan a la UPV (Semestre A) y contin\u00faan en la UACH (Semestre B)<\/strong><br \/>\n(Semestre B) &#8211; Semestre A (septiembre-febrero) en la Universidad Polit\u00e9cnica de Valencia (Gand\u00eda) Total A: 30,5 ECTS<br \/>\n&#8211; Semestre B (marzo-julio) en la Universidad Austral de Chile (Valdivia) Total B: 28 ECTS<br \/>\n&#8211; Semestre C (agosto-diciembre en Valdivia o Gand\u00eda. Total C: 20 ECTS<\/p>\n<p><strong><a href=\"https:\/\/www.acusticauach.cl\/wp-content\/uploads\/2019\/04\/ITINERARIOS_DOBLE_TITULACION_MIA-MAV.pdf\" target=\"_blank\" rel=\"noopener noreferrer\">ITINERARIOS_DOBLE_TITULACION_MIA-MAV<\/a><\/strong><\/p>\n<p>Informaci\u00f3n del\u00a0M\u00e1ster Universitario en Ingenier\u00eda Ac\u00fastica de la UPV se encuentra en\u00a0<a href=\"https:\/\/www.upv.es\/titulaciones\/MUIA\/\" target=\"_blank\" rel=\"noopener noreferrer\">https:\/\/www.upv.es\/titulaciones\/MUIA\/<\/a><\/p>\n<p><strong>Para mayor informaci\u00f3n contactar al\u00a0Director del Mag\u00edster en Ac\u00fastica y Vibraciones (MAV) ,\u00a0<a href=\"https:\/\/www.acusticauach.cl\/?page_id=144\">Dr. Jorge P. Arenas.<\/a><\/strong><\/p>\n<h5><strong>Estudiar en la Universidad Austral<\/strong><\/h5>\n<p>M\u00e1s informaci\u00f3n en\u00a0 <a href=\"https:\/\/www.uach.cl\/internacional\/principal\/movilidad\" target=\"_blank\" rel=\"noopener noreferrer\">https:\/\/www.uach.cl\/internacional\/principal\/movilidad<\/a><\/p>\n<h5><strong>Estudiar en Chile<\/strong><\/h5>\n<p>Informaci\u00f3n sobre datos de estudiar en Chile visitar Learn Chile (<a href=\"https:\/\/www.learnchile.cl\/\" target=\"_blank\" rel=\"noopener noreferrer\">https:\/\/www.learnchile.cl\/<\/a>)<\/p>\n<p><iframe title=\"Estudia en Chile - Learn Chile\" width=\"1200\" height=\"675\" src=\"https:\/\/www.youtube.com\/embed\/Kg-GAAD2caw?feature=oembed\" frameborder=\"0\" allow=\"accelerometer; autoplay; clipboard-write; encrypted-media; gyroscope; picture-in-picture; web-share\" referrerpolicy=\"strict-origin-when-cross-origin\" allowfullscreen><\/iframe><\/p>\n","protected":false},"excerpt":{"rendered":"<p>Programa de Doble titulaci\u00f3n UPV &#8211; UACH El M\u00e1ster Universitario en Ingenier\u00eda Ac\u00fastica (MUIA) de la Universitat Polit\u00e8cnica de Val\u00e8ncia (UPV) (Espa\u00f1a) y el Mag\u00edster en Ac\u00fastica y Vibraciones (MAV) de la Universidad Austral de Chile (UACh) han suscrito un acuerdo de Doble Titulaci\u00f3n de Postgrado internacional que permitir\u00e1 obtener ambos t\u00edtulos. Programas complementarios Los [&hellip;]<\/p>\n","protected":false},"author":2,"featured_media":11698,"parent":5913,"menu_order":0,"comment_status":"closed","ping_status":"closed","template":"","meta":{"footnotes":""},"class_list":["post-11074","page","type-page","status-publish","has-post-thumbnail","hentry"],"_links":{"self":[{"href":"https:\/\/www.acusticauach.cl\/index.php?rest_route=\/wp\/v2\/pages\/11074","targetHints":{"allow":["GET"]}}],"collection":[{"href":"https:\/\/www.acusticauach.cl\/index.php?rest_route=\/wp\/v2\/pages"}],"about":[{"href":"https:\/\/www.acusticauach.cl\/index.php?rest_route=\/wp\/v2\/types\/page"}],"author":[{"embeddable":true,"href":"https:\/\/www.acusticauach.cl\/index.php?rest_route=\/wp\/v2\/users\/2"}],"replies":[{"embeddable":true,"href":"https:\/\/www.acusticauach.cl\/index.php?rest_route=%2Fwp%2Fv2%2Fcomments&post=11074"}],"version-history":[{"count":2,"href":"https:\/\/www.acusticauach.cl\/index.php?rest_route=\/wp\/v2\/pages\/11074\/revisions"}],"predecessor-version":[{"id":16972,"href":"https:\/\/www.acusticauach.cl\/index.php?rest_route=\/wp\/v2\/pages\/11074\/revisions\/16972"}],"up":[{"embeddable":true,"href":"https:\/\/www.acusticauach.cl\/index.php?rest_route=\/wp\/v2\/pages\/5913"}],"wp:featuredmedia":[{"embeddable":true,"href":"https:\/\/www.acusticauach.cl\/index.php?rest_route=\/wp\/v2\/media\/11698"}],"wp:attachment":[{"href":"https:\/\/www.acusticauach.cl\/index.php?rest_route=%2Fwp%2Fv2%2Fmedia&parent=11074"}],"curies":[{"name":"wp","href":"https:\/\/api.w.org\/{rel}","templated":true}]}}