{"id":10336,"date":"2018-08-23T14:05:07","date_gmt":"2018-08-23T17:05:07","guid":{"rendered":"http:\/\/www.acusticauach.cl\/?page_id=10336"},"modified":"2021-06-29T19:47:17","modified_gmt":"2021-06-29T23:47:17","slug":"felipe-otondo","status":"publish","type":"page","link":"https:\/\/www.acusticauach.cl\/?page_id=10336","title":{"rendered":"Andr\u00e9 Mestre"},"content":{"rendered":"<h2><img decoding=\"async\" class=\"wp-image-10337 size-full alignright\" src=\"https:\/\/www.acusticauach.cl\/wp-content\/uploads\/2018\/08\/Andre_Mestre_300x200color.jpg\" alt=\"\" width=\"200\" height=\"300\" \/>T\u00edtulos y Grados<\/h2>\n<p>Bachiller en M\u00fasica, Universidad Estatal de Campinas (Brasil).<br \/>\nMag\u00edster en M\u00fasica (Composici\u00f3n), Universidad de Alberta (Canad\u00e1).<br \/>\nDoctor en Artes Musicales (Composici\u00f3n), Universidad de Boston (Estados Unidos).<\/p>\n<p>Andr\u00e9 R. Mestre naci\u00f3 en 1986 en la ciudad de Sorocaba, Brasil. Radicado en Chile desde 2018, trabaja como compositor, artista sonoro y acad\u00e9mico de la Universidad Austral. Sus trabajos art\u00edsticos son normalmente dise\u00f1ados para peque\u00f1as formaciones instrumentales aumentadas a trav\u00e9s de medios electr\u00f3nicos. Entre los principales temas que emergen de su trabajo est\u00e1n la intimidad de las situaciones perform\u00e1ticas, la intertextualidad contempor\u00e1nea y la tensi\u00f3n entre cuerpos concretos y virtuales. En el campo acad\u00e9mico, estas preocupaciones se desdoblan en un inter\u00e9s por desarrollar sistemas de instalaci\u00f3n y live-electronics, en reflexiones en el campo de la semi\u00f3tica Peirceana y en repensar la pedagog\u00eda art\u00edstica en contextos interdisciplinarios.<\/p>\n<p>Sus trabajos aparecen regularmente en festivales dedicados a la m\u00fasica contempor\u00e1nea tales como Composit (Italia, 2017), Wellesley Composers Conference (Estados Unidos, 2016), Beijing Modern (China, 2015), Campos do Jord\u00e3o (Brasil, 2015), Sounstreams (Canad\u00e1, 2014), SALT (Canad\u00e1, 2013) y soundSCAPE (Italia, 2012 y 2010). Andr\u00e9 tambi\u00e9n realiz\u00f3 residencias art\u00edsticas en el Banff Centre for the Arts y la Avaloch Farm (2013 y 2017 respectivamente). Ha colaborado con int\u00e9rpretes de renombre internacional, particularmente la saxofonista norteamericana Allison Balcetis y el flautista taiwan\u00e9s Cheng-Yu Wu.<\/p>\n<p>Como investigador, apareci\u00f3 como panelista en la conferencia Art for Social Inclusion en la Universidad de Harvard en 2015 y en la Universidad de Massachusetts en 2016; tambi\u00e9n integr\u00f3 un panel sobre educaci\u00f3n en la conferencia rezada por la Alliance for the Arts in Research Universities en 2016, en la Universidad de Denver. Ha recibido el premio Cultural Diversity in the Arts Award, promovido por la ciudad de Edmonton (Canad\u00e1) y es cofundador del Curto-Circuito de M\u00fasica Contempor\u00e3nea &#8211; un programa art\u00edstico pedag\u00f3gico dedicado a promover la m\u00fasica de j\u00f3venes compositores brasile\u00f1os. Recibi\u00f3 su doctorado en 2018 de la Universidad de Boston, en los Estados Unidos, a trav\u00e9s de una beca CAPES.<\/p>\n<p>M\u00e1s informaci\u00f3n en: <a href=\"http:\/\/www.AndreMestre.info\/\" target=\"_blank\" rel=\"noopener noreferrer\">http:\/\/www.AndreMestre.info\/<\/a><\/p>\n<h2><strong>Contacto:<\/strong><\/h2>\n<ul>\n<li>Instituto de Ac\u00fastica<\/li>\n<li>Facultad de Ciencias de la Ingenier\u00eda<\/li>\n<li>Universidad Austral de Chile<\/li>\n<li>Edificio 6000, Campus Miraflores, Casilla 567, Valdivia, Chile<\/li>\n<li>Fax: (56 63) 2221013<\/li>\n<li>Fono: (56 63) 2221240<\/li>\n<li>Email: andre.rabello[at]uach[dot]cl<\/li>\n<\/ul>\n<p><strong>Actualizado el 02.12.2019.<\/strong><\/p>\n<div class=\"shortcode-accordion\"><h3 class=\"accordion-item-title\">Formaci\u00f3n acad\u00e9mica y perfeccionamiento<\/h3><div class=\"accordion-item-content accordion-hide\"><h5><strong>1) Mi educaci\u00f3n universitaria es la siguiente:<\/strong><\/h5>\n<ul>\n<li>2018 Universidad de Boston (Estados Unidos), DMA (Composici\u00f3n).<\/li>\n<li>2013 Universidad de Alberta (Canada), Magister en M\u00fasica (Composici\u00f3n).<\/li>\n<li>2010 Universidad Estatal de Campinas (Brasil), Bachiller en M\u00fasica.<\/li>\n<\/ul>\n<h5><strong>2) Mi formaci\u00f3n y posiciones acad\u00e9micas han sido:<\/strong><\/h5>\n<ul>\n<li>P2018- Profesor Auxiliar (Categor\u00eda III), Instituto de Ac\u00fastica, Universidad Austral de Chile.<\/li>\n<li>2014-18 Profesor Ayudante, Escuela de Bellas Artes, Universidad de Boston.<\/li>\n<li>2011-13 Profesor Ayudante, Departamento de M\u00fasica, Universidad de Alberta.<\/li>\n<\/ul>\n<h5><strong>3) Becas recibidas para perfeccionamiento:<\/strong><\/h5>\n<ul>\n<li>2015-18 Beca de Doctorado. Coordena\u00e7\u00e3o de Aperfei\u00e7oamento de Pessoal de N\u00edvel Superior &#8211; CAPES. Brasil.<\/li>\n<li>2014-17 Beca Dean\u2019s Scholarship. Escuela de Bellas Artes, Universidad de Boston. Estados Unidos.<\/li>\n<li>2017 Fondo BU Arts Initiative. Proyecto de Orquestra de Laptops. Estados Unidos.<\/li>\n<li>2013 Beca Ivy Thomsom and William Thomsom Scholarship. Universidad de Alberta. Canada.<\/li>\n<li>2012; 2013 Beca Violet Archer Graduate Scholarship in Composition. Universidad de Alberta. Canada.<\/li>\n<li>2012 Beca Pamela Farmer Graduate Scholarship in Music. Universidad de Alberta. Canada.<\/li>\n<\/ul><\/div>\n<h3 class=\"accordion-item-title\">Investigaci\u00f3n<\/h3><div class=\"accordion-item-content accordion-hide\"><p>Mis \u00e1reas de inter\u00e9s en investigaci\u00f3n son:<\/p>\n<ol>\n<li>Sonido creativo &#8211; tanto en el campo te\u00f3rico (mediante la investigaci\u00f3n est\u00e9tica y formal) como en el campo aplicado, con desdoblamientos en la m\u00fasica de concierto y arte sonoro;<\/li>\n<li>Nuevas interfaces para la expresi\u00f3n musical \u2013 creaci\u00f3n de instrumentos y instalaciones.<\/li>\n<li>Live-electronics y desarrollo de aplicaciones musicales en graphical data-flow programming environments como Max-MSP y PureData<\/li>\n<\/ol><\/div>\n<h3 class=\"accordion-item-title\">Asignaturas de Pregrado<\/h3><div class=\"accordion-item-content accordion-hide\"><ol>\n<li>ACUS080 \u2013 Lenguaje y Entrenamiento Auditivo Musical B\u00e1sico.<\/li>\n<li>ACUS088 \u2013 Lenguaje y Entrenamiento Auditivo Musical.<\/li>\n<li>ACUS090 \u2013 Taller de Sonido Creativo.<\/li>\n<li>ACUS097 \u2013 Introducci\u00f3n a la Armon\u00eda Tradicional y Moderna.<\/li>\n<li>ACUS195 \u2013 Estrategias de An\u00e1lisis Musical.<\/li>\n<\/ol><\/div>\n<h3 class=\"accordion-item-title\">Publicaciones<\/h3><div class=\"accordion-item-content accordion-hide\"><ul>\n<li>Rabello-Mestre, A. and Otondo, F. \u00abCreative Dispositions: Teaching for Creativity in Engineering Education\u00bb, International Journal of Engineering Education 37 (4), 915\u2013924 (2021).<\/li>\n<li>Rabello-Mestre, A., N\u00fa\u00f1ez-Pacheco, C., and Carrasco, M. \u00abFinding Art and the Art of Finding: O Que Vos Nunca Cuidei a Dizer\u00bb, Leonardo 54 (2): 242\u2013246 (2021). [<a href=\"https:\/\/doi.org\/10.1162\/leon_a_01965\" target=\"_blank\" rel=\"noopener noreferrer\">https:\/\/doi.org\/10.1162\/leon_a_01965<\/a>]<\/li>\n<li>2018 Rabello Mestre, A. A Negative of Knowledge. Doctorate Dissertation, Boston University.<\/li>\n<\/ul><\/div>\n<h3 class=\"accordion-item-title\">Discograf\u00eda<\/h3><div class=\"accordion-item-content accordion-hide\"><div>\n<div>Rabello Mestre, A. A Negative of Knowledge. Release: Aug 15, 2019.<\/div>\n<\/div>\n<div>\n<div><a id=\"LPlnk906385\" href=\"https:\/\/open.spotify.com\/album\/5CrpTXjvNPLJ2INut6Kkpa\" target=\"_blank\" rel=\"noopener noreferrer\" data-auth=\"NotApplicable\">https:\/\/open.spotify.com\/album\/5CrpTXjvNPLJ2INut6Kkpa<\/a><\/div>\n<\/div>\n<div>\n<div><\/div>\n<\/div>\n<div>Wu, Cheng-Yu. Parallaxis. Released: Aug 14, 2018.<\/div>\n<div><a id=\"LPlnk513792\" href=\"https:\/\/itunes.apple.com\/album\/id1432076031\" target=\"_blank\" rel=\"noopener noreferrer\" data-auth=\"NotApplicable\">https:\/\/itunes.apple.com\/album\/id1432076031<\/a><\/div>\n<p><iframe title=\"Spotify Embed: Parallaxis\" width=\"300\" height=\"380\" allowtransparency=\"true\" frameborder=\"0\" allow=\"encrypted-media\" src=\"https:\/\/open.spotify.com\/embed\/album\/0ASt2cF2jMtdEd4c8XX0g0\"><\/iframe><\/p><\/div>\n<h3 class=\"accordion-item-title\">Charlas y Congresos<\/h3><div class=\"accordion-item-content accordion-hide\"><ul>\n<li>2019 \u201cInterfaces Incorporadas para la Expresi\u00f3n Musical &#8211; N\u00facleo Transdisciplinario de Tecnolog\u00eda y Arte Sonoro\u201d. Jornada InnovING:2030 de Investigaci\u00f3n I+D. Universidad Austral de Chile. Valdivia, Chile.<\/li>\n<li>2016 2da Conferencia de Artes para la Inclusi\u00f3n Social. Presentador y Panelista. Universidad de Massachusetts, Boston-MA, Estados Unidos<\/li>\n<li>2016 A2ru &#8211; Alliance for the Arts in Research Universities. Panelista. \u201cPreparando a los futuros profesores para nuevos roles en artes y humanidades\u201d. Universidad de Colorado \u2013 Denver-CO, Estados Unidos<\/li>\n<li>2015 1era Conferencia de Artes para la Inclusi\u00f3n Social Presentador y Panelista. Universidad Harvard \u2013 Boston-MA, Estados Unidos<\/li>\n<li>2015 \u201cTranshumanismo \u2013 Respuestas de un Arte Desencantada\u201d. Charla. Escuela de Comunicaci\u00f3n, Universidad de Sorocaba. Brasil.<\/li>\n<li>2014 \u201cMi Material Musical \u2013 Su Proceso y Forma\u201d. Charla. Escuela de Comunicaci\u00f3n y Artes, Universidad de S\u00e3o Paulo. Brasil.<\/li>\n<\/ul><\/div>\n<h3 class=\"accordion-item-title\">Convenios de investigaci\u00f3n<\/h3><div class=\"accordion-item-content accordion-hide\"><ul>\n<li>2018-19 N\u00facleo Transdisciplinar de Tecnolog\u00eda y Arte Sonoro. Investigador Responsable. Universidad Austral de Chile.\u00a0Apoyo InnovING:2030.<\/li>\n<li>2017- Laboratorio Multidisciplinario de Libre Improvisaci\u00f3n, Creatividad y Cognici\u00f3n Musical. Manuel Falleiros, coordinador. Universidad Estatal de Campinas.<\/li>\n<\/ul><\/div>\n<h3 class=\"accordion-item-title\">Trabajos Art\u00edsticos Seleccionados<\/h3><div class=\"accordion-item-content accordion-hide\"><ul>\n<li>2019 O Que Vos Nunca Cuidei a Dizer. Media: Performer, interfaz con transductores y electronics. Duraci\u00f3n: 20\u2019. Estrenada en el Bendigo International Festival of Exploratory Music (BIFEM), Australia.<\/li>\n<li>2018 A Negative of knowledge. Media: dos clarinetes y electronics. Duraci\u00f3n: 17\u2019. Estrenada en la Marsh Chapel en Boston, Estados Unidos.<\/li>\n<li>2017 Artefato. Media: instalaci\u00f3n interactiva. En colaboraci\u00f3n con Alex Ness. Instalada en la Rieti Sotteranea en Rieti, Italia.<\/li>\n<li>2017 LOVESONG. Media: flauta y electronics. Duraci\u00f3n: 10\u2019. Estrenada en la Marsh Chapel en Boston, Estados Unidos.<\/li>\n<li>2016 Vig\u00edlia. Media: ensemble largo. Duraci\u00f3n: 10\u2019. Estrenada en el Wellesley College en Wellesley, Estados Unidos.<\/li>\n<li>2015 Corpo Confesso. Media: cuarteto de cordas. Duraci\u00f3n: 8\u2019. Estrenada en el Tsai Performance Center en Boston, Estados Unidos.<\/li>\n<li>2013 The Sorrowful Mysteries. Media: saxophone. Duraci\u00f3n: var. Estrenada en el Rolston Hall, Banff Centre for the Arts, Canada.<\/li>\n<\/ul>\n<p><strong>Acceso a las partituras: <a href=\"http:\/\/andremestre.info\/catalogue\/\" target=\"_blank\" rel=\"noopener noreferrer\">http:\/\/andremestre.info\/catalogue\/<\/a><\/strong><\/p><\/div>\n<h3 class=\"accordion-item-title\">Talleres y Festivales<\/h3><div class=\"accordion-item-content accordion-hide\"><ul>\n<li>2019 Bendigo International Festival of Exploratory Music (BIFEM). Bendigo, Australia.<\/li>\n<li>2019 5\u00ba Festival de M\u00fasica Electroacustica \u2013 Pontificia Universidad Cat\u00f3lica. Santiafo, Chile.<\/li>\n<li>2017 Composit Festival \u2013 Programa de Sonido Aumentado. Italia.<\/li>\n<li>2016 Wellesley Composers Conference. Wellesley-MA, Estados Unidos.<\/li>\n<li>2016 Taller IRCAM &#8211; Institut de Recherche et Coordination Acoustique\/Musique. Estados Unidos.<\/li>\n<li>2015-16 Arts Connect International Rising Artist Program. Artista L\u00edder. Estados Unidos.<\/li>\n<li>2015 Beijing Modern Music Festival. China.<\/li>\n<li>2015 Festival de Invierno Campos do Jord\u00e3o. Brasil.<\/li>\n<li>2014 Soundstreams Emmerging Composer Workshop. Canad\u00e1.<\/li>\n<li>2013 Banff Centre for the Arts. Artista residente. Canad\u00e1.<\/li>\n<li>2013 Festival y Simposio de la Nueva M\u00fasica SALT. Universidad de Victoria. Canad\u00e1.<\/li>\n<li>2013 Array Emmerging Composers Workshop. Array Music. Canad\u00e1.<\/li>\n<li>2012 soundSCAPE Festival. Italia.<\/li>\n<li>2012 Contemporary Music Workshop, Canadian New Music Network. Canad\u00e1.<\/li>\n<li>2008 Academia de Invierno Brasil-Francia. Universidad Estatal de Campinas. Brasil.<\/li>\n<\/ul><\/div> <\/div>\n<p><a href=\"https:\/\/www.acusticauach.cl\/?page_id=139\">Profesores de Ac\u00fastica<\/a><\/p>\n","protected":false},"excerpt":{"rendered":"<p>T\u00edtulos y Grados Bachiller en M\u00fasica, Universidad Estatal de Campinas (Brasil). Mag\u00edster en M\u00fasica (Composici\u00f3n), Universidad de Alberta (Canad\u00e1). Doctor en Artes Musicales (Composici\u00f3n), Universidad de Boston (Estados Unidos). Andr\u00e9 R. Mestre naci\u00f3 en 1986 en la ciudad de Sorocaba, Brasil. Radicado en Chile desde 2018, trabaja como compositor, artista sonoro y acad\u00e9mico de la [&hellip;]<\/p>\n","protected":false},"author":2,"featured_media":0,"parent":139,"menu_order":0,"comment_status":"closed","ping_status":"closed","template":"","meta":{"footnotes":""},"class_list":["post-10336","page","type-page","status-publish","hentry"],"_links":{"self":[{"href":"https:\/\/www.acusticauach.cl\/index.php?rest_route=\/wp\/v2\/pages\/10336","targetHints":{"allow":["GET"]}}],"collection":[{"href":"https:\/\/www.acusticauach.cl\/index.php?rest_route=\/wp\/v2\/pages"}],"about":[{"href":"https:\/\/www.acusticauach.cl\/index.php?rest_route=\/wp\/v2\/types\/page"}],"author":[{"embeddable":true,"href":"https:\/\/www.acusticauach.cl\/index.php?rest_route=\/wp\/v2\/users\/2"}],"replies":[{"embeddable":true,"href":"https:\/\/www.acusticauach.cl\/index.php?rest_route=%2Fwp%2Fv2%2Fcomments&post=10336"}],"version-history":[{"count":0,"href":"https:\/\/www.acusticauach.cl\/index.php?rest_route=\/wp\/v2\/pages\/10336\/revisions"}],"up":[{"embeddable":true,"href":"https:\/\/www.acusticauach.cl\/index.php?rest_route=\/wp\/v2\/pages\/139"}],"wp:attachment":[{"href":"https:\/\/www.acusticauach.cl\/index.php?rest_route=%2Fwp%2Fv2%2Fmedia&parent=10336"}],"curies":[{"name":"wp","href":"https:\/\/api.w.org\/{rel}","templated":true}]}}