{"id":101,"date":"2012-08-31T19:27:36","date_gmt":"2012-08-31T23:27:36","guid":{"rendered":"http:\/\/190.114.255.83\/~acustic1\/?page_id=101"},"modified":"2019-10-25T09:43:00","modified_gmt":"2019-10-25T12:43:00","slug":"historia","status":"publish","type":"page","link":"https:\/\/www.acusticauach.cl\/?page_id=101","title":{"rendered":"Historia"},"content":{"rendered":"<h5><strong>Creaci\u00f3n de la Escuela en 1967<\/strong><\/h5>\n<p>La motivaci\u00f3n inicial por la creaci\u00f3n de una carrera de car\u00e1cter musical tecnol\u00f3gico surge de parte del Profesor Sr. Siegfried Erber W. A su regreso de Alemania, el a\u00f1o 1965. En esa oportunidad realiz\u00f3 estudios de m\u00fasica electr\u00f3nica en el Instituto de M\u00fasica Experimental de Berl\u00edn.<\/p>\n<p><img decoding=\"async\" class=\"alignright size-full wp-image-1173\" src=\"https:\/\/www.acusticauach.cl\/wp-content\/uploads\/2012\/08\/Siegfried-Erber-Foto-Historica.jpg\" alt=\"Siegfried Erber (Foto Historica)\" width=\"800\" height=\"314\" srcset=\"https:\/\/www.acusticauach.cl\/wp-content\/uploads\/2012\/08\/Siegfried-Erber-Foto-Historica.jpg 800w, https:\/\/www.acusticauach.cl\/wp-content\/uploads\/2012\/08\/Siegfried-Erber-Foto-Historica-300x117.jpg 300w, https:\/\/www.acusticauach.cl\/wp-content\/uploads\/2012\/08\/Siegfried-Erber-Foto-Historica-150x59.jpg 150w, https:\/\/www.acusticauach.cl\/wp-content\/uploads\/2012\/08\/Siegfried-Erber-Foto-Historica-700x274.jpg 700w, https:\/\/www.acusticauach.cl\/wp-content\/uploads\/2012\/08\/Siegfried-Erber-Foto-Historica-500x196.jpg 500w\" sizes=\"(max-width: 800px) 100vw, 800px\" \/>El 19 de diciembre de 1966, se crea en el Departamento de F\u00edsica y Matem\u00e1ticas una Secci\u00f3n Electr\u00f3nica con posibles proyecciones hacia un Departamento de Radiotelefon\u00eda y Televisi\u00f3n. El objetivo fue poner en marcha en 1967 el primer curso de T\u00e9cnicos del Sonido que tendr\u00eda una duraci\u00f3n de tres a\u00f1os. La descripci\u00f3n de la carrera informaba: \u201c\u00danica en el pa\u00eds, la Escuela de T\u00e9cnicos del Sonido se propone formar profesionales que asesoren, t\u00e9cnica y ac\u00fasticamente, a radio-emisoras, cines, teatros, televisi\u00f3n e industria fonot\u00e9cnica. La carrera es de tres a\u00f1os de duraci\u00f3n y ser\u00e1 sostenida por tres Facultades: la de Ciencias Naturales y Matem\u00e1ticas, la de Filosof\u00eda y Letras y la de Bellas Artes, que son las implicadas en el plan de estudios. Se espera la colaboraci\u00f3n activa, a trav\u00e9s de un convenio, de la Universidad T\u00e9cnica del Estado\u201d (<a href=\"https:\/\/www.acusticauach.cl\/wp-content\/uploads\/2012\/10\/Decreto-608-1966.pdf\">Decreto 608-1966<\/a>).<\/p>\n<p><img decoding=\"async\" class=\"alignright wp-image-1335\" src=\"https:\/\/www.acusticauach.cl\/wp-content\/uploads\/2012\/08\/Primeros-Ingenieros.jpg\" alt=\"Primeros Ingenieros\" width=\"490\" height=\"300\" srcset=\"https:\/\/www.acusticauach.cl\/wp-content\/uploads\/2012\/08\/Primeros-Ingenieros.jpg 700w, https:\/\/www.acusticauach.cl\/wp-content\/uploads\/2012\/08\/Primeros-Ingenieros-300x183.jpg 300w, https:\/\/www.acusticauach.cl\/wp-content\/uploads\/2012\/08\/Primeros-Ingenieros-500x305.jpg 500w\" sizes=\"(max-width: 490px) 100vw, 490px\" \/><\/p>\n<p>Sin embargo, la especialidad de T\u00e9cnico en Sonido cambi\u00f3 a Ingeniero en Ejecuci\u00f3n en Sonido, con duraci\u00f3n de cuatro a\u00f1os. No alcanz\u00f3 a egresar ni titularse ning\u00fan T\u00e9cnico en Sonido del proyecto inicial. Los primeros egresados de la Escuela salieron de la carrera de Ingenier\u00eda de Ejecuci\u00f3n en Sonido.\u00a0Es as\u00ed como en 1974 se cambia el programa de la carrera, integrando a la preparaci\u00f3n del alumnado en el desempe\u00f1o eficaz de sistemas de grabaci\u00f3n, la posibilidad de comprender otras \u00e1reas donde estuviese involucrada la Ac\u00fastica.<\/p>\n<h5 style=\"text-align: left;\"><strong><a title=\"Nuestra Historia\" href=\"https:\/\/www.acusticauach.cl\/?page_id=1327\">Leer m\u00e1s de la historia de la Escuela y sus carreras<\/a><\/strong><\/h5>\n<h5 style=\"text-align: left;\"><strong><a href=\"https:\/\/www.acusticauach.cl\/?p=9357\">Leer sobre celebraci\u00f3n de 50 a\u00f1os de la carrera (2017)<\/a><\/strong><\/h5>\n","protected":false},"excerpt":{"rendered":"<p>Creaci\u00f3n de la Escuela en 1967 La motivaci\u00f3n inicial por la creaci\u00f3n de una carrera de car\u00e1cter musical tecnol\u00f3gico surge de parte del Profesor Sr. Siegfried Erber W. A su regreso de Alemania, el a\u00f1o 1965. En esa oportunidad realiz\u00f3 estudios de m\u00fasica electr\u00f3nica en el Instituto de M\u00fasica Experimental de Berl\u00edn. El 19 de [&hellip;]<\/p>\n","protected":false},"author":1,"featured_media":0,"parent":63,"menu_order":0,"comment_status":"closed","ping_status":"closed","template":"","meta":{"footnotes":""},"class_list":["post-101","page","type-page","status-publish","hentry"],"_links":{"self":[{"href":"https:\/\/www.acusticauach.cl\/index.php?rest_route=\/wp\/v2\/pages\/101","targetHints":{"allow":["GET"]}}],"collection":[{"href":"https:\/\/www.acusticauach.cl\/index.php?rest_route=\/wp\/v2\/pages"}],"about":[{"href":"https:\/\/www.acusticauach.cl\/index.php?rest_route=\/wp\/v2\/types\/page"}],"author":[{"embeddable":true,"href":"https:\/\/www.acusticauach.cl\/index.php?rest_route=\/wp\/v2\/users\/1"}],"replies":[{"embeddable":true,"href":"https:\/\/www.acusticauach.cl\/index.php?rest_route=%2Fwp%2Fv2%2Fcomments&post=101"}],"version-history":[{"count":0,"href":"https:\/\/www.acusticauach.cl\/index.php?rest_route=\/wp\/v2\/pages\/101\/revisions"}],"up":[{"embeddable":true,"href":"https:\/\/www.acusticauach.cl\/index.php?rest_route=\/wp\/v2\/pages\/63"}],"wp:attachment":[{"href":"https:\/\/www.acusticauach.cl\/index.php?rest_route=%2Fwp%2Fv2%2Fmedia&parent=101"}],"curies":[{"name":"wp","href":"https:\/\/api.w.org\/{rel}","templated":true}]}}